{"id":5296,"date":"2020-01-13T16:59:05","date_gmt":"2020-01-13T15:59:05","guid":{"rendered":"http:\/\/www.constructivealps.net\/?page_id=5296"},"modified":"2022-01-11T13:21:51","modified_gmt":"2022-01-11T12:21:51","slug":"participation","status":"publish","type":"page","link":"https:\/\/www.constructivealps.net\/fr\/participation\/","title":{"rendered":"Participation"},"content":{"rendered":"<p><div class=\"fusion-fullwidth fullwidth-box fusion-builder-row-1 fusion-parallax-none hundred-percent-fullwidth non-hundred-percent-height-scrolling fusion-equal-height-columns fusion-no-small-visibility fusion-no-medium-visibility\" style=\"background-color: rgba(255,255,255,0);background-image: url(&quot;http:\/\/www.constructivealps.net\/wp-content\/uploads\/2019\/10\/2017_CasaSocialeCaltroncMariano-Dallago-7.jpg&quot;);background-position: left top;background-repeat: no-repeat;padding-top:0%;padding-right:0%;padding-bottom:0%;padding-left:0%;margin-bottom: 0px;margin-top: 0px;border-width: 0px 0px 0px 0px;border-color:#eae9e9;border-style:solid;-webkit-background-size:cover;-moz-background-size:cover;-o-background-size:cover;background-size:cover;\" ><div class=\"fusion-builder-row fusion-row\"><div class=\"fusion-layout-column fusion_builder_column fusion-builder-column-0 fusion_builder_column_2_3 2_3 fusion-two-third fusion-column-first\" style=\"width:66.666666666667%;width:calc(66.666666666667% - ( ( 0% ) * 0.66666666666667 ) );margin-right: 0%;margin-top:0%;margin-bottom:0%;\"><div class=\"fusion-column-wrapper fusion-flex-column-wrapper-legacy\" style=\"background-image: url(&#039;http:\/\/www.constructivealps.net\/wp-content\/uploads\/2019\/10\/2017_AlpGliverscRalphFeiner-1.jpg&#039;);background-position:left top;background-blend-mode: overlay;background-repeat:no-repeat;-webkit-background-size:cover;-moz-background-size:cover;-o-background-size:cover;background-size:cover;background-color:rgba(255,255,255,0.6);padding: 3vh 4.5% 4.5% 4.5%;\" data-bg-url=\"http:\/\/www.constructivealps.net\/wp-content\/uploads\/2019\/10\/2017_AlpGliverscRalphFeiner-1.jpg\"><style type=\"text\/css\"><\/style><div class=\"fusion-title title fusion-title-1 fusion-sep-none fusion-title-center fusion-title-text fusion-title-size-one\" style=\"margin-top:0px;margin-right:0px;margin-bottom:31px;margin-left:0px;\"><h1 class=\"title-heading-center\" style=\"margin:0;color:#000000;\">Participation<\/h1><\/div><div class=\"fusion-builder-row fusion-builder-row-inner fusion-row\"><div class=\"fusion-layout-column fusion_builder_column_inner fusion-builder-nested-column-0 fusion_builder_column_inner_1_1 1_1 fusion-one-full fusion-column-first fusion-column-last fusion-column-no-min-height\" style=\"margin-top:0%;margin-bottom:0%;\"><div class=\"fusion-column-wrapper fusion-flex-column-wrapper-legacy\" style=\"background-position:left top;background-repeat:no-repeat;-webkit-background-size:cover;-moz-background-size:cover;-o-background-size:cover;background-size:cover;background-color:#ADADAD;padding: 2.5vh 3.75% 0.8vh 3.75%;\"><div class=\"fusion-text fusion-text-1\"><p><strong>La Conf\u00e9d\u00e9ration helv\u00e9tique et la principaut\u00e9 de Liechtenstein lancent pour la sixi\u00e8me fois Constructive Alps, un concours d\u2019architecture dot\u00e9 de 50 000 \u20ac qui r\u00e9compense la r\u00e9novation et la construction durables dans les Alpes. Le jury invite architectes et ma\u00eetres d\u2019ouvrage \u00e0 pr\u00e9senter des projets r\u00e9alis\u00e9s entre 2017 et 2021 qui contribuent \u00e0 la mise en \u0153uvre de l\u2019objectif climatique du \u00ab z\u00e9ro \u00e9mission nette \u00bb dans le <a href=\"https:\/\/www.atlas.alpconv.org\/maps\/new?layer=geonode:Alpine_Convention_Perimeter_2018_v2&amp;view=True&amp;layer=geonode:Alpine_Convention_Perimeter_2018_v2\" target=\"_blank\" rel=\"noopener\">p\u00e9rim\u00e8tre de la Convention alpine<\/a>.<\/strong><\/p>\n<p>Le concours s\u2019adresse \u00e0 des projets de r\u00e9novation, de transformation et de construction de b\u00e2timents de tous types : maisons d\u2019habitation, \u00e9difices publics, b\u00e2timents communaux, h\u00f4pitaux, lieux de culte, centrales \u00e9lectriques communales, gares ferroviaires et routi\u00e8res, b\u00e2timents agricoles, b\u00e2timents \u00e0 vocation touristique\u2026 La devise qui sous-tend le concours : pour prot\u00e9ger le climat, mieux vaut r\u00e9nover et revaloriser que d\u00e9molir. Dans sa sixi\u00e8me \u00e9dition, Constructive Alps accorde donc de nouveau une attention particuli\u00e8re aux r\u00e9novations.<\/p>\n<p><strong>Le <a href=\"https:\/\/www.constructivealps.net\/fr\/jury\/\">jury<\/a> \u00e9value les dossiers selon quatre crit\u00e8res, en tenant compte de l\u2019objectif du \u00ab z\u00e9ro \u00e9mission nette \u00bb.<\/strong><\/p>\n<p>\u2013 <strong>\u00c9cologie<\/strong> : en quoi le projet contribue-t-il au bon sens \u00e9cologique, \u00e0 la fois dans conception et son utilisation ? L\u2019\u00e9valuation prendra ici en compte des crit\u00e8res mesurables tels que les indicateurs \u00e9nerg\u00e9tiques, mais aussi l\u2019int\u00e9gration du b\u00e2timent dans son environnement et dans des syst\u00e8mes de mobilit\u00e9 durable.<\/p>\n<p>\u2013 <strong>\u00c9conomie<\/strong> : en quoi le projet contribue-t-il \u00e0 assurer un \u00e9quilibre raisonnable entre les co\u00fbts et les b\u00e9n\u00e9fices ? L\u2019\u00e9valuation tiendra aussi compte du r\u00f4le des mat\u00e9riaux et de la main d\u2019\u0153uvre r\u00e9gionaux dans la r\u00e9alisation du projet.<\/p>\n<p>\u2013 <strong>Soci\u00e9t\u00e9<\/strong> : en quoi le projet contribue-t-il \u00e0 la qualit\u00e9 de vie sur le lieu de vie et sur la plan\u00e8te ? Quelle forme d\u2019habitat permet d\u2019obtenir la meilleure qualit\u00e9 de vie possible en consommant le moins d\u2019espace possible ?<\/p>\n<p>\u2013 <strong>Architecture<\/strong> : en quoi le projet contribue-t-il \u00e0 l\u2019architecture?<\/p>\n<p>Le concours se d\u00e9roule en deux \u00e9tapes. Pour la premi\u00e8re \u00e9tape, le formulaire de soumission disponible sur le site constructivealps.net indique toutes les donn\u00e9es \u00e0 fournir. <strong>Votre candidature devra nous parvenir d\u2019ici le 21 janvier 2022 au plus tard.<\/strong> Pour la deuxi\u00e8me \u00e9tape du concours, le jury s\u00e9lectionnera 25 b\u00e2timents qu\u2019il visitera au printemps 2022. La remise des prix aura lieu d\u00e9but septembre 2022 en Suisse, dans le cadre de la semaine climatique de Brigue. Les meilleures id\u00e9es seront ensuite pr\u00e9sent\u00e9es dans les Alpes et au-del\u00e0, dans le cadre d\u2019\u00e9v\u00e9nements et d\u2019expositions itin\u00e9rantes \u00e0 la rencontre du public et dans toutes les occasions o\u00f9 il est question de l\u2019architecture.<\/p>\n<\/div><div class=\"fusion-aligncenter\"><style type=\"text\/css\">.fusion-button.button-1 {border-radius:2px;}<\/style><a class=\"fusion-button button-flat fusion-button-default-size button-default button-1 fusion-button-default-span fusion-button-default-type\" target=\"_self\" href=\"https:\/\/www.constructivealps.net\/fr\/soumission\/\"><span class=\"fusion-button-text\">Formulaire<\/span><\/a><\/div><div class=\"fusion-clearfix\"><\/div><\/div><\/div><\/div><div class=\"fusion-clearfix\"><\/div><\/div><\/div><div class=\"fusion-layout-column fusion_builder_column fusion-builder-column-1 fusion_builder_column_1_3 1_3 fusion-one-third fusion-column-last\" style=\"width:33.333333333333%;width:calc(33.333333333333% - ( ( 0% ) * 0.33333333333333 ) );margin-top:0%;margin-bottom:0%;\"><div class=\"fusion-column-wrapper fusion-flex-column-wrapper-legacy\" style=\"background-position:left top;background-repeat:no-repeat;-webkit-background-size:cover;-moz-background-size:cover;-o-background-size:cover;background-size:cover;background-color:#7eab52;padding: 3vh 9% 9% 9%;\"><div class=\"fusion-builder-row fusion-builder-row-inner fusion-row\"><div class=\"fusion-layout-column fusion_builder_column_inner fusion-builder-nested-column-1 fusion_builder_column_inner_1_1 1_1 fusion-one-full fusion-column-first fusion-column-last\" style=\"margin-top:50px;margin-bottom:20px;\"><div class=\"fusion-column-wrapper fusion-flex-column-wrapper-legacy\" style=\"background-position:left top;background-repeat:no-repeat;-webkit-background-size:cover;-moz-background-size:cover;-o-background-size:cover;background-size:cover;padding: 0px 0px 0px 0px;\"><style type=\"text\/css\"><\/style><div class=\"fusion-title title fusion-title-2 fusion-sep-none fusion-title-center fusion-title-text fusion-title-size-one\" style=\"margin-top:0px;margin-right:0px;margin-bottom:31px;margin-left:0px;\"><h1 class=\"title-heading-center\" style=\"margin:0;color:#000000;\">Crit\u00e8res<\/h1><\/div><style type=\"text\/css\">#accordion-5296-1 .fusion-panel:hover, #accordion-5296-1 .fusion-panel.hover{ background-color: #e4e4e4 } #accordion-5296-1 .fusion-panel { border-color:#919191; border-width:1px; background-color:#ffffff; }.fusion-accordian  #accordion-5296-1 .panel-title a .fa-fusion-box{ color: #ffffff;}.fusion-accordian  #accordion-5296-1 .panel-title a .fa-fusion-box:before{ font-size: 15px; width: 15px;}.fusion-accordian  #accordion-5296-1 .panel-title a{font-size:20px;}.fusion-accordian  #accordion-5296-1 .fa-fusion-box { background-color: #000000;border-color: #000000;}.fusion-accordian  #accordion-5296-1 .panel-title a:hover, #accordion-5296-1 .fusion-toggle-boxed-mode:hover .panel-title a { color: #7eab52;}.fusion-accordian  #accordion-5296-1 .panel-title .active .fa-fusion-box,.fusion-accordian  #accordion-5296-1 .panel-title a:hover .fa-fusion-box { background-color: #7eab52!important;border-color: #7eab52!important;}<\/style><div class=\"accordian fusion-accordian\"><div class=\"panel-group\" id=\"accordion-5296-1\"><div class=\"fusion-panel panel-default fusion-toggle-no-divider fusion-toggle-boxed-mode\"><div class=\"panel-heading\"><h4 class=\"panel-title toggle\"><a class=\"active\" aria-expanded=\"true\" aria-controls=\"90c27182efcc9ddba\" role=\"button\" data-toggle=\"collapse\" data-parent=\"#accordion-5296-1\" data-target=\"#90c27182efcc9ddba\" href=\"#90c27182efcc9ddba\"><span class=\"fusion-toggle-icon-wrapper\" aria-hidden=\"true\"><i class=\"fa-fusion-box\" aria-hidden=\"true\"><\/i><\/span><span class=\"fusion-toggle-heading\">B\u00e2timent<\/span><\/a><\/h4><\/div><div id=\"90c27182efcc9ddba\" class=\"panel-collapse collapse in\"><div class=\"panel-body toggle-content fusion-clearfix\">\nLe prix s\u2019est adress\u00e9 aux b\u00e2timents neufs, et plus particuli\u00e8rement aux r\u00e9novations.<\/div><\/div><\/div><div class=\"fusion-panel panel-default fusion-toggle-no-divider fusion-toggle-boxed-mode\"><div class=\"panel-heading\"><h4 class=\"panel-title toggle\"><a aria-expanded=\"false\" aria-controls=\"a01716aaa3c7440d7\" role=\"button\" data-toggle=\"collapse\" data-parent=\"#accordion-5296-1\" data-target=\"#a01716aaa3c7440d7\" href=\"#a01716aaa3c7440d7\"><span class=\"fusion-toggle-icon-wrapper\" aria-hidden=\"true\"><i class=\"fa-fusion-box\" aria-hidden=\"true\"><\/i><\/span><span class=\"fusion-toggle-heading\">Types de b\u00e2timents<\/span><\/a><\/h4><\/div><div id=\"a01716aaa3c7440d7\" class=\"panel-collapse collapse \"><div class=\"panel-body toggle-content fusion-clearfix\">\n<p>Tous les types de b\u00e2timents pouvaient \u00eatre soumis : b\u00e2timents priv\u00e9s et publics, habitations, commerciaux et industriels, b\u00e2timents sportifs et de loisirs, b\u00e2timents destin\u00e9s \u00e0 l\u2019approvisionnement, \u00e0 la collecte et au traitement.<\/p>\n<\/div><\/div><\/div><div class=\"fusion-panel panel-default fusion-toggle-no-divider fusion-toggle-boxed-mode\"><div class=\"panel-heading\"><h4 class=\"panel-title toggle\"><a aria-expanded=\"false\" aria-controls=\"d8e4f33df02dac189\" role=\"button\" data-toggle=\"collapse\" data-parent=\"#accordion-5296-1\" data-target=\"#d8e4f33df02dac189\" href=\"#d8e4f33df02dac189\"><span class=\"fusion-toggle-icon-wrapper\" aria-hidden=\"true\"><i class=\"fa-fusion-box\" aria-hidden=\"true\"><\/i><\/span><span class=\"fusion-toggle-heading\">P\u00e9rim\u00e8tre<\/span><\/a><\/h4><\/div><div id=\"d8e4f33df02dac189\" class=\"panel-collapse collapse \"><div class=\"panel-body toggle-content fusion-clearfix\">\n<p>Le b\u00e2timent est situ\u00e9 dans le p\u00e9rim\u00e8tre de la Convention alpine. (<a href=\"https:\/\/www.atlas.alpconv.org\/maps\/new?layer=geonode:Alpine_Convention_Perimeter_2018_v2&amp;view=True&amp;layer=geonode:Alpine_Convention_Perimeter_2018_v2\" target=\"_blank\" rel=\"noopener noreferrer\">\u00bb carte<\/a>, <a href=\"http:\/\/www.constructivealps.net\/wp-content\/uploads\/2019\/12\/150120_PerimeterAK_vonAK.pdf\">liste<\/a>)<\/p>\n<\/div><\/div><\/div><div class=\"fusion-panel panel-default fusion-toggle-no-divider fusion-toggle-boxed-mode\"><div class=\"panel-heading\"><h4 class=\"panel-title toggle\"><a aria-expanded=\"false\" aria-controls=\"fa571219776eff1a2\" role=\"button\" data-toggle=\"collapse\" data-parent=\"#accordion-5296-1\" data-target=\"#fa571219776eff1a2\" href=\"#fa571219776eff1a2\"><span class=\"fusion-toggle-icon-wrapper\" aria-hidden=\"true\"><i class=\"fa-fusion-box\" aria-hidden=\"true\"><\/i><\/span><span class=\"fusion-toggle-heading\">Ach\u00e8vement<\/span><\/a><\/h4><\/div><div id=\"fa571219776eff1a2\" class=\"panel-collapse collapse \"><div class=\"panel-body toggle-content fusion-clearfix\">\n<p>Le b\u00e2timent a \u00e9t\u00e9 achev\u00e9 entre 2017 et 2021.<\/p>\n<\/div><\/div><\/div><div class=\"fusion-panel panel-default fusion-toggle-no-divider fusion-toggle-boxed-mode\"><div class=\"panel-heading\"><h4 class=\"panel-title toggle\"><a aria-expanded=\"false\" aria-controls=\"93df1f9943a70a5f9\" role=\"button\" data-toggle=\"collapse\" data-parent=\"#accordion-5296-1\" data-target=\"#93df1f9943a70a5f9\" href=\"#93df1f9943a70a5f9\"><span class=\"fusion-toggle-icon-wrapper\" aria-hidden=\"true\"><i class=\"fa-fusion-box\" aria-hidden=\"true\"><\/i><\/span><span class=\"fusion-toggle-heading\">Qui peut soumettre ?<\/span><\/a><\/h4><\/div><div id=\"93df1f9943a70a5f9\" class=\"panel-collapse collapse \"><div class=\"panel-body toggle-content fusion-clearfix\">\n<p>Le prix s\u2019adresse aux architectes, aux ma\u00eetres d\u2019ouvrage, aux bureaux d\u2019\u00e9tude ou aux exploitants. Les soumissionnaires sont r\u00e9put\u00e9s agir en concertation avec les autres parties prenantes du projet. Ce point ne sera pas v\u00e9rifi\u00e9 par les membres du jury.<\/p>\n<\/div><\/div><\/div><div class=\"fusion-panel panel-default fusion-toggle-no-divider fusion-toggle-boxed-mode\"><div class=\"panel-heading\"><h4 class=\"panel-title toggle\"><a aria-expanded=\"false\" aria-controls=\"6308ebc3824ab8dbf\" role=\"button\" data-toggle=\"collapse\" data-parent=\"#accordion-5296-1\" data-target=\"#6308ebc3824ab8dbf\" href=\"#6308ebc3824ab8dbf\"><span class=\"fusion-toggle-icon-wrapper\" aria-hidden=\"true\"><i class=\"fa-fusion-box\" aria-hidden=\"true\"><\/i><\/span><span class=\"fusion-toggle-heading\">Prix et reconnaissances<\/span><\/a><\/h4><\/div><div id=\"6308ebc3824ab8dbf\" class=\"panel-collapse collapse \"><div class=\"panel-body toggle-content fusion-clearfix\">\n<p>Les prix et reconnaissances ont \u00e9t\u00e9 attribu\u00e9 \u00e0 l\u2019institution ou \u00e0 la soci\u00e9t\u00e9 d\u00e9sign\u00e9es dans le dossier de candidature.<\/p>\n<\/div><\/div><\/div><div class=\"fusion-panel panel-default fusion-toggle-no-divider fusion-toggle-boxed-mode\"><div class=\"panel-heading\"><h4 class=\"panel-title toggle\"><a aria-expanded=\"false\" aria-controls=\"de45191718127fefd\" role=\"button\" data-toggle=\"collapse\" data-parent=\"#accordion-5296-1\" data-target=\"#de45191718127fefd\" href=\"#de45191718127fefd\"><span class=\"fusion-toggle-icon-wrapper\" aria-hidden=\"true\"><i class=\"fa-fusion-box\" aria-hidden=\"true\"><\/i><\/span><span class=\"fusion-toggle-heading\">Documents de soumission<\/span><\/a><\/h4><\/div><div id=\"de45191718127fefd\" class=\"panel-collapse collapse \"><div class=\"panel-body toggle-content fusion-clearfix\">\n<div class=\"wpb_column vc_column_container vc_col-sm-6\">\n<div class=\"vc_column-inner\">\n<div class=\"wpb_wrapper\">\n<div class=\"wpb_text_column wpb_content_element \">\n<div class=\"wpb_wrapper\">\n<p>Le dossier de candidature sera envoy\u00e9 dans les d\u00e9lais et d\u00fbment rempli.<\/p>\n<\/div>\n<\/div>\n<\/div>\n<\/div>\n<\/div>\n<\/div><\/div><\/div><\/div><\/div><div class=\"fusion-clearfix\"><\/div><\/div><\/div><\/div><div class=\"fusion-clearfix\"><\/div><\/div><\/div><\/div><\/div><div class=\"fusion-fullwidth fullwidth-box fusion-builder-row-2 hundred-percent-fullwidth non-hundred-percent-height-scrolling fusion-equal-height-columns fusion-no-large-visibility\" style=\"background-color: rgba(255,255,255,0);background-position: center center;background-repeat: no-repeat;padding-top:0%;padding-right:0%;padding-bottom:0%;padding-left:0%;margin-bottom: 0px;margin-top: 0px;border-width: 0px 0px 0px 0px;border-color:#eae9e9;border-style:solid;\" ><div class=\"fusion-builder-row fusion-row\"><div class=\"fusion-layout-column fusion_builder_column fusion-builder-column-2 fusion_builder_column_1_1 1_1 fusion-one-full fusion-column-first fusion-column-last\" style=\"margin-top:0%;margin-bottom:0%;\"><div class=\"fusion-column-wrapper fusion-flex-column-wrapper-legacy\" style=\"background-position:left top;background-repeat:no-repeat;-webkit-background-size:cover;-moz-background-size:cover;-o-background-size:cover;background-size:cover;background-color:#ffffff;padding: 3vh 6% 6% 6%;\"><style type=\"text\/css\"><\/style><div class=\"fusion-title title fusion-title-3 fusion-sep-none fusion-title-center fusion-title-text fusion-title-size-one\" style=\"margin-top:0px;margin-right:0px;margin-bottom:31px;margin-left:0px;\"><h1 class=\"title-heading-center\" style=\"margin:0;color:#000000;\">Participation<\/h1><\/div><div class=\"fusion-builder-row fusion-builder-row-inner fusion-row\"><div class=\"fusion-layout-column fusion_builder_column_inner fusion-builder-nested-column-2 fusion_builder_column_inner_1_1 1_1 fusion-one-full fusion-column-first fusion-column-last fusion-column-no-min-height\" style=\"margin-top:0%;margin-bottom:0%;\"><div class=\"fusion-column-wrapper fusion-flex-column-wrapper-legacy\" style=\"background-position:left top;background-repeat:no-repeat;-webkit-background-size:cover;-moz-background-size:cover;-o-background-size:cover;background-size:cover;background-color:#ADADAD;padding: 2.5vh 3.75% 0.8vh 3.75%;\"><div class=\"fusion-text fusion-text-2\"><p><strong>La Conf\u00e9d\u00e9ration helv\u00e9tique et la principaut\u00e9 de Liechtenstein lancent pour la sixi\u00e8me fois Constructive Alps, un concours d\u2019architecture dot\u00e9 de 50 000 \u20ac qui r\u00e9compense la r\u00e9novation et la construction durables dans les Alpes. Le jury invite architectes et ma\u00eetres d\u2019ouvrage \u00e0 pr\u00e9senter des projets r\u00e9alis\u00e9s entre 2017 et 2021 qui contribuent \u00e0 la mise en \u0153uvre de l\u2019objectif climatique du \u00ab z\u00e9ro \u00e9mission nette \u00bb dans le <a href=\"https:\/\/www.atlas.alpconv.org\/maps\/new?layer=geonode:Alpine_Convention_Perimeter_2018_v2&amp;view=True&amp;layer=geonode:Alpine_Convention_Perimeter_2018_v2\" target=\"_blank\" rel=\"noopener\">p\u00e9rim\u00e8tre de la Convention alpine<\/a>.<\/strong><\/p>\n<p>Le concours s\u2019adresse \u00e0 des projets de r\u00e9novation, de transformation et de construction de b\u00e2timents de tous types : maisons d\u2019habitation, \u00e9difices publics, b\u00e2timents communaux, h\u00f4pitaux, lieux de culte, centrales \u00e9lectriques communales, gares ferroviaires et routi\u00e8res, b\u00e2timents agricoles, b\u00e2timents \u00e0 vocation touristique\u2026 La devise qui sous-tend le concours : pour prot\u00e9ger le climat, mieux vaut r\u00e9nover et revaloriser que d\u00e9molir. Dans sa sixi\u00e8me \u00e9dition, Constructive Alps accorde donc de nouveau une attention particuli\u00e8re aux r\u00e9novations.<\/p>\n<p><strong>Le <a href=\"https:\/\/www.constructivealps.net\/fr\/jury\/\">jury<\/a> \u00e9value les dossiers selon quatre crit\u00e8res, en tenant compte de l\u2019objectif du \u00ab z\u00e9ro \u00e9mission nette \u00bb.<\/strong><\/p>\n<p>\u2013 <strong>\u00c9cologie<\/strong> : en quoi le projet contribue-t-il au bon sens \u00e9cologique, \u00e0 la fois dans conception et son utilisation ? L\u2019\u00e9valuation prendra ici en compte des crit\u00e8res mesurables tels que les indicateurs \u00e9nerg\u00e9tiques, mais aussi l\u2019int\u00e9gration du b\u00e2timent dans son environnement et dans des syst\u00e8mes de mobilit\u00e9 durable.<\/p>\n<p>\u2013 <strong>\u00c9conomie<\/strong> : en quoi le projet contribue-t-il \u00e0 assurer un \u00e9quilibre raisonnable entre les co\u00fbts et les b\u00e9n\u00e9fices ? L\u2019\u00e9valuation tiendra aussi compte du r\u00f4le des mat\u00e9riaux et de la main d\u2019\u0153uvre r\u00e9gionaux dans la r\u00e9alisation du projet.<\/p>\n<p>\u2013 <strong>Soci\u00e9t\u00e9<\/strong> : en quoi le projet contribue-t-il \u00e0 la qualit\u00e9 de vie sur le lieu de vie et sur la plan\u00e8te ? Quelle forme d\u2019habitat permet d\u2019obtenir la meilleure qualit\u00e9 de vie possible en consommant le moins d\u2019espace possible ?<\/p>\n<p>\u2013 <strong>Architecture<\/strong> : en quoi le projet contribue-t-il \u00e0 l\u2019architecture?<\/p>\n<p>Le concours se d\u00e9roule en deux \u00e9tapes. Pour la premi\u00e8re \u00e9tape, le formulaire de soumission disponible sur le site constructivealps.net indique toutes les donn\u00e9es \u00e0 fournir. <strong>Votre candidature devra nous parvenir d\u2019ici le 21 janvier 2022 au plus tard.<\/strong> Pour la deuxi\u00e8me \u00e9tape du concours, le jury s\u00e9lectionnera 25 b\u00e2timents qu\u2019il visitera au printemps 2022. La remise des prix aura lieu d\u00e9but septembre 2022 en Suisse, dans le cadre de la semaine climatique de Brigue. Les meilleures id\u00e9es seront ensuite pr\u00e9sent\u00e9es dans les Alpes et au-del\u00e0, dans le cadre d\u2019\u00e9v\u00e9nements et d\u2019expositions itin\u00e9rantes \u00e0 la rencontre du public et dans toutes les occasions o\u00f9 il est question de l\u2019architecture.<\/p>\n<\/div><div class=\"fusion-aligncenter\"><style type=\"text\/css\">.fusion-button.button-2 {border-radius:2px;}<\/style><a class=\"fusion-button button-flat fusion-button-default-size button-default button-2 fusion-button-default-span fusion-button-default-type\" target=\"_self\" href=\"https:\/\/www.constructivealps.net\/fr\/soumission\/\"><span class=\"fusion-button-text\">Formulaire<\/span><\/a><\/div><div class=\"fusion-clearfix\"><\/div><\/div><\/div><\/div><div class=\"fusion-builder-row fusion-builder-row-inner fusion-row\"><div class=\"fusion-layout-column fusion_builder_column_inner fusion-builder-nested-column-3 fusion_builder_column_inner_1_1 1_1 fusion-one-full fusion-column-first fusion-column-last\" style=\"margin-top:50px;margin-bottom:20px;\"><div class=\"fusion-column-wrapper fusion-flex-column-wrapper-legacy\" style=\"background-position:left top;background-repeat:no-repeat;-webkit-background-size:cover;-moz-background-size:cover;-o-background-size:cover;background-size:cover;padding: 0px 0px 0px 0px;\"><style type=\"text\/css\"><\/style><div class=\"fusion-title title fusion-title-4 fusion-sep-none fusion-title-center fusion-title-text fusion-title-size-one\" style=\"margin-top:0px;margin-right:0px;margin-bottom:31px;margin-left:0px;\"><h1 class=\"title-heading-center\" style=\"margin:0;color:#000000;\">Crit\u00e8res<\/h1><\/div><style type=\"text\/css\">#accordion-5296-2 .fusion-panel:hover, #accordion-5296-2 .fusion-panel.hover{ background-color: #e4e4e4 } #accordion-5296-2 .fusion-panel { border-color:#919191; border-width:1px; background-color:#ffffff; }.fusion-accordian  #accordion-5296-2 .panel-title a .fa-fusion-box{ color: #ffffff;}.fusion-accordian  #accordion-5296-2 .panel-title a .fa-fusion-box:before{ font-size: 15px; width: 15px;}.fusion-accordian  #accordion-5296-2 .panel-title a{font-size:20px;}.fusion-accordian  #accordion-5296-2 .fa-fusion-box { background-color: #000000;border-color: #000000;}.fusion-accordian  #accordion-5296-2 .panel-title a:hover, #accordion-5296-2 .fusion-toggle-boxed-mode:hover .panel-title a { color: #7eab52;}.fusion-accordian  #accordion-5296-2 .panel-title .active .fa-fusion-box,.fusion-accordian  #accordion-5296-2 .panel-title a:hover .fa-fusion-box { background-color: #7eab52!important;border-color: #7eab52!important;}<\/style><div class=\"accordian fusion-accordian\"><div class=\"panel-group\" id=\"accordion-5296-2\"><div class=\"fusion-panel panel-default fusion-toggle-no-divider fusion-toggle-boxed-mode\"><div class=\"panel-heading\"><h4 class=\"panel-title toggle\"><a class=\"active\" aria-expanded=\"true\" aria-controls=\"cd82634b9f81c968f\" role=\"button\" data-toggle=\"collapse\" data-parent=\"#accordion-5296-2\" data-target=\"#cd82634b9f81c968f\" href=\"#cd82634b9f81c968f\"><span class=\"fusion-toggle-icon-wrapper\" aria-hidden=\"true\"><i class=\"fa-fusion-box\" aria-hidden=\"true\"><\/i><\/span><span class=\"fusion-toggle-heading\">B\u00e2timent<\/span><\/a><\/h4><\/div><div id=\"cd82634b9f81c968f\" class=\"panel-collapse collapse in\"><div class=\"panel-body toggle-content fusion-clearfix\">\nLe prix s\u2019est adress\u00e9 aux b\u00e2timents neufs, et plus particuli\u00e8rement aux r\u00e9novations.<\/div><\/div><\/div><div class=\"fusion-panel panel-default fusion-toggle-no-divider fusion-toggle-boxed-mode\"><div class=\"panel-heading\"><h4 class=\"panel-title toggle\"><a aria-expanded=\"false\" aria-controls=\"b5a200d73b844d796\" role=\"button\" data-toggle=\"collapse\" data-parent=\"#accordion-5296-2\" data-target=\"#b5a200d73b844d796\" href=\"#b5a200d73b844d796\"><span class=\"fusion-toggle-icon-wrapper\" aria-hidden=\"true\"><i class=\"fa-fusion-box\" aria-hidden=\"true\"><\/i><\/span><span class=\"fusion-toggle-heading\">Types de b\u00e2timents<\/span><\/a><\/h4><\/div><div id=\"b5a200d73b844d796\" class=\"panel-collapse collapse \"><div class=\"panel-body toggle-content fusion-clearfix\">\n<p>Tous les types de b\u00e2timents pouvaient \u00eatre soumis : b\u00e2timents priv\u00e9s et publics, habitations, commerciaux et industriels, b\u00e2timents sportifs et de loisirs, b\u00e2timents destin\u00e9s \u00e0 l\u2019approvisionnement, \u00e0 la collecte et au traitement.<\/p>\n<\/div><\/div><\/div><div class=\"fusion-panel panel-default fusion-toggle-no-divider fusion-toggle-boxed-mode\"><div class=\"panel-heading\"><h4 class=\"panel-title toggle\"><a aria-expanded=\"false\" aria-controls=\"899c25c223d8f04bd\" role=\"button\" data-toggle=\"collapse\" data-parent=\"#accordion-5296-2\" data-target=\"#899c25c223d8f04bd\" href=\"#899c25c223d8f04bd\"><span class=\"fusion-toggle-icon-wrapper\" aria-hidden=\"true\"><i class=\"fa-fusion-box\" aria-hidden=\"true\"><\/i><\/span><span class=\"fusion-toggle-heading\">P\u00e9rim\u00e8tre<\/span><\/a><\/h4><\/div><div id=\"899c25c223d8f04bd\" class=\"panel-collapse collapse \"><div class=\"panel-body toggle-content fusion-clearfix\">\n<p>Le b\u00e2timent est situ\u00e9 dans le p\u00e9rim\u00e8tre de la Convention alpine. (<a href=\"https:\/\/www.atlas.alpconv.org\/maps\/new?layer=geonode:Alpine_Convention_Perimeter_2018_v2&amp;view=True&amp;layer=geonode:Alpine_Convention_Perimeter_2018_v2\" target=\"_blank\" rel=\"noopener noreferrer\">\u00bb carte<\/a>, <a href=\"http:\/\/www.constructivealps.net\/wp-content\/uploads\/2019\/12\/150120_PerimeterAK_vonAK.pdf\">liste<\/a>)<\/p>\n<\/div><\/div><\/div><div class=\"fusion-panel panel-default fusion-toggle-no-divider fusion-toggle-boxed-mode\"><div class=\"panel-heading\"><h4 class=\"panel-title toggle\"><a aria-expanded=\"false\" aria-controls=\"d8df81cefb75ab401\" role=\"button\" data-toggle=\"collapse\" data-parent=\"#accordion-5296-2\" data-target=\"#d8df81cefb75ab401\" href=\"#d8df81cefb75ab401\"><span class=\"fusion-toggle-icon-wrapper\" aria-hidden=\"true\"><i class=\"fa-fusion-box\" aria-hidden=\"true\"><\/i><\/span><span class=\"fusion-toggle-heading\">Ach\u00e8vement<\/span><\/a><\/h4><\/div><div id=\"d8df81cefb75ab401\" class=\"panel-collapse collapse \"><div class=\"panel-body toggle-content fusion-clearfix\">\n<p>Le b\u00e2timent a \u00e9t\u00e9 achev\u00e9 entre 2017 et 2021.<\/p>\n<\/div><\/div><\/div><div class=\"fusion-panel panel-default fusion-toggle-no-divider fusion-toggle-boxed-mode\"><div class=\"panel-heading\"><h4 class=\"panel-title toggle\"><a aria-expanded=\"false\" aria-controls=\"8f853f89c32d5c2d9\" role=\"button\" data-toggle=\"collapse\" data-parent=\"#accordion-5296-2\" data-target=\"#8f853f89c32d5c2d9\" href=\"#8f853f89c32d5c2d9\"><span class=\"fusion-toggle-icon-wrapper\" aria-hidden=\"true\"><i class=\"fa-fusion-box\" aria-hidden=\"true\"><\/i><\/span><span class=\"fusion-toggle-heading\">Qui peut soumettre ?<\/span><\/a><\/h4><\/div><div id=\"8f853f89c32d5c2d9\" class=\"panel-collapse collapse \"><div class=\"panel-body toggle-content fusion-clearfix\">\n<p>Le prix s\u2019adresse aux architectes, aux ma\u00eetres d\u2019ouvrage, aux bureaux d\u2019\u00e9tude ou aux exploitants. Les soumissionnaires sont r\u00e9put\u00e9s agir en concertation avec les autres parties prenantes du projet. Ce point ne sera pas v\u00e9rifi\u00e9 par les membres du jury.<\/p>\n<\/div><\/div><\/div><div class=\"fusion-panel panel-default fusion-toggle-no-divider fusion-toggle-boxed-mode\"><div class=\"panel-heading\"><h4 class=\"panel-title toggle\"><a aria-expanded=\"false\" aria-controls=\"a333a4f3ed4408bfd\" role=\"button\" data-toggle=\"collapse\" data-parent=\"#accordion-5296-2\" data-target=\"#a333a4f3ed4408bfd\" href=\"#a333a4f3ed4408bfd\"><span class=\"fusion-toggle-icon-wrapper\" aria-hidden=\"true\"><i class=\"fa-fusion-box\" aria-hidden=\"true\"><\/i><\/span><span class=\"fusion-toggle-heading\">Prix et reconnaissances<\/span><\/a><\/h4><\/div><div id=\"a333a4f3ed4408bfd\" class=\"panel-collapse collapse \"><div class=\"panel-body toggle-content fusion-clearfix\">\n<p>Les prix et reconnaissances ont \u00e9t\u00e9 attribu\u00e9 \u00e0 l\u2019institution ou \u00e0 la soci\u00e9t\u00e9 d\u00e9sign\u00e9es dans le dossier de candidature.<\/p>\n<\/div><\/div><\/div><div class=\"fusion-panel panel-default fusion-toggle-no-divider fusion-toggle-boxed-mode\"><div class=\"panel-heading\"><h4 class=\"panel-title toggle\"><a aria-expanded=\"false\" aria-controls=\"3e21047669b7b88ec\" role=\"button\" data-toggle=\"collapse\" data-parent=\"#accordion-5296-2\" data-target=\"#3e21047669b7b88ec\" href=\"#3e21047669b7b88ec\"><span class=\"fusion-toggle-icon-wrapper\" aria-hidden=\"true\"><i class=\"fa-fusion-box\" aria-hidden=\"true\"><\/i><\/span><span class=\"fusion-toggle-heading\">Documents de soumission<\/span><\/a><\/h4><\/div><div id=\"3e21047669b7b88ec\" class=\"panel-collapse collapse \"><div class=\"panel-body toggle-content fusion-clearfix\">\n<div class=\"wpb_column vc_column_container vc_col-sm-6\">\n<div class=\"vc_column-inner\">\n<div class=\"wpb_wrapper\">\n<div class=\"wpb_text_column wpb_content_element \">\n<div class=\"wpb_wrapper\">\n<p>Le dossier de candidature sera envoy\u00e9 dans les d\u00e9lais et d\u00fbment rempli.<\/p>\n<\/div>\n<\/div>\n<\/div>\n<\/div>\n<\/div>\n<\/div><\/div><\/div><\/div><\/div><div class=\"fusion-clearfix\"><\/div><\/div><\/div><\/div><div class=\"fusion-clearfix\"><\/div><\/div><\/div><\/div><\/div><\/p>\n","protected":false},"excerpt":{"rendered":"","protected":false},"author":1,"featured_media":0,"parent":0,"menu_order":0,"comment_status":"closed","ping_status":"closed","template":"100-width.php","meta":[],"yoast_head":"<!-- This site is optimized with the Yoast SEO plugin v16.1.1 - https:\/\/yoast.com\/wordpress\/plugins\/seo\/ -->\n<title>Participation | Constructive Alps<\/title>\n<link rel=\"canonical\" href=\"https:\/\/www.constructivealps.net\/fr\/participation\/\" \/>\n<meta property=\"og:locale\" content=\"fr_FR\" \/>\n<meta property=\"og:type\" content=\"article\" \/>\n<meta property=\"og:title\" content=\"Participation | Constructive Alps\" \/>\n<meta property=\"og:url\" content=\"https:\/\/www.constructivealps.net\/fr\/participation\/\" \/>\n<meta property=\"og:site_name\" content=\"Constructive Alps\" \/>\n<meta property=\"article:publisher\" content=\"https:\/\/web.facebook.com\/ConstructiveAlps\/\" \/>\n<meta property=\"article:modified_time\" content=\"2022-01-11T12:21:51+00:00\" \/>\n<meta name=\"twitter:card\" content=\"summary_large_image\" \/>\n<meta name=\"twitter:label1\" content=\"Dur\u00e9e de lecture est.\">\n\t<meta name=\"twitter:data1\" content=\"10 minutes\">\n<script type=\"application\/ld+json\" class=\"yoast-schema-graph\">{\"@context\":\"https:\/\/schema.org\",\"@graph\":[{\"@type\":\"Organization\",\"@id\":\"https:\/\/www.constructivealps.net\/#organization\",\"name\":\"Constructive Alps\",\"url\":\"https:\/\/www.constructivealps.net\/\",\"sameAs\":[\"https:\/\/web.facebook.com\/ConstructiveAlps\/\",\"https:\/\/instagram.com\/constructivealps\/\",\"https:\/\/www.pinterest.de\/ConstructiveA\/\"],\"logo\":{\"@type\":\"ImageObject\",\"@id\":\"https:\/\/www.constructivealps.net\/#logo\",\"inLanguage\":\"fr-FR\",\"url\":null,\"contentUrl\":null,\"width\":null,\"height\":null,\"caption\":\"Constructive Alps\"},\"image\":{\"@id\":\"https:\/\/www.constructivealps.net\/#logo\"}},{\"@type\":\"WebSite\",\"@id\":\"https:\/\/www.constructivealps.net\/#website\",\"url\":\"https:\/\/www.constructivealps.net\/\",\"name\":\"Constructive Alps\",\"description\":\"Internationaler Preis f\\u00fcr nachhaltiges Sanieren und Bauen in den Alpen\",\"publisher\":{\"@id\":\"https:\/\/www.constructivealps.net\/#organization\"},\"potentialAction\":[{\"@type\":\"SearchAction\",\"target\":\"https:\/\/www.constructivealps.net\/?s={search_term_string}\",\"query-input\":\"required name=search_term_string\"}],\"inLanguage\":\"fr-FR\"},{\"@type\":\"WebPage\",\"@id\":\"https:\/\/www.constructivealps.net\/fr\/participation\/#webpage\",\"url\":\"https:\/\/www.constructivealps.net\/fr\/participation\/\",\"name\":\"Participation | Constructive Alps\",\"isPartOf\":{\"@id\":\"https:\/\/www.constructivealps.net\/#website\"},\"datePublished\":\"2020-01-13T15:59:05+00:00\",\"dateModified\":\"2022-01-11T12:21:51+00:00\",\"breadcrumb\":{\"@id\":\"https:\/\/www.constructivealps.net\/fr\/participation\/#breadcrumb\"},\"inLanguage\":\"fr-FR\",\"potentialAction\":[{\"@type\":\"ReadAction\",\"target\":[\"https:\/\/www.constructivealps.net\/fr\/participation\/\"]}]},{\"@type\":\"BreadcrumbList\",\"@id\":\"https:\/\/www.constructivealps.net\/fr\/participation\/#breadcrumb\",\"itemListElement\":[{\"@type\":\"ListItem\",\"position\":1,\"item\":{\"@type\":\"WebPage\",\"@id\":\"https:\/\/www.constructivealps.net\/fr\/\",\"url\":\"https:\/\/www.constructivealps.net\/fr\/\",\"name\":\"Startseite\"}},{\"@type\":\"ListItem\",\"position\":2,\"item\":{\"@type\":\"WebPage\",\"@id\":\"https:\/\/www.constructivealps.net\/fr\/participation\/\",\"url\":\"https:\/\/www.constructivealps.net\/fr\/participation\/\",\"name\":\"Participation\"}}]}]}<\/script>\n<!-- \/ Yoast SEO plugin. -->","_links":{"self":[{"href":"https:\/\/www.constructivealps.net\/fr\/wp-json\/wp\/v2\/pages\/5296"}],"collection":[{"href":"https:\/\/www.constructivealps.net\/fr\/wp-json\/wp\/v2\/pages"}],"about":[{"href":"https:\/\/www.constructivealps.net\/fr\/wp-json\/wp\/v2\/types\/page"}],"author":[{"embeddable":true,"href":"https:\/\/www.constructivealps.net\/fr\/wp-json\/wp\/v2\/users\/1"}],"replies":[{"embeddable":true,"href":"https:\/\/www.constructivealps.net\/fr\/wp-json\/wp\/v2\/comments?post=5296"}],"version-history":[{"count":18,"href":"https:\/\/www.constructivealps.net\/fr\/wp-json\/wp\/v2\/pages\/5296\/revisions"}],"predecessor-version":[{"id":8949,"href":"https:\/\/www.constructivealps.net\/fr\/wp-json\/wp\/v2\/pages\/5296\/revisions\/8949"}],"wp:attachment":[{"href":"https:\/\/www.constructivealps.net\/fr\/wp-json\/wp\/v2\/media?parent=5296"}],"curies":[{"name":"wp","href":"https:\/\/api.w.org\/{rel}","templated":true}]}}