{"id":5219,"date":"2020-01-13T11:20:25","date_gmt":"2020-01-13T10:20:25","guid":{"rendered":"http:\/\/www.constructivealps.net\/?page_id=5219"},"modified":"2022-01-11T13:22:17","modified_gmt":"2022-01-11T12:22:17","slug":"partecipazione","status":"publish","type":"page","link":"https:\/\/www.constructivealps.net\/it\/partecipazione\/","title":{"rendered":"Partecipazione"},"content":{"rendered":"<p><div class=\"fusion-fullwidth fullwidth-box fusion-builder-row-1 fusion-parallax-none hundred-percent-fullwidth non-hundred-percent-height-scrolling fusion-equal-height-columns fusion-no-small-visibility fusion-no-medium-visibility\" style=\"background-color: rgba(255,255,255,0);background-image: url(&quot;http:\/\/www.constructivealps.net\/wp-content\/uploads\/2019\/10\/2017_CasaSocialeCaltroncMariano-Dallago-7.jpg&quot;);background-position: left top;background-repeat: no-repeat;padding-top:0%;padding-right:0%;padding-bottom:0%;padding-left:0%;margin-bottom: 0px;margin-top: 0px;border-width: 0px 0px 0px 0px;border-color:#eae9e9;border-style:solid;-webkit-background-size:cover;-moz-background-size:cover;-o-background-size:cover;background-size:cover;\" ><div class=\"fusion-builder-row fusion-row\"><div class=\"fusion-layout-column fusion_builder_column fusion-builder-column-0 fusion_builder_column_2_3 2_3 fusion-two-third fusion-column-first\" style=\"width:66.666666666667%;width:calc(66.666666666667% - ( ( 0% ) * 0.66666666666667 ) );margin-right: 0%;margin-top:0%;margin-bottom:0%;\"><div class=\"fusion-column-wrapper fusion-flex-column-wrapper-legacy\" style=\"background-image: url(&#039;http:\/\/www.constructivealps.net\/wp-content\/uploads\/2019\/10\/2017_AlpGliverscRalphFeiner-1.jpg&#039;);background-position:left top;background-blend-mode: overlay;background-repeat:no-repeat;-webkit-background-size:cover;-moz-background-size:cover;-o-background-size:cover;background-size:cover;background-color:rgba(255,255,255,0.6);padding: 3vh 4.5% 4.5% 4.5%;\" data-bg-url=\"http:\/\/www.constructivealps.net\/wp-content\/uploads\/2019\/10\/2017_AlpGliverscRalphFeiner-1.jpg\"><style type=\"text\/css\"><\/style><div class=\"fusion-title title fusion-title-1 fusion-sep-none fusion-title-center fusion-title-text fusion-title-size-one\" style=\"margin-top:0px;margin-right:0px;margin-bottom:31px;margin-left:0px;\"><h1 class=\"title-heading-center\" style=\"margin:0;color:#000000;\">Partecipazione<\/h1><\/div><div class=\"fusion-builder-row fusion-builder-row-inner fusion-row\"><div class=\"fusion-layout-column fusion_builder_column_inner fusion-builder-nested-column-0 fusion_builder_column_inner_1_1 1_1 fusion-one-full fusion-column-first fusion-column-last fusion-column-no-min-height\" style=\"margin-top:0%;margin-bottom:0%;\"><div class=\"fusion-column-wrapper fusion-flex-column-wrapper-legacy\" style=\"background-position:left top;background-repeat:no-repeat;-webkit-background-size:cover;-moz-background-size:cover;-o-background-size:cover;background-size:cover;background-color:#ADADAD;padding: 2.5vh 3.75% 0.8vh 3.75%;\"><div class=\"fusion-text fusion-text-1\"><p><strong>La Confederazione Svizzera e il Principato del Liechtenstein invitano a partecipare alla sesta edizione di Constructive Alps, il concorso di architettura con una dotazione di 50.000 euro che premia costruzioni e ristrutturazioni sostenibili nella regione alpina. La Giuria invita architetti e costruttori a presentare i loro edifici realizzati dal 2017 al 2021 che contribuiscono a raggiungere l\u2019obiettivo climatico \u201czero netto\u201d nell\u2019<a href=\"https:\/\/www.atlas.alpconv.org\/maps\/new?layer=geonode:Alpine_Convention_Perimeter_2018_v2&amp;view=True&amp;layer=geonode:Alpine_Convention_Perimeter_2018_v2\" target=\"_blank\" rel=\"noopener\">area della Convenzione delle Alpi<\/a>.<\/strong><\/p>\n<p>Il concorso si rivolge a ristrutturazioni, ampliamenti e nuove costruzioni relative a tutte le tipologie costruttive: dagli edifici residenziali agli edifici pubblici, da edifici comunali, ospedali, siti culturali, centrali elettriche fino a stazioni ferroviarie e di autobus, edifici per l\u2019agricoltura o per il turismo. La parola d\u2019ordine \u00e8: la ristrutturazione e la riqualificazione sono pi\u00f9 rispettose del clima rispetto alla demolizione. \u00c8 per questo motivo che anche la sesta edizione di Constructive Alps presta ancora una volta particolare attenzione agli interventi di ristrutturazione.<\/p>\n<p><strong>La giuria valuta le candidature in base a quattro criteri che si orientano all\u2019obiettivo \u201czero netto\u201d.<\/strong><\/p>\n<p><strong>&#8211; Ecologia<\/strong>: qual \u00e8 il contributo dell\u2019edificio alla questione ecologica \u2013 tanto in fase di costruzione quanto durante l\u2019uso? A questo proposito, criteri misurabili come l\u2019indice energetico giocano un ruolo altrettanto importante quanto l\u2019inserimento della casa nell\u2019ambiente circostante e nei sistemi di mobilit\u00e0 sostenibile dal punto di vista climatico.<\/p>\n<p><strong>&#8211; Economia<\/strong>: qual \u00e8 il contributo del progetto al mantenimento di un equilibrio ragionevole tra costi e benefici? Gli aspetti economici includono anche le modalit\u00e0 con cui il progetto si integra con i cicli regionali dei materiali e della manodopera.<\/p>\n<p><strong>&#8211; Societ\u00e0<\/strong>: qual \u00e8 il contributo del progetto per far s\u00ec che le persone stiano bene nei luoghi in cui risiedono e nel mondo? Quale forma abitativa consente la pi\u00f9 alta qualit\u00e0 di vita con il minor consumo di suolo?<\/p>\n<p><strong>&#8211; Architettura<\/strong>: qual \u00e8 il contributo del progetto all\u2019architettura?<\/p>\n<p>Il concorso prevede due fasi. Per la prima fase, il modulo di iscrizione disponibile su constructivealps.net descrive i dati da inserire. <strong>Il modulo deve essere presentato online entro il 21 gennaio 2022.<\/strong> Per la seconda fase, la Giuria selezioner\u00e0 circa 25 edifici, che visiter\u00e0 in loco nella primavera del 2022. La cerimonia di premiazione avr\u00e0 luogo all\u2019inizio di settembre 2022 nell\u2019ambito della Settimana del clima a Briga. Le migliori idee saranno poi diffuse attraverso mostre itineranti ed eventi tra la popolazione locale e in tutte le occasioni in cui si affronta il tema del costruire, all\u2019 interno e all\u2019esterno delle Alpi.<\/p>\n<\/div><div class=\"fusion-aligncenter\"><style type=\"text\/css\">.fusion-button.button-1 {border-radius:2px;}<\/style><a class=\"fusion-button button-flat fusion-button-default-size button-default button-1 fusion-button-default-span fusion-button-default-type\" target=\"_self\" href=\"https:\/\/www.constructivealps.net\/it\/presentazione\/\"><span class=\"fusion-button-text\">Modulo<\/span><\/a><\/div><div class=\"fusion-clearfix\"><\/div><\/div><\/div><\/div><div class=\"fusion-clearfix\"><\/div><\/div><\/div><div class=\"fusion-layout-column fusion_builder_column fusion-builder-column-1 fusion_builder_column_1_3 1_3 fusion-one-third fusion-column-last\" style=\"width:33.333333333333%;width:calc(33.333333333333% - ( ( 0% ) * 0.33333333333333 ) );margin-top:0%;margin-bottom:0%;\"><div class=\"fusion-column-wrapper fusion-flex-column-wrapper-legacy\" style=\"background-position:left top;background-repeat:no-repeat;-webkit-background-size:cover;-moz-background-size:cover;-o-background-size:cover;background-size:cover;background-color:#7eab52;padding: 3vh 9% 9% 9%;\"><div class=\"fusion-builder-row fusion-builder-row-inner fusion-row\"><div class=\"fusion-layout-column fusion_builder_column_inner fusion-builder-nested-column-1 fusion_builder_column_inner_1_1 1_1 fusion-one-full fusion-column-first fusion-column-last\" style=\"margin-top:50px;margin-bottom:20px;\"><div class=\"fusion-column-wrapper fusion-flex-column-wrapper-legacy\" style=\"background-position:left top;background-repeat:no-repeat;-webkit-background-size:cover;-moz-background-size:cover;-o-background-size:cover;background-size:cover;padding: 0px 0px 0px 0px;\"><style type=\"text\/css\"><\/style><div class=\"fusion-title title fusion-title-2 fusion-sep-none fusion-title-center fusion-title-text fusion-title-size-one\" style=\"margin-top:0px;margin-right:0px;margin-bottom:31px;margin-left:0px;\"><h1 class=\"title-heading-center\" style=\"margin:0;color:#000000;\">Criteri<\/h1><\/div><style type=\"text\/css\">#accordion-5219-1 .fusion-panel:hover, #accordion-5219-1 .fusion-panel.hover{ background-color: #e4e4e4 } #accordion-5219-1 .fusion-panel { border-color:#919191; border-width:1px; background-color:#ffffff; }.fusion-accordian  #accordion-5219-1 .panel-title a .fa-fusion-box{ color: #ffffff;}.fusion-accordian  #accordion-5219-1 .panel-title a .fa-fusion-box:before{ font-size: 15px; width: 15px;}.fusion-accordian  #accordion-5219-1 .panel-title a{font-size:20px;}.fusion-accordian  #accordion-5219-1 .fa-fusion-box { background-color: #000000;border-color: #000000;}.fusion-accordian  #accordion-5219-1 .panel-title a:hover, #accordion-5219-1 .fusion-toggle-boxed-mode:hover .panel-title a { color: #7eab52;}.fusion-accordian  #accordion-5219-1 .panel-title .active .fa-fusion-box,.fusion-accordian  #accordion-5219-1 .panel-title a:hover .fa-fusion-box { background-color: #7eab52!important;border-color: #7eab52!important;}<\/style><div class=\"accordian fusion-accordian\"><div class=\"panel-group\" id=\"accordion-5219-1\"><div class=\"fusion-panel panel-default fusion-toggle-no-divider fusion-toggle-boxed-mode\"><div class=\"panel-heading\"><h4 class=\"panel-title toggle\"><a class=\"active\" aria-expanded=\"true\" aria-controls=\"9fe28eedbcfdcee71\" role=\"button\" data-toggle=\"collapse\" data-parent=\"#accordion-5219-1\" data-target=\"#9fe28eedbcfdcee71\" href=\"#9fe28eedbcfdcee71\"><span class=\"fusion-toggle-icon-wrapper\" aria-hidden=\"true\"><i class=\"fa-fusion-box\" aria-hidden=\"true\"><\/i><\/span><span class=\"fusion-toggle-heading\">Costruzione<\/span><\/a><\/h4><\/div><div id=\"9fe28eedbcfdcee71\" class=\"panel-collapse collapse in\"><div class=\"panel-body toggle-content fusion-clearfix\">\n<p>Il Premio \u00e8 rivolto soprattutto a ristrutturazioni e a costruzioni.<\/p>\n<\/div><\/div><\/div><div class=\"fusion-panel panel-default fusion-toggle-no-divider fusion-toggle-boxed-mode\"><div class=\"panel-heading\"><h4 class=\"panel-title toggle\"><a aria-expanded=\"false\" aria-controls=\"e9015974238e069bd\" role=\"button\" data-toggle=\"collapse\" data-parent=\"#accordion-5219-1\" data-target=\"#e9015974238e069bd\" href=\"#e9015974238e069bd\"><span class=\"fusion-toggle-icon-wrapper\" aria-hidden=\"true\"><i class=\"fa-fusion-box\" aria-hidden=\"true\"><\/i><\/span><span class=\"fusion-toggle-heading\">Tipologie di edifici<\/span><\/a><\/h4><\/div><div id=\"e9015974238e069bd\" class=\"panel-collapse collapse \"><div class=\"panel-body toggle-content fusion-clearfix\">\n<p>Saranno accettate tutte le tipologie di edifici, p. es. edifici privati e pubblici, abitazione, edifici per, servizi o attivit\u00e0 commerciali, industriali, per il tempo libero o le attivit\u00e0 sportive, per l\u2019approvvigionamento e lo smaltimento.<\/p>\n<\/div><\/div><\/div><div class=\"fusion-panel panel-default fusion-toggle-no-divider fusion-toggle-boxed-mode\"><div class=\"panel-heading\"><h4 class=\"panel-title toggle\"><a aria-expanded=\"false\" aria-controls=\"78e9100ff5a54280d\" role=\"button\" data-toggle=\"collapse\" data-parent=\"#accordion-5219-1\" data-target=\"#78e9100ff5a54280d\" href=\"#78e9100ff5a54280d\"><span class=\"fusion-toggle-icon-wrapper\" aria-hidden=\"true\"><i class=\"fa-fusion-box\" aria-hidden=\"true\"><\/i><\/span><span class=\"fusion-toggle-heading\">Perimetro<\/span><\/a><\/h4><\/div><div id=\"78e9100ff5a54280d\" class=\"panel-collapse collapse \"><div class=\"panel-body toggle-content fusion-clearfix\">\n<p>Il fabbricato deve essere situato all\u2019interno del perimetro della Convenzione delle Alpi (<a href=\"https:\/\/www.atlas.alpconv.org\/maps\/new?layer=geonode:Alpine_Convention_Perimeter_2018_v2&amp;view=True&amp;layer=geonode:Alpine_Convention_Perimeter_2018_v2\" target=\"_blank\" rel=\"noopener noreferrer\">\u00bb mappa<\/a>, <a href=\"http:\/\/www.constructivealps.net\/wp-content\/uploads\/2019\/12\/150120_PerimeterAK_vonAK.pdf\">lista<\/a>)<\/p>\n<\/div><\/div><\/div><div class=\"fusion-panel panel-default fusion-toggle-no-divider fusion-toggle-boxed-mode\"><div class=\"panel-heading\"><h4 class=\"panel-title toggle\"><a aria-expanded=\"false\" aria-controls=\"57535fde4c7363558\" role=\"button\" data-toggle=\"collapse\" data-parent=\"#accordion-5219-1\" data-target=\"#57535fde4c7363558\" href=\"#57535fde4c7363558\"><span class=\"fusion-toggle-icon-wrapper\" aria-hidden=\"true\"><i class=\"fa-fusion-box\" aria-hidden=\"true\"><\/i><\/span><span class=\"fusion-toggle-heading\">Completamento<\/span><\/a><\/h4><\/div><div id=\"57535fde4c7363558\" class=\"panel-collapse collapse \"><div class=\"panel-body toggle-content fusion-clearfix\">\n<p>L\u2019edificio deve essere stato completato tra il 2017 e il 2021.<\/p>\n<\/div><\/div><\/div><div class=\"fusion-panel panel-default fusion-toggle-no-divider fusion-toggle-boxed-mode\"><div class=\"panel-heading\"><h4 class=\"panel-title toggle\"><a aria-expanded=\"false\" aria-controls=\"4dd798a2a8561c44f\" role=\"button\" data-toggle=\"collapse\" data-parent=\"#accordion-5219-1\" data-target=\"#4dd798a2a8561c44f\" href=\"#4dd798a2a8561c44f\"><span class=\"fusion-toggle-icon-wrapper\" aria-hidden=\"true\"><i class=\"fa-fusion-box\" aria-hidden=\"true\"><\/i><\/span><span class=\"fusion-toggle-heading\">Chi pu\u00f2 presentarsi?<\/span><\/a><\/h4><\/div><div id=\"4dd798a2a8561c44f\" class=\"panel-collapse collapse \"><div class=\"panel-body toggle-content fusion-clearfix\">\n<p>Sono invitati a presentare la propria candidatura architetti, committenti, progettisti o gestori. L\u2019accordo con gli altri partecipanti al progetto deve essere garantito dai proponenti e non viene ulteriormente verificato dalla Giuria.<\/p>\n<\/div><\/div><\/div><div class=\"fusion-panel panel-default fusion-toggle-no-divider fusion-toggle-boxed-mode\"><div class=\"panel-heading\"><h4 class=\"panel-title toggle\"><a aria-expanded=\"false\" aria-controls=\"810e9a40e41b9640c\" role=\"button\" data-toggle=\"collapse\" data-parent=\"#accordion-5219-1\" data-target=\"#810e9a40e41b9640c\" href=\"#810e9a40e41b9640c\"><span class=\"fusion-toggle-icon-wrapper\" aria-hidden=\"true\"><i class=\"fa-fusion-box\" aria-hidden=\"true\"><\/i><\/span><span class=\"fusion-toggle-heading\">Premi e i riconoscimenti<\/span><\/a><\/h4><\/div><div id=\"810e9a40e41b9640c\" class=\"panel-collapse collapse \"><div class=\"panel-body toggle-content fusion-clearfix\">\n<p>I premi e i riconoscimenti vengono assegnati all\u2019istituzione o alla societ\u00e0 indicata nella presentazione.<\/p>\n<\/div><\/div><\/div><div class=\"fusion-panel panel-default fusion-toggle-no-divider fusion-toggle-boxed-mode\"><div class=\"panel-heading\"><h4 class=\"panel-title toggle\"><a aria-expanded=\"false\" aria-controls=\"b0c3572eb8e4f3f75\" role=\"button\" data-toggle=\"collapse\" data-parent=\"#accordion-5219-1\" data-target=\"#b0c3572eb8e4f3f75\" href=\"#b0c3572eb8e4f3f75\"><span class=\"fusion-toggle-icon-wrapper\" aria-hidden=\"true\"><i class=\"fa-fusion-box\" aria-hidden=\"true\"><\/i><\/span><span class=\"fusion-toggle-heading\">Documenti di candidatura<\/span><\/a><\/h4><\/div><div id=\"b0c3572eb8e4f3f75\" class=\"panel-collapse collapse \"><div class=\"panel-body toggle-content fusion-clearfix\">\n<div class=\"wpb_column vc_column_container vc_col-sm-6\">\n<div class=\"vc_column-inner\">\n<div class=\"wpb_wrapper\">\n<div class=\"wpb_text_column wpb_content_element \">\n<div class=\"wpb_wrapper\">\n<p>La documentazione deve essere presentata debitamente compilata ed entro il termine indicato.<\/p>\n<\/div>\n<\/div>\n<\/div>\n<\/div>\n<\/div>\n<div class=\"wpb_column vc_column_container vc_col-sm-6\">\n<div class=\"vc_column-inner\">\n<div class=\"wpb_wrapper\"><\/div>\n<\/div>\n<\/div>\n<\/div><\/div><\/div><\/div><\/div><div class=\"fusion-clearfix\"><\/div><\/div><\/div><\/div><div class=\"fusion-clearfix\"><\/div><\/div><\/div><\/div><\/div><div class=\"fusion-fullwidth fullwidth-box fusion-builder-row-2 hundred-percent-fullwidth non-hundred-percent-height-scrolling fusion-equal-height-columns fusion-no-large-visibility\" style=\"background-color: rgba(255,255,255,0);background-position: center center;background-repeat: no-repeat;padding-top:0%;padding-right:0%;padding-bottom:0%;padding-left:0%;margin-bottom: 0px;margin-top: 0px;border-width: 0px 0px 0px 0px;border-color:#eae9e9;border-style:solid;\" ><div class=\"fusion-builder-row fusion-row\"><div class=\"fusion-layout-column fusion_builder_column fusion-builder-column-2 fusion_builder_column_1_1 1_1 fusion-one-full fusion-column-first fusion-column-last\" style=\"margin-top:0%;margin-bottom:0%;\"><div class=\"fusion-column-wrapper fusion-flex-column-wrapper-legacy\" style=\"background-position:left top;background-repeat:no-repeat;-webkit-background-size:cover;-moz-background-size:cover;-o-background-size:cover;background-size:cover;background-color:#ffffff;padding: 3vh 6% 6% 6%;\"><style type=\"text\/css\"><\/style><div class=\"fusion-title title fusion-title-3 fusion-sep-none fusion-title-center fusion-title-text fusion-title-size-one\" style=\"margin-top:0px;margin-right:0px;margin-bottom:31px;margin-left:0px;\"><h1 class=\"title-heading-center\" style=\"margin:0;color:#000000;\">Partecipazione<\/h1><\/div><div class=\"fusion-builder-row fusion-builder-row-inner fusion-row\"><div class=\"fusion-layout-column fusion_builder_column_inner fusion-builder-nested-column-2 fusion_builder_column_inner_1_1 1_1 fusion-one-full fusion-column-first fusion-column-last fusion-column-no-min-height\" style=\"margin-top:0%;margin-bottom:0%;\"><div class=\"fusion-column-wrapper fusion-flex-column-wrapper-legacy\" style=\"background-position:left top;background-repeat:no-repeat;-webkit-background-size:cover;-moz-background-size:cover;-o-background-size:cover;background-size:cover;background-color:#ADADAD;padding: 2.5vh 3.75% 0.8vh 3.75%;\"><div class=\"fusion-text fusion-text-2\"><p><strong>La Confederazione Svizzera e il Principato del Liechtenstein invitano a partecipare alla sesta edizione di Constructive Alps, il concorso di architettura con una dotazione di 50.000 euro che premia costruzioni e ristrutturazioni sostenibili nella regione alpina. La Giuria invita architetti e costruttori a presentare i loro edifici realizzati dal 2017 al 2021 che contribuiscono a raggiungere l\u2019obiettivo climatico \u201czero netto\u201d nell\u2019<a href=\"https:\/\/www.atlas.alpconv.org\/maps\/new?layer=geonode:Alpine_Convention_Perimeter_2018_v2&amp;view=True&amp;layer=geonode:Alpine_Convention_Perimeter_2018_v2\" target=\"_blank\" rel=\"noopener\">area della Convenzione delle Alpi<\/a>.<\/strong><\/p>\n<p>Il concorso si rivolge a ristrutturazioni, ampliamenti e nuove costruzioni relative a tutte le tipologie costruttive: dagli edifici residenziali agli edifici pubblici, da edifici comunali, ospedali, siti culturali, centrali elettriche fino a stazioni ferroviarie e di autobus, edifici per l\u2019agricoltura o per il turismo. La parola d\u2019ordine \u00e8: la ristrutturazione e la riqualificazione sono pi\u00f9 rispettose del clima rispetto alla demolizione. \u00c8 per questo motivo che anche la sesta edizione di Constructive Alps presta ancora una volta particolare attenzione agli interventi di ristrutturazione.<\/p>\n<p><strong>La giuria valuta le candidature in base a quattro criteri che si orientano all\u2019obiettivo \u201czero netto\u201d.<\/strong><\/p>\n<ul>\n<li><strong>Ecologia<\/strong>: qual \u00e8 il contributo dell\u2019edificio alla questione ecologica \u2013 tanto in fase di costruzione quanto durante l\u2019uso? A questo proposito, criteri misurabili come l\u2019indice energetico giocano un ruolo altrettanto importante quanto l\u2019inserimento della casa nell\u2019ambiente circostante e nei sistemi di mobilit\u00e0 sostenibile dal punto di vista climatico.<\/li>\n<li><strong>Economia<\/strong>: qual \u00e8 il contributo del progetto al mantenimento di un equilibrio ragionevole tra costi e benefici? Gli aspetti economici includono anche le modalit\u00e0 con cui il progetto si integra con i cicli regionali dei materiali e della manodopera.<\/li>\n<li><strong>Societ\u00e0<\/strong>: qual \u00e8 il contributo del progetto per far s\u00ec che le persone stiano bene nei luoghi in cui risiedono e nel mondo? Quale forma abitativa consente la pi\u00f9 alta qualit\u00e0 di vita con il minor consumo di suolo?<\/li>\n<li><strong>Architettura<\/strong>: qual \u00e8 il contributo del progetto all\u2019architettura?<\/li>\n<\/ul>\n<p>Il concorso prevede due fasi. Per la prima fase, il modulo di iscrizione disponibile su constructivealps.net descrive i dati da inserire. Il modulo deve essere presentato online entro il 21 gennaio 2022. Per la seconda fase, la Giuria selezioner\u00e0 circa 25 edifici, che visiter\u00e0 in loco nella primavera del 2022. La cerimonia di premiazione avr\u00e0 luogo all\u2019inizio di settembre 2022 nell\u2019ambito della Settimana del clima a Briga. Le migliori idee saranno poi diffuse attraverso mostre itineranti ed eventi tra la popolazione locale e in tutte le occasioni in cui si affronta il tema del costruire, all\u2019 interno e all\u2019esterno delle Alpi.<\/p>\n<\/div><div class=\"fusion-aligncenter\"><style type=\"text\/css\">.fusion-button.button-2 {border-radius:2px;}<\/style><a class=\"fusion-button button-flat fusion-button-default-size button-default button-2 fusion-button-default-span fusion-button-default-type\" target=\"_self\" href=\"https:\/\/www.constructivealps.net\/it\/presentazione\/\"><span class=\"fusion-button-text\">Modulo<\/span><\/a><\/div><div class=\"fusion-clearfix\"><\/div><\/div><\/div><\/div><div class=\"fusion-clearfix\"><\/div><\/div><\/div><\/div><\/div><\/p>\n","protected":false},"excerpt":{"rendered":"","protected":false},"author":1,"featured_media":0,"parent":0,"menu_order":0,"comment_status":"closed","ping_status":"closed","template":"100-width.php","meta":[],"yoast_head":"<!-- This site is optimized with the Yoast SEO plugin v16.1.1 - https:\/\/yoast.com\/wordpress\/plugins\/seo\/ -->\n<title>Partecipazione | Constructive Alps<\/title>\n<link rel=\"canonical\" href=\"https:\/\/www.constructivealps.net\/it\/partecipazione\/\" \/>\n<meta property=\"og:locale\" content=\"it_IT\" \/>\n<meta property=\"og:type\" content=\"article\" \/>\n<meta property=\"og:title\" content=\"Partecipazione | Constructive Alps\" \/>\n<meta property=\"og:url\" content=\"https:\/\/www.constructivealps.net\/it\/partecipazione\/\" \/>\n<meta property=\"og:site_name\" content=\"Constructive Alps\" \/>\n<meta property=\"article:publisher\" content=\"https:\/\/web.facebook.com\/ConstructiveAlps\/\" \/>\n<meta property=\"article:modified_time\" content=\"2022-01-11T12:22:17+00:00\" \/>\n<meta name=\"twitter:card\" content=\"summary_large_image\" \/>\n<meta name=\"twitter:label1\" content=\"Tempo di lettura stimato\">\n\t<meta name=\"twitter:data1\" content=\"17 minuti\">\n<script type=\"application\/ld+json\" class=\"yoast-schema-graph\">{\"@context\":\"https:\/\/schema.org\",\"@graph\":[{\"@type\":\"Organization\",\"@id\":\"https:\/\/www.constructivealps.net\/#organization\",\"name\":\"Constructive Alps\",\"url\":\"https:\/\/www.constructivealps.net\/\",\"sameAs\":[\"https:\/\/web.facebook.com\/ConstructiveAlps\/\",\"https:\/\/instagram.com\/constructivealps\/\",\"https:\/\/www.pinterest.de\/ConstructiveA\/\"],\"logo\":{\"@type\":\"ImageObject\",\"@id\":\"https:\/\/www.constructivealps.net\/#logo\",\"inLanguage\":\"it-IT\",\"url\":null,\"contentUrl\":null,\"width\":null,\"height\":null,\"caption\":\"Constructive Alps\"},\"image\":{\"@id\":\"https:\/\/www.constructivealps.net\/#logo\"}},{\"@type\":\"WebSite\",\"@id\":\"https:\/\/www.constructivealps.net\/#website\",\"url\":\"https:\/\/www.constructivealps.net\/\",\"name\":\"Constructive Alps\",\"description\":\"Internationaler Preis f\\u00fcr nachhaltiges Sanieren und Bauen in den Alpen\",\"publisher\":{\"@id\":\"https:\/\/www.constructivealps.net\/#organization\"},\"potentialAction\":[{\"@type\":\"SearchAction\",\"target\":\"https:\/\/www.constructivealps.net\/?s={search_term_string}\",\"query-input\":\"required name=search_term_string\"}],\"inLanguage\":\"it-IT\"},{\"@type\":\"WebPage\",\"@id\":\"https:\/\/www.constructivealps.net\/it\/partecipazione\/#webpage\",\"url\":\"https:\/\/www.constructivealps.net\/it\/partecipazione\/\",\"name\":\"Partecipazione | Constructive Alps\",\"isPartOf\":{\"@id\":\"https:\/\/www.constructivealps.net\/#website\"},\"datePublished\":\"2020-01-13T10:20:25+00:00\",\"dateModified\":\"2022-01-11T12:22:17+00:00\",\"breadcrumb\":{\"@id\":\"https:\/\/www.constructivealps.net\/it\/partecipazione\/#breadcrumb\"},\"inLanguage\":\"it-IT\",\"potentialAction\":[{\"@type\":\"ReadAction\",\"target\":[\"https:\/\/www.constructivealps.net\/it\/partecipazione\/\"]}]},{\"@type\":\"BreadcrumbList\",\"@id\":\"https:\/\/www.constructivealps.net\/it\/partecipazione\/#breadcrumb\",\"itemListElement\":[{\"@type\":\"ListItem\",\"position\":1,\"item\":{\"@type\":\"WebPage\",\"@id\":\"https:\/\/www.constructivealps.net\/it\/\",\"url\":\"https:\/\/www.constructivealps.net\/it\/\",\"name\":\"Startseite\"}},{\"@type\":\"ListItem\",\"position\":2,\"item\":{\"@type\":\"WebPage\",\"@id\":\"https:\/\/www.constructivealps.net\/it\/partecipazione\/\",\"url\":\"https:\/\/www.constructivealps.net\/it\/partecipazione\/\",\"name\":\"Partecipazione\"}}]}]}<\/script>\n<!-- \/ Yoast SEO plugin. -->","_links":{"self":[{"href":"https:\/\/www.constructivealps.net\/it\/wp-json\/wp\/v2\/pages\/5219"}],"collection":[{"href":"https:\/\/www.constructivealps.net\/it\/wp-json\/wp\/v2\/pages"}],"about":[{"href":"https:\/\/www.constructivealps.net\/it\/wp-json\/wp\/v2\/types\/page"}],"author":[{"embeddable":true,"href":"https:\/\/www.constructivealps.net\/it\/wp-json\/wp\/v2\/users\/1"}],"replies":[{"embeddable":true,"href":"https:\/\/www.constructivealps.net\/it\/wp-json\/wp\/v2\/comments?post=5219"}],"version-history":[{"count":18,"href":"https:\/\/www.constructivealps.net\/it\/wp-json\/wp\/v2\/pages\/5219\/revisions"}],"predecessor-version":[{"id":8950,"href":"https:\/\/www.constructivealps.net\/it\/wp-json\/wp\/v2\/pages\/5219\/revisions\/8950"}],"wp:attachment":[{"href":"https:\/\/www.constructivealps.net\/it\/wp-json\/wp\/v2\/media?parent=5219"}],"curies":[{"name":"wp","href":"https:\/\/api.w.org\/{rel}","templated":true}]}}