{"id":5220,"date":"2020-01-13T16:00:50","date_gmt":"2020-01-13T15:00:50","guid":{"rendered":"http:\/\/www.constructivealps.net\/?page_id=5220"},"modified":"2022-01-11T13:22:37","modified_gmt":"2022-01-11T12:22:37","slug":"udelezba","status":"publish","type":"page","link":"https:\/\/www.constructivealps.net\/sl\/udelezba\/","title":{"rendered":"Udele\u017eba"},"content":{"rendered":"<p><div class=\"fusion-fullwidth fullwidth-box fusion-builder-row-1 fusion-parallax-none hundred-percent-fullwidth non-hundred-percent-height-scrolling fusion-equal-height-columns fusion-no-small-visibility fusion-no-medium-visibility\" style=\"background-color: rgba(255,255,255,0);background-image: url(&quot;http:\/\/www.constructivealps.net\/wp-content\/uploads\/2019\/10\/2017_CasaSocialeCaltroncMariano-Dallago-7.jpg&quot;);background-position: left top;background-repeat: no-repeat;padding-top:0%;padding-right:0%;padding-bottom:0%;padding-left:0%;margin-bottom: 0px;margin-top: 0px;border-width: 0px 0px 0px 0px;border-color:#eae9e9;border-style:solid;-webkit-background-size:cover;-moz-background-size:cover;-o-background-size:cover;background-size:cover;\" ><div class=\"fusion-builder-row fusion-row\"><div class=\"fusion-layout-column fusion_builder_column fusion-builder-column-0 fusion_builder_column_2_3 2_3 fusion-two-third fusion-column-first\" style=\"width:66.666666666667%;width:calc(66.666666666667% - ( ( 0% ) * 0.66666666666667 ) );margin-right: 0%;margin-top:0%;margin-bottom:0%;\"><div class=\"fusion-column-wrapper fusion-flex-column-wrapper-legacy\" style=\"background-image: url(&#039;http:\/\/www.constructivealps.net\/wp-content\/uploads\/2019\/10\/2017_AlpGliverscRalphFeiner-1.jpg&#039;);background-position:left top;background-blend-mode: overlay;background-repeat:no-repeat;-webkit-background-size:cover;-moz-background-size:cover;-o-background-size:cover;background-size:cover;background-color:rgba(255,255,255,0.6);padding: 3vh 4.5% 4.5% 4.5%;\" data-bg-url=\"http:\/\/www.constructivealps.net\/wp-content\/uploads\/2019\/10\/2017_AlpGliverscRalphFeiner-1.jpg\"><style type=\"text\/css\"><\/style><div class=\"fusion-title title fusion-title-1 fusion-sep-none fusion-title-center fusion-title-text fusion-title-size-one\" style=\"margin-top:0px;margin-right:0px;margin-bottom:31px;margin-left:0px;\"><h1 class=\"title-heading-center\" style=\"margin:0;color:#000000;\"><span class=\"tlid-translation translation\" lang=\"sl\"><span class=\"alt-edited\" title=\"\">Udele\u017eba<\/span><\/span><\/h1><\/div><div class=\"fusion-builder-row fusion-builder-row-inner fusion-row\"><div class=\"fusion-layout-column fusion_builder_column_inner fusion-builder-nested-column-0 fusion_builder_column_inner_1_1 1_1 fusion-one-full fusion-column-first fusion-column-last fusion-column-no-min-height\" style=\"margin-top:0%;margin-bottom:0%;\"><div class=\"fusion-column-wrapper fusion-flex-column-wrapper-legacy\" style=\"background-position:left top;background-repeat:no-repeat;-webkit-background-size:cover;-moz-background-size:cover;-o-background-size:cover;background-size:cover;background-color:#ADADAD;padding: 2.5vh 3.75% 0.8vh 3.75%;\"><div class=\"fusion-text fusion-text-1\"><div class=\"fusion-text\">\n<p><strong>\u0160vicarska konfederacija in Kne\u017eevina Lihten\u0161tajn \u017ee \u0161esti\u010d razpisujeta nate\u010daj za mednarodno arhitekturno nagrado za trajnostno gradnjo in prenovo v Alpah \u00bbConstructive Alps\u00ab, z nagradnim skladom v vi\u0161ini 50.000 evrov. \u017dirija k sodelovanju vabi arhitektke, arhitekte ter investitorke in investitorje, katerih projekti gradnje ali prenove \u2013 izvedeni med letoma 2017 in 2021 \u2013, na <a href=\"https:\/\/www.atlas.alpconv.org\/maps\/new?layer=geonode:Alpine_Convention_Perimeter_2018_v2&amp;view=True&amp;layer=geonode:Alpine_Convention_Perimeter_2018_v2\" target=\"_blank\" rel=\"noopener\">obmo\u010dju Alpske konvencije<\/a> prispevajo k uresni\u010ditvi podnebnega cilja \u00bbneto ni\u010d emisij\u00ab.<\/strong><\/p>\n<p>I\u0161\u010dejo se zgledni primeri prenove, novogradnje ali raz\u0161iritve: stanovanjskih stavb, javnih objektov \u2013 ob\u010dinskih stavb, bolni\u0161nic, objektov spadajo\u010dih h kulturni (gledali\u0161\u010da, muzeji&#8230;), k energetski (npr. skupnostne elektrarne) ali k prometni infrastrukturi (\u017eelezni\u0161ke in avtobusne postaje) \u2013, vse do gradenj, ki slu\u017eijo kmetijskemu in\/ali turisti\u010dnemu namenu. Tokratno vodilo se glasi: \u00bbPrenoviti in oplemeniti je podnebju prijazneje kot poru\u0161iti.\u00ab Prav zato bo v okviru \u0161este izvedbe nate\u010daja v ospredju predvsem prenova.<\/p>\n<p><strong>Strokovna <a href=\"https:\/\/www.constructivealps.net\/sl\/zirija\/\">\u017eirija<\/a> bo projekte ocenjevala v skladu s \u0161tirimi kriteriji in na\u010delom \u00bbneto ni\u010d\u00ab.<\/strong><\/p>\n<p><strong>&#8211; Ekolo\u0161ki vidik<\/strong>: Kako objekti prispevajo k ekolo\u0161ki razumnosti, in sicer z vidikov konstrukcije in rabe? Pri odgovoru na omenjeno vpra\u0161anje bodo pomembno vlogo igrali merljivi podatki, zlasti energijski kazalniki, kakor tudi ume\u0161\u010denost objekta v prostor in njegova povezanost z omre\u017eji oz. sistemi podnebju prijazne mobilnosti.<\/p>\n<p><strong>&#8211; Ekonomski vidik<\/strong>: Kako projekt prispeva k smotrnem usklajevanju stro\u0161kov z namenom in na\u010dinom oz. na\u010dini rabe? Ekonomski vidik bo igral pomembno vlogo tudi pri opazovanju vklju\u010denosti materialov in izvajalk ter izvajalcev strokovnih del iz regije v sam projekt.<\/p>\n<p><strong>&#8211; Dru\u017ebeni vidik<\/strong>: Kako projekt prispeva k izbolj\u0161anju kakovosti bivanja ljudi na njihov mati\u010dnih lokacijah in v globalnem okviru? Katera oblika bivanja zagotavlja najvi\u0161jo stopnjo kakovosti \u017eivljenja z vidika kar se da majhne porabe povr\u0161ine?<\/p>\n<p><strong>&#8211; Arhitekturni vidik<\/strong>: Kako objekt prispeva k arhitekturi z vidika estetike?<\/p>\n<p>Nate\u010daj bo tudi tokrat potekal v dveh krogih. Izpolnitev obrazca na spletni strani predstavlja prvi korak k sodelovanju v prvem krogu.\u00a0 Skrajni rok za oddajo omenjenega spletnega obrazca je 21. januar 2022. \u017dirija bo za sodelovanje v drugem krogu po skrbnem pregledu nate\u010dajnih prispevkov izbrala 25 projektov, ki si jih bo spomladi 2022 ogledala tudi na vsakokratni lokaciji. Podelitev nagrad bo na sporedu v mesecu septembru 2022, na prireditvi \u00bbPodnebni teden\u00ab (<em>Klimawoche<\/em>) v \u0161vicarskem Brigu. Prodorne in predvsem zgledne konceptualne zasnove bodo predstavljene na potujo\u010di razstavi, ki bo v okviru niza prireditev in dogodkov na temo gradnje in arhitekture gostovala po vseh dr\u017eavah alpskega loka, glas o njih pa bo raz\u0161irjan tudi onstran meja alpskega prostora.<\/p>\n<\/div>\n<\/div><div class=\"fusion-aligncenter\"><style type=\"text\/css\">.fusion-button.button-1 {border-radius:2px;}<\/style><a class=\"fusion-button button-flat fusion-button-default-size button-default button-1 fusion-button-default-span fusion-button-default-type\" target=\"_self\" href=\"https:\/\/www.constructivealps.net\/sl\/prijava\/\"><span class=\"fusion-button-text\">Obrazec<\/span><\/a><\/div><div class=\"fusion-clearfix\"><\/div><\/div><\/div><\/div><div class=\"fusion-clearfix\"><\/div><\/div><\/div><div class=\"fusion-layout-column fusion_builder_column fusion-builder-column-1 fusion_builder_column_1_3 1_3 fusion-one-third fusion-column-last\" style=\"width:33.333333333333%;width:calc(33.333333333333% - ( ( 0% ) * 0.33333333333333 ) );margin-top:0%;margin-bottom:0%;\"><div class=\"fusion-column-wrapper fusion-flex-column-wrapper-legacy\" style=\"background-position:left top;background-repeat:no-repeat;-webkit-background-size:cover;-moz-background-size:cover;-o-background-size:cover;background-size:cover;background-color:#7eab52;padding: 3vh 9% 9% 9%;\"><style type=\"text\/css\"><\/style><div class=\"fusion-title title fusion-title-2 fusion-sep-none fusion-title-center fusion-title-text fusion-title-size-one\" style=\"margin-top:10px;margin-right:0px;margin-bottom:31px;margin-left:0px;\"><h1 class=\"title-heading-center\" style=\"margin:0;color:#000000;\">Kriterij<\/h1><\/div><div class=\"fusion-aligncenter\"><style type=\"text\/css\">.fusion-button.button-2 .fusion-button-text, .fusion-button.button-2 i {color:#000000;}.fusion-button.button-2 .fusion-button-icon-divider{border-color:#000000;}.fusion-button.button-2:hover .fusion-button-text, .fusion-button.button-2:hover i,.fusion-button.button-2:focus .fusion-button-text, .fusion-button.button-2:focus i,.fusion-button.button-2:active .fusion-button-text, .fusion-button.button-2:active{color:#8bc34a;}.fusion-button.button-2:hover .fusion-button-icon-divider, .fusion-button.button-2:hover .fusion-button-icon-divider, .fusion-button.button-2:active .fusion-button-icon-divider{border-color:#8bc34a;}.fusion-button.button-2:hover, .fusion-button.button-2:focus, .fusion-button.button-2:active{border-color:#000000;border-width:1px;}.fusion-button.button-2 {border-color:#000000;border-width:1px;border-radius:2px;}.fusion-button.button-2{background: #ffffff;}.fusion-button.button-2:hover,.button-2:focus,.fusion-button.button-2:active{background: #ffffff;}<\/style><a class=\"fusion-button button-flat fusion-button-default-size button-custom button-2 fusion-button-default-span fusion-button-default-type fusion-animated\" data-animationType=\"zoomInLeft\" data-animationDuration=\"0.3\" data-animationOffset=\"100%\" target=\"_self\" href=\"http:\/\/www.constructivealps.net\/sl\/kriterij\"><span class=\"fusion-button-text\">Merila za oddajo projektov<\/span><\/a><\/div><div class=\"fusion-clearfix\"><\/div><\/div><\/div><\/div><\/div><div class=\"fusion-fullwidth fullwidth-box fusion-builder-row-2 hundred-percent-fullwidth non-hundred-percent-height-scrolling fusion-equal-height-columns fusion-no-large-visibility\" style=\"background-color: rgba(255,255,255,0);background-position: center center;background-repeat: no-repeat;padding-top:0%;padding-right:0%;padding-bottom:0%;padding-left:0%;margin-bottom: 0px;margin-top: 0px;border-width: 0px 0px 0px 0px;border-color:#eae9e9;border-style:solid;\" ><div class=\"fusion-builder-row fusion-row\"><div class=\"fusion-layout-column fusion_builder_column fusion-builder-column-2 fusion_builder_column_1_1 1_1 fusion-one-full fusion-column-first fusion-column-last\" style=\"margin-top:0%;margin-bottom:0%;\"><div class=\"fusion-column-wrapper fusion-flex-column-wrapper-legacy\" style=\"background-position:left top;background-repeat:no-repeat;-webkit-background-size:cover;-moz-background-size:cover;-o-background-size:cover;background-size:cover;background-color:#ffffff;padding: 3vh 6% 6% 6%;\"><style type=\"text\/css\"><\/style><div class=\"fusion-title title fusion-title-3 fusion-sep-none fusion-title-center fusion-title-text fusion-title-size-one\" style=\"margin-top:0px;margin-right:0px;margin-bottom:31px;margin-left:0px;\"><h1 class=\"title-heading-center\" style=\"margin:0;color:#000000;\"><span class=\"tlid-translation translation\" lang=\"sl\"><span class=\"alt-edited\" title=\"\">Udele\u017eba<\/span><\/span><\/h1><\/div><div class=\"fusion-builder-row fusion-builder-row-inner fusion-row\"><div class=\"fusion-layout-column fusion_builder_column_inner fusion-builder-nested-column-1 fusion_builder_column_inner_1_1 1_1 fusion-one-full fusion-column-first fusion-column-last fusion-column-no-min-height\" style=\"margin-top:0%;margin-bottom:0%;\"><div class=\"fusion-column-wrapper fusion-flex-column-wrapper-legacy\" style=\"background-position:left top;background-repeat:no-repeat;-webkit-background-size:cover;-moz-background-size:cover;-o-background-size:cover;background-size:cover;background-color:#ADADAD;padding: 2.5vh 3.75% 0.8vh 3.75%;\"><div class=\"fusion-text fusion-text-2\"><div class=\"fusion-text\">\n<p><strong>\u0160vicarska konfederacija in Kne\u017eevina Lihten\u0161tajn \u017ee \u0161esti\u010d razpisujeta nate\u010daj za mednarodno arhitekturno nagrado za trajnostno gradnjo in prenovo v Alpah \u00bbConstructive Alps\u00ab, z nagradnim skladom v vi\u0161ini 50.000 evrov. \u017dirija k sodelovanju vabi arhitektke, arhitekte ter investitorke in investitorje, katerih projekti gradnje ali prenove \u2013 izvedeni med letoma 2017 in 2021 \u2013, na <a href=\"https:\/\/www.atlas.alpconv.org\/maps\/new?layer=geonode:Alpine_Convention_Perimeter_2018_v2&amp;view=True&amp;layer=geonode:Alpine_Convention_Perimeter_2018_v2\" target=\"_blank\" rel=\"noopener\">obmo\u010dju Alpske konvencije<\/a> prispevajo k uresni\u010ditvi podnebnega cilja \u00bbneto ni\u010d emisij\u00ab.<\/strong><\/p>\n<p>I\u0161\u010dejo se zgledni primeri prenove, novogradnje ali raz\u0161iritve: stanovanjskih stavb, javnih objektov \u2013 ob\u010dinskih stavb, bolni\u0161nic, objektov spadajo\u010dih h kulturni (gledali\u0161\u010da, muzeji&#8230;), k energetski (npr. skupnostne elektrarne) ali k prometni infrastrukturi (\u017eelezni\u0161ke in avtobusne postaje) \u2013, vse do gradenj, ki slu\u017eijo kmetijskemu in\/ali turisti\u010dnemu namenu. Tokratno vodilo se glasi: \u00bbPrenoviti in oplemeniti je podnebju prijazneje kot poru\u0161iti.\u00ab Prav zato bo v okviru \u0161este izvedbe nate\u010daja v ospredju predvsem prenova.<\/p>\n<p><strong>Strokovna <a href=\"https:\/\/www.constructivealps.net\/sl\/zirija\/\">\u017eirija<\/a> bo projekte ocenjevala v skladu s \u0161tirimi kriteriji in na\u010delom \u00bbneto ni\u010d\u00ab.<\/strong><\/p>\n<ul>\n<li><strong>Ekolo\u0161ki vidik<\/strong>: Kako objekti prispevajo k ekolo\u0161ki razumnosti, in sicer z vidikov konstrukcije in rabe? Pri odgovoru na omenjeno vpra\u0161anje bodo pomembno vlogo igrali merljivi podatki, zlasti energijski kazalniki, kakor tudi ume\u0161\u010denost objekta v prostor in njegova povezanost z omre\u017eji oz. sistemi podnebju prijazne mobilnosti.<\/li>\n<li><strong>Ekonomski vidik<\/strong>: Kako projekt prispeva k smotrnem usklajevanju stro\u0161kov z namenom in na\u010dinom oz. na\u010dini rabe? Ekonomski vidik bo igral pomembno vlogo tudi pri opazovanju vklju\u010denosti materialov in izvajalk ter izvajalcev strokovnih del iz regije v sam projekt.<\/li>\n<li><strong>Dru\u017ebeni vidik<\/strong>: Kako projekt prispeva k izbolj\u0161anju kakovosti bivanja ljudi na njihov mati\u010dnih lokacijah in v globalnem okviru? Katera oblika bivanja zagotavlja najvi\u0161jo stopnjo kakovosti \u017eivljenja z vidika kar se da majhne porabe povr\u0161ine?<\/li>\n<li><strong>Arhitekturni vidik<\/strong>: Kako objekt prispeva k arhitekturi z vidika estetike?<\/li>\n<\/ul>\n<p>Nate\u010daj bo tudi tokrat potekal v dveh krogih. Izpolnitev obrazca na spletni strani predstavlja prvi korak k sodelovanju v prvem krogu.\u00a0 Skrajni rok za oddajo omenjenega spletnega obrazca je 21. januar 2022. \u017dirija bo za sodelovanje v drugem krogu po skrbnem pregledu nate\u010dajnih prispevkov izbrala 25 projektov, ki si jih bo spomladi 2022 ogledala tudi na vsakokratni lokaciji. Podelitev nagrad bo na sporedu v mesecu septembru 2022, na prireditvi \u00bbPodnebni teden\u00ab (<em>Klimawoche<\/em>) v \u0161vicarskem Brigu. Prodorne in predvsem zgledne konceptualne zasnove bodo predstavljene na potujo\u010di razstavi, ki bo v okviru niza prireditev in dogodkov na temo gradnje in arhitekture gostovala po vseh dr\u017eavah alpskega loka, glas o njih pa bo raz\u0161irjan tudi onstran meja alpskega prostora.<\/p>\n<\/div>\n<\/div><div class=\"fusion-aligncenter\"><style type=\"text\/css\">.fusion-button.button-3 {border-radius:2px;}<\/style><a class=\"fusion-button button-flat fusion-button-default-size button-default button-3 fusion-button-default-span fusion-button-default-type\" target=\"_self\" href=\"https:\/\/www.constructivealps.net\/sl\/prijava\/\"><span class=\"fusion-button-text\">Obrazec<\/span><\/a><\/div><div class=\"fusion-clearfix\"><\/div><\/div><\/div><\/div><div class=\"fusion-clearfix\"><\/div><\/div><\/div><\/div><\/div><\/p>\n","protected":false},"excerpt":{"rendered":"","protected":false},"author":1,"featured_media":0,"parent":0,"menu_order":0,"comment_status":"closed","ping_status":"closed","template":"100-width.php","meta":[],"yoast_head":"<!-- This site is optimized with the Yoast SEO plugin v16.1.1 - https:\/\/yoast.com\/wordpress\/plugins\/seo\/ -->\n<title>Udele\u017eba | Constructive Alps<\/title>\n<link rel=\"canonical\" href=\"https:\/\/www.constructivealps.net\/sl\/udelezba\/\" \/>\n<meta property=\"og:locale\" content=\"sl_SI\" \/>\n<meta property=\"og:type\" content=\"article\" \/>\n<meta property=\"og:title\" content=\"Udele\u017eba | Constructive Alps\" \/>\n<meta property=\"og:url\" content=\"https:\/\/www.constructivealps.net\/sl\/udelezba\/\" \/>\n<meta property=\"og:site_name\" content=\"Constructive Alps\" \/>\n<meta property=\"article:publisher\" content=\"https:\/\/web.facebook.com\/ConstructiveAlps\/\" \/>\n<meta property=\"article:modified_time\" content=\"2022-01-11T12:22:37+00:00\" \/>\n<meta name=\"twitter:card\" content=\"summary_large_image\" \/>\n<meta name=\"twitter:label1\" content=\"Est. reading time\">\n\t<meta name=\"twitter:data1\" content=\"14 minut\">\n<script type=\"application\/ld+json\" class=\"yoast-schema-graph\">{\"@context\":\"https:\/\/schema.org\",\"@graph\":[{\"@type\":\"Organization\",\"@id\":\"https:\/\/www.constructivealps.net\/#organization\",\"name\":\"Constructive Alps\",\"url\":\"https:\/\/www.constructivealps.net\/\",\"sameAs\":[\"https:\/\/web.facebook.com\/ConstructiveAlps\/\",\"https:\/\/instagram.com\/constructivealps\/\",\"https:\/\/www.pinterest.de\/ConstructiveA\/\"],\"logo\":{\"@type\":\"ImageObject\",\"@id\":\"https:\/\/www.constructivealps.net\/#logo\",\"inLanguage\":\"sl-SI\",\"url\":null,\"contentUrl\":null,\"width\":null,\"height\":null,\"caption\":\"Constructive Alps\"},\"image\":{\"@id\":\"https:\/\/www.constructivealps.net\/#logo\"}},{\"@type\":\"WebSite\",\"@id\":\"https:\/\/www.constructivealps.net\/#website\",\"url\":\"https:\/\/www.constructivealps.net\/\",\"name\":\"Constructive Alps\",\"description\":\"Internationaler Preis f\\u00fcr nachhaltiges Sanieren und Bauen in den Alpen\",\"publisher\":{\"@id\":\"https:\/\/www.constructivealps.net\/#organization\"},\"potentialAction\":[{\"@type\":\"SearchAction\",\"target\":\"https:\/\/www.constructivealps.net\/?s={search_term_string}\",\"query-input\":\"required name=search_term_string\"}],\"inLanguage\":\"sl-SI\"},{\"@type\":\"WebPage\",\"@id\":\"https:\/\/www.constructivealps.net\/sl\/udelezba\/#webpage\",\"url\":\"https:\/\/www.constructivealps.net\/sl\/udelezba\/\",\"name\":\"Udele\\u017eba | Constructive Alps\",\"isPartOf\":{\"@id\":\"https:\/\/www.constructivealps.net\/#website\"},\"datePublished\":\"2020-01-13T15:00:50+00:00\",\"dateModified\":\"2022-01-11T12:22:37+00:00\",\"breadcrumb\":{\"@id\":\"https:\/\/www.constructivealps.net\/sl\/udelezba\/#breadcrumb\"},\"inLanguage\":\"sl-SI\",\"potentialAction\":[{\"@type\":\"ReadAction\",\"target\":[\"https:\/\/www.constructivealps.net\/sl\/udelezba\/\"]}]},{\"@type\":\"BreadcrumbList\",\"@id\":\"https:\/\/www.constructivealps.net\/sl\/udelezba\/#breadcrumb\",\"itemListElement\":[{\"@type\":\"ListItem\",\"position\":1,\"item\":{\"@type\":\"WebPage\",\"@id\":\"https:\/\/www.constructivealps.net\/sl\/\",\"url\":\"https:\/\/www.constructivealps.net\/sl\/\",\"name\":\"Startseite\"}},{\"@type\":\"ListItem\",\"position\":2,\"item\":{\"@type\":\"WebPage\",\"@id\":\"https:\/\/www.constructivealps.net\/sl\/udelezba\/\",\"url\":\"https:\/\/www.constructivealps.net\/sl\/udelezba\/\",\"name\":\"Udele\\u017eba\"}}]}]}<\/script>\n<!-- \/ Yoast SEO plugin. -->","_links":{"self":[{"href":"https:\/\/www.constructivealps.net\/sl\/wp-json\/wp\/v2\/pages\/5220"}],"collection":[{"href":"https:\/\/www.constructivealps.net\/sl\/wp-json\/wp\/v2\/pages"}],"about":[{"href":"https:\/\/www.constructivealps.net\/sl\/wp-json\/wp\/v2\/types\/page"}],"author":[{"embeddable":true,"href":"https:\/\/www.constructivealps.net\/sl\/wp-json\/wp\/v2\/users\/1"}],"replies":[{"embeddable":true,"href":"https:\/\/www.constructivealps.net\/sl\/wp-json\/wp\/v2\/comments?post=5220"}],"version-history":[{"count":17,"href":"https:\/\/www.constructivealps.net\/sl\/wp-json\/wp\/v2\/pages\/5220\/revisions"}],"predecessor-version":[{"id":8951,"href":"https:\/\/www.constructivealps.net\/sl\/wp-json\/wp\/v2\/pages\/5220\/revisions\/8951"}],"wp:attachment":[{"href":"https:\/\/www.constructivealps.net\/sl\/wp-json\/wp\/v2\/media?parent=5220"}],"curies":[{"name":"wp","href":"https:\/\/api.w.org\/{rel}","templated":true}]}}