{"id":7383,"date":"2020-11-06T17:33:14","date_gmt":"2020-11-06T16:33:14","guid":{"rendered":"http:\/\/www.constructivealps.net\/?page_id=7383"},"modified":"2022-09-18T08:56:37","modified_gmt":"2022-09-18T06:56:37","slug":"nagrajenci-2022","status":"publish","type":"page","link":"https:\/\/www.constructivealps.net\/sl\/nagrajenci-2022\/","title":{"rendered":"Nagrajenci 2022"},"content":{"rendered":"<p><div class=\"fusion-fullwidth fullwidth-box fusion-builder-row-1 hundred-percent-fullwidth non-hundred-percent-height-scrolling fusion-no-small-visibility fusion-no-medium-visibility\" style=\"background-color: rgba(255,255,255,0.5);background-position: center center;background-repeat: no-repeat;padding-top:0%;padding-right:0%;padding-bottom:0%;padding-left:0%;margin-bottom: 0px;margin-top: 0px;border-width: 0px 0px 0px 0px;border-color:#eae9e9;border-style:solid;\" ><div class=\"fusion-builder-row fusion-row\"><div class=\"fusion-layout-column fusion_builder_column fusion-builder-column-0 fusion_builder_column_1_1 1_1 fusion-one-full fusion-column-first fusion-column-last\" style=\"margin-top:0%;margin-bottom:0%;\"><div class=\"fusion-column-wrapper fusion-flex-column-wrapper-legacy\" style=\"background-position:left top;background-repeat:no-repeat;-webkit-background-size:cover;-moz-background-size:cover;-o-background-size:cover;background-size:cover;background-color:#ffffff;padding: 3vh 3% 3% 3%;\"><style type=\"text\/css\"><\/style><div class=\"fusion-title title fusion-title-1 fusion-sep-none fusion-title-center fusion-title-text fusion-title-size-one\" style=\"margin-top:0px;margin-right:0px;margin-bottom:31px;margin-left:0px;\"><h1 class=\"title-heading-center\" style=\"margin:0;color:#000000;\">Nagrajenci 2022<\/h1><\/div><div class=\"fusion-text fusion-text-1\"><p>\u0160vica in Kne\u017eevina Lihten\u0161tajn sta 16. septembra 2022 \u017ee \u0161esti\u010d podelili mednarodno arhitekturno nagrado <em>Konstruktivne Alpe\/Constructive Alps<\/em> za trajnostno gradnjo in prenovo na obmo\u010dju Alp. Strokovna \u017eirija je tokrat pregledala in ocenila 240 prijavljenih projektov iz sedmih alpskih dr\u017eav, enajst izstopajo\u010dih stvaritev alpske arhitekture pa nagradila.<\/p>\n<\/div><div class=\"fusion-text fusion-text-2\"><h3>Nagrajenci<\/h3>\n<\/div><div class=\"fusion-post-slider fusion-flexslider fusion-flexslider-loading flexslider-posts\"><ul class=\"slides\"><li><a href=\"https:\/\/www.constructivealps.net\/sl\/neubau-schulhaus-feld\/\" aria-label=\"Neubau Schulhaus Feld\"><img width=\"2000\" height=\"1236\" class=\"wp-image-9773\" src=\"https:\/\/www.constructivealps.net\/wp-content\/uploads\/2022\/04\/1klein_01_GeorgAerni.jpg\" alt=\"Schulhaus Feld Azmoos \u00a9 Georg Aerni\" srcset=\"https:\/\/www.constructivealps.net\/wp-content\/uploads\/2022\/04\/1klein_01_GeorgAerni-200x124.jpg 200w, https:\/\/www.constructivealps.net\/wp-content\/uploads\/2022\/04\/1klein_01_GeorgAerni-400x247.jpg 400w, https:\/\/www.constructivealps.net\/wp-content\/uploads\/2022\/04\/1klein_01_GeorgAerni-600x371.jpg 600w, https:\/\/www.constructivealps.net\/wp-content\/uploads\/2022\/04\/1klein_01_GeorgAerni-800x494.jpg 800w, https:\/\/www.constructivealps.net\/wp-content\/uploads\/2022\/04\/1klein_01_GeorgAerni-1200x742.jpg 1200w, https:\/\/www.constructivealps.net\/wp-content\/uploads\/2022\/04\/1klein_01_GeorgAerni.jpg 2000w\" sizes=\"(max-width: 1125px) 100vw, 2000px\" \/><\/a><div class=\"slide-excerpt\"><h2><a href=\"https:\/\/www.constructivealps.net\/sl\/neubau-schulhaus-feld\/\">Neubau Schulhaus Feld<\/a><\/h2><\/div><\/li><li><a href=\"https:\/\/www.constructivealps.net\/sl\/generalsanierung-falkenhutte\/\" aria-label=\"Generalna prenova ko\u010de Falkenh\u00fctte\"><img width=\"2000\" height=\"871\" class=\"wp-image-10129\" src=\"https:\/\/www.constructivealps.net\/wp-content\/uploads\/2022\/04\/6klein_cut_Falkenhutte_Zugang-Personal_Schmid.jpg\" alt=\"Falkenh\u00fctte \u00a9 Architekturb\u00fcro Rainer Schmid\" srcset=\"https:\/\/www.constructivealps.net\/wp-content\/uploads\/2022\/04\/6klein_cut_Falkenhutte_Zugang-Personal_Schmid-200x87.jpg 200w, https:\/\/www.constructivealps.net\/wp-content\/uploads\/2022\/04\/6klein_cut_Falkenhutte_Zugang-Personal_Schmid-400x174.jpg 400w, https:\/\/www.constructivealps.net\/wp-content\/uploads\/2022\/04\/6klein_cut_Falkenhutte_Zugang-Personal_Schmid-600x261.jpg 600w, https:\/\/www.constructivealps.net\/wp-content\/uploads\/2022\/04\/6klein_cut_Falkenhutte_Zugang-Personal_Schmid-800x348.jpg 800w, https:\/\/www.constructivealps.net\/wp-content\/uploads\/2022\/04\/6klein_cut_Falkenhutte_Zugang-Personal_Schmid-1200x523.jpg 1200w, https:\/\/www.constructivealps.net\/wp-content\/uploads\/2022\/04\/6klein_cut_Falkenhutte_Zugang-Personal_Schmid.jpg 2000w\" sizes=\"(max-width: 1125px) 100vw, 2000px\" \/><\/a><div class=\"slide-excerpt\"><h2><a href=\"https:\/\/www.constructivealps.net\/sl\/generalsanierung-falkenhutte\/\">Generalna prenova ko\u010de Falkenh\u00fctte<\/a><\/h2><\/div><\/li><li><a href=\"https:\/\/www.constructivealps.net\/sl\/hauptsitz-okofen-frankreich\/\" aria-label=\"Headquarters \u00d6koFEN France\"><img width=\"2047\" height=\"1062\" class=\"wp-image-10261\" src=\"https:\/\/www.constructivealps.net\/wp-content\/uploads\/2022\/04\/8_cut_26-\u00a9-Charly-Broyez.jpg\" alt=\"Si\u00e8ge Social \u00d6koFEN \u00a9 Charly Broyez\" srcset=\"https:\/\/www.constructivealps.net\/wp-content\/uploads\/2022\/04\/8_cut_26-\u00a9-Charly-Broyez-200x104.jpg 200w, https:\/\/www.constructivealps.net\/wp-content\/uploads\/2022\/04\/8_cut_26-\u00a9-Charly-Broyez-400x208.jpg 400w, https:\/\/www.constructivealps.net\/wp-content\/uploads\/2022\/04\/8_cut_26-\u00a9-Charly-Broyez-600x311.jpg 600w, https:\/\/www.constructivealps.net\/wp-content\/uploads\/2022\/04\/8_cut_26-\u00a9-Charly-Broyez-800x415.jpg 800w, https:\/\/www.constructivealps.net\/wp-content\/uploads\/2022\/04\/8_cut_26-\u00a9-Charly-Broyez-1200x623.jpg 1200w, https:\/\/www.constructivealps.net\/wp-content\/uploads\/2022\/04\/8_cut_26-\u00a9-Charly-Broyez.jpg 2047w\" sizes=\"(max-width: 1125px) 100vw, 2047px\" \/><\/a><div class=\"slide-excerpt\"><h2><a href=\"https:\/\/www.constructivealps.net\/sl\/hauptsitz-okofen-frankreich\/\">Headquarters \u00d6koFEN France<\/a><\/h2><\/div><\/li><li><a href=\"https:\/\/www.constructivealps.net\/sl\/wohnuberbauung-ghiringhelli\/\" aria-label=\"Apartment building Ghiringhelli\"><img width=\"2000\" height=\"1049\" class=\"wp-image-10450\" src=\"https:\/\/www.constructivealps.net\/wp-content\/uploads\/2022\/04\/1klein_cut_01Baukorper-_-Ghirnghelli-Bellinzona-Mai-21_\u00a9-Rene-Durr_2-k.jpg\" alt=\"Wohn\u00fcberbauung Ghiringhelli \u00a9 Ren\u00e9 D\u00fcrr\" srcset=\"https:\/\/www.constructivealps.net\/wp-content\/uploads\/2022\/04\/1klein_cut_01Baukorper-_-Ghirnghelli-Bellinzona-Mai-21_\u00a9-Rene-Durr_2-k-200x105.jpg 200w, https:\/\/www.constructivealps.net\/wp-content\/uploads\/2022\/04\/1klein_cut_01Baukorper-_-Ghirnghelli-Bellinzona-Mai-21_\u00a9-Rene-Durr_2-k-400x210.jpg 400w, https:\/\/www.constructivealps.net\/wp-content\/uploads\/2022\/04\/1klein_cut_01Baukorper-_-Ghirnghelli-Bellinzona-Mai-21_\u00a9-Rene-Durr_2-k-600x315.jpg 600w, https:\/\/www.constructivealps.net\/wp-content\/uploads\/2022\/04\/1klein_cut_01Baukorper-_-Ghirnghelli-Bellinzona-Mai-21_\u00a9-Rene-Durr_2-k-800x420.jpg 800w, https:\/\/www.constructivealps.net\/wp-content\/uploads\/2022\/04\/1klein_cut_01Baukorper-_-Ghirnghelli-Bellinzona-Mai-21_\u00a9-Rene-Durr_2-k-1200x629.jpg 1200w, https:\/\/www.constructivealps.net\/wp-content\/uploads\/2022\/04\/1klein_cut_01Baukorper-_-Ghirnghelli-Bellinzona-Mai-21_\u00a9-Rene-Durr_2-k.jpg 2000w\" sizes=\"(max-width: 1125px) 100vw, 2000px\" \/><\/a><div class=\"slide-excerpt\"><h2><a href=\"https:\/\/www.constructivealps.net\/sl\/wohnuberbauung-ghiringhelli\/\">Apartment building Ghiringhelli<\/a><\/h2><\/div><\/li><\/ul><\/div><div class=\"fusion-text fusion-text-3\"><h3>Priznanje<\/h3>\n<\/div><div class=\"fusion-blog-shortcode fusion-blog-shortcode-1 fusion-blog-archive fusion-blog-layout-grid-wrapper fusion-blog-no fusion-blog-layout-center\"><style type=\"text\/css\">.fusion-blog-shortcode-1 .fusion-blog-layout-grid .fusion-post-grid{padding:5px;}.fusion-blog-shortcode-1 .fusion-posts-container{margin-left: -5px !important; margin-right:-5px !important;}<\/style><div class=\"fusion-posts-container fusion-posts-container-no fusion-no-meta-info fusion-blog-rollover fusion-blog-layout-grid fusion-blog-layout-grid-4 isotope fusion-blog-equal-heights\" data-pages=\"1\" data-grid-col-space=\"10\" style=\"margin: -5px -5px 0;min-height:500px;\"><article id=\"blog-1-post-9721\" class=\"fusion-post-grid post-9721 post type-post status-publish format-standard has-post-thumbnail hentry category-priznanja-2022 category-projekti category-projekti22\">\n<div class=\"fusion-post-wrapper\" style=\"background-color:rgba(255,255,255,0);border:1px solid #ebeaea;border-bottom-width:3px;\">\n\n\t\t\t<div class=\"fusion-flexslider flexslider fusion-flexslider-loading fusion-post-slideshow\" style=\"border-color:#ebeaea;\">\n\t\t<ul class=\"slides\">\n\t\t\t\n\t\t\t\t\t\t\t\t\t\t\t\t\t\t<li>\n\n<div  class=\"fusion-image-wrapper\" aria-haspopup=\"true\">\n\t\n\t\n\t\n\t\t\n\t\t\t\t\t<img width=\"1680\" height=\"1120\" src=\"https:\/\/www.constructivealps.net\/wp-content\/uploads\/2022\/04\/1_Alpeggio-a-Petosan_Brambilla-Orsoni-Castiglioni_Foto-Eugenio-Castiglioni_09.jpg\" class=\"attachment-full size-full wp-post-image\" alt=\"Alpeggio Petosan \u00a9 Eugenio Castiglioni\" srcset=\"https:\/\/www.constructivealps.net\/wp-content\/uploads\/2022\/04\/1_Alpeggio-a-Petosan_Brambilla-Orsoni-Castiglioni_Foto-Eugenio-Castiglioni_09-200x133.jpg 200w, https:\/\/www.constructivealps.net\/wp-content\/uploads\/2022\/04\/1_Alpeggio-a-Petosan_Brambilla-Orsoni-Castiglioni_Foto-Eugenio-Castiglioni_09-400x267.jpg 400w, https:\/\/www.constructivealps.net\/wp-content\/uploads\/2022\/04\/1_Alpeggio-a-Petosan_Brambilla-Orsoni-Castiglioni_Foto-Eugenio-Castiglioni_09-600x400.jpg 600w, https:\/\/www.constructivealps.net\/wp-content\/uploads\/2022\/04\/1_Alpeggio-a-Petosan_Brambilla-Orsoni-Castiglioni_Foto-Eugenio-Castiglioni_09-800x533.jpg 800w, https:\/\/www.constructivealps.net\/wp-content\/uploads\/2022\/04\/1_Alpeggio-a-Petosan_Brambilla-Orsoni-Castiglioni_Foto-Eugenio-Castiglioni_09-1200x800.jpg 1200w, https:\/\/www.constructivealps.net\/wp-content\/uploads\/2022\/04\/1_Alpeggio-a-Petosan_Brambilla-Orsoni-Castiglioni_Foto-Eugenio-Castiglioni_09.jpg 1680w\" sizes=\"(min-width: 1200px) 25vw, (min-width: 2200px) 100vw, (min-width: 1181px) 473px, (min-width: 1109px) 630px, (min-width: 1037px) 945px, (min-width: 965px) 1037px, \" \/>\n\t\n\n\t\t<div class=\"fusion-rollover\">\n\t<div class=\"fusion-rollover-content\">\n\n\t\t\t\t\t\t\t\t\t\t\t\t\t\t<a class=\"fusion-rollover-link\" href=\"https:\/\/www.constructivealps.net\/sl\/alpeggio-petosan\/\">Alpine pasture in Petosan<\/a>\n\t\t\t\n\t\t\t\t\t\t\t\t\t\t\t\t\t\t\n\t\t\t\t\t\t\t\t\n\t\t\t\t\t\t\t\t\t\t\t\t\t<div class=\"fusion-rollover-sep\"><\/div>\n\t\t\t\t\n\t\t\t\t\t\t\t\t\t\t\t\t\t\t\t\t\t\t<a class=\"fusion-rollover-gallery\" href=\"https:\/\/www.constructivealps.net\/wp-content\/uploads\/2022\/04\/1_Alpeggio-a-Petosan_Brambilla-Orsoni-Castiglioni_Foto-Eugenio-Castiglioni_09.jpg\" data-id=\"9721\" data-rel=\"iLightbox[gallery]\" data-title=\"Alpeggio Petosan \u00a9 Eugenio Castiglioni\" data-caption=\"Alpeggio Petosan \u00a9 Eugenio Castiglioni\">\n\t\t\t\t\t\tGallery\t\t\t\t\t<\/a>\n\t\t\t\t\t\t\t\t\t\t\t\t\t\t\n\t\t\n\t\t\t\t\t\t\t\t\t\t\t\t<h4 class=\"fusion-rollover-title\">\n\t\t\t\t\t<a class=\"fusion-rollover-title-link\" href=\"https:\/\/www.constructivealps.net\/sl\/alpeggio-petosan\/\">\n\t\t\t\t\t\tAlpine pasture in Petosan\t\t\t\t\t<\/a>\n\t\t\t\t<\/h4>\n\t\t\t\n\t\t\t\t\t\t\t\t\n\t\t\n\t\t\t\t\t\t<a class=\"fusion-link-wrapper\" href=\"https:\/\/www.constructivealps.net\/sl\/alpeggio-petosan\/\" aria-label=\"Alpine pasture in Petosan\"><\/a>\n\t<\/div>\n<\/div>\n\n\t\n<\/div>\n<\/li>\n\t\t\t\n\t\t\t\n\t\t\t\t\t\t\t\t\t\t\t\t\t\t\t\t\t\t\t\t\t\t\t\t\t\t\t\t\t\t\t\t\t\t\t\t\t\t\t\t\t\t\t\t\t\t\t\t\t\t\t\t\t\t\t\t\t\t\t\t\t\t\t\t\t\t\t\t<\/ul>\n\t<\/div>\n\t<div class=\"fusion-post-content-wrapper\" style=\"padding:30px 25px 20px 25px;\"><div class=\"fusion-post-content post-content\"><h2 class=\"blog-shortcode-post-title entry-title\"><a href=\"https:\/\/www.constructivealps.net\/sl\/alpeggio-petosan\/\">Alpine pasture in Petosan<\/a><\/h2><\/div><\/div><div class=\"fusion-clearfix\"><\/div><\/div>\n<\/article>\n<article id=\"blog-1-post-9701\" class=\"fusion-post-grid post-9701 post type-post status-publish format-standard has-post-thumbnail hentry category-priznanja-2022 category-projekti category-projekti22\">\n<div class=\"fusion-post-wrapper\" style=\"background-color:rgba(255,255,255,0);border:1px solid #ebeaea;border-bottom-width:3px;\">\n\n\t\t\t<div class=\"fusion-flexslider flexslider fusion-flexslider-loading fusion-post-slideshow\" style=\"border-color:#ebeaea;\">\n\t\t<ul class=\"slides\">\n\t\t\t\n\t\t\t\t\t\t\t\t\t\t\t\t\t\t<li>\n\n<div  class=\"fusion-image-wrapper\" aria-haspopup=\"true\">\n\t\n\t\n\t\n\t\t\n\t\t\t\t\t<img width=\"1799\" height=\"762\" src=\"https:\/\/www.constructivealps.net\/wp-content\/uploads\/2022\/03\/final_01bRasmusNorlander.jpg\" class=\"attachment-full size-full wp-post-image\" alt=\"\u00a9 Rasmus Norlander\" srcset=\"https:\/\/www.constructivealps.net\/wp-content\/uploads\/2022\/03\/final_01bRasmusNorlander-200x85.jpg 200w, https:\/\/www.constructivealps.net\/wp-content\/uploads\/2022\/03\/final_01bRasmusNorlander-400x169.jpg 400w, https:\/\/www.constructivealps.net\/wp-content\/uploads\/2022\/03\/final_01bRasmusNorlander-600x254.jpg 600w, https:\/\/www.constructivealps.net\/wp-content\/uploads\/2022\/03\/final_01bRasmusNorlander-800x339.jpg 800w, https:\/\/www.constructivealps.net\/wp-content\/uploads\/2022\/03\/final_01bRasmusNorlander-1200x508.jpg 1200w, https:\/\/www.constructivealps.net\/wp-content\/uploads\/2022\/03\/final_01bRasmusNorlander.jpg 1799w\" sizes=\"(min-width: 1200px) 25vw, (min-width: 2200px) 100vw, (min-width: 1181px) 473px, (min-width: 1109px) 630px, (min-width: 1037px) 945px, (min-width: 965px) 1037px, \" \/>\n\t\n\n\t\t<div class=\"fusion-rollover\">\n\t<div class=\"fusion-rollover-content\">\n\n\t\t\t\t\t\t\t\t\t\t\t\t\t\t<a class=\"fusion-rollover-link\" href=\"https:\/\/www.constructivealps.net\/sl\/burohaus-kung\/\">Office building K\u00fcng<\/a>\n\t\t\t\n\t\t\t\t\t\t\t\t\t\t\t\t\t\t\n\t\t\t\t\t\t\t\t\n\t\t\t\t\t\t\t\t\t\t\t\t\t<div class=\"fusion-rollover-sep\"><\/div>\n\t\t\t\t\n\t\t\t\t\t\t\t\t\t\t\t\t\t\t\t\t\t\t<a class=\"fusion-rollover-gallery\" href=\"https:\/\/www.constructivealps.net\/wp-content\/uploads\/2022\/03\/final_01bRasmusNorlander.jpg\" data-id=\"9701\" data-rel=\"iLightbox[gallery]\" data-title=\"final_01bRasmusNorlander\" data-caption=\"\u00a9 Rasmus Norlander\">\n\t\t\t\t\t\tGallery\t\t\t\t\t<\/a>\n\t\t\t\t\t\t\t\t\t\t\t\t\t\t\n\t\t\n\t\t\t\t\t\t\t\t\t\t\t\t<h4 class=\"fusion-rollover-title\">\n\t\t\t\t\t<a class=\"fusion-rollover-title-link\" href=\"https:\/\/www.constructivealps.net\/sl\/burohaus-kung\/\">\n\t\t\t\t\t\tOffice building K\u00fcng\t\t\t\t\t<\/a>\n\t\t\t\t<\/h4>\n\t\t\t\n\t\t\t\t\t\t\t\t\n\t\t\n\t\t\t\t\t\t<a class=\"fusion-link-wrapper\" href=\"https:\/\/www.constructivealps.net\/sl\/burohaus-kung\/\" aria-label=\"Office building K\u00fcng\"><\/a>\n\t<\/div>\n<\/div>\n\n\t\n<\/div>\n<\/li>\n\t\t\t\n\t\t\t\n\t\t\t\t\t\t\t\t\t\t\t\t\t\t\t\t\t\t\t\t\t\t\t\t\t\t\t\t\t\t\t\t\t\t\t\t\t\t\t\t\t\t\t\t\t\t\t\t\t\t\t\t\t\t\t\t\t\t\t\t\t\t\t\t\t\t\t\t<\/ul>\n\t<\/div>\n\t<div class=\"fusion-post-content-wrapper\" style=\"padding:30px 25px 20px 25px;\"><div class=\"fusion-post-content post-content\"><h2 class=\"blog-shortcode-post-title entry-title\"><a href=\"https:\/\/www.constructivealps.net\/sl\/burohaus-kung\/\">Office building K\u00fcng<\/a><\/h2><\/div><\/div><div class=\"fusion-clearfix\"><\/div><\/div>\n<\/article>\n<article id=\"blog-1-post-10058\" class=\"fusion-post-grid post-10058 post type-post status-publish format-standard has-post-thumbnail hentry category-priznanja-2022 category-projekti category-projekti22\">\n<div class=\"fusion-post-wrapper\" style=\"background-color:rgba(255,255,255,0);border:1px solid #ebeaea;border-bottom-width:3px;\">\n\n\t\t\t<div class=\"fusion-flexslider flexslider fusion-flexslider-loading fusion-post-slideshow\" style=\"border-color:#ebeaea;\">\n\t\t<ul class=\"slides\">\n\t\t\t\n\t\t\t\t\t\t\t\t\t\t\t\t\t\t<li>\n\n<div  class=\"fusion-image-wrapper\" aria-haspopup=\"true\">\n\t\n\t\n\t\n\t\t\n\t\t\t\t\t<img width=\"2000\" height=\"1143\" src=\"https:\/\/www.constructivealps.net\/wp-content\/uploads\/2022\/04\/1klein_cut_Ralph-Feiner-Baukoerper-quer.jpg\" class=\"attachment-full size-full wp-post-image\" alt=\"Mehrzweckgeb\u00e4ude Fl\u00e4sch \u00a9 Ralph Feiner\" srcset=\"https:\/\/www.constructivealps.net\/wp-content\/uploads\/2022\/04\/1klein_cut_Ralph-Feiner-Baukoerper-quer-200x114.jpg 200w, https:\/\/www.constructivealps.net\/wp-content\/uploads\/2022\/04\/1klein_cut_Ralph-Feiner-Baukoerper-quer-400x229.jpg 400w, https:\/\/www.constructivealps.net\/wp-content\/uploads\/2022\/04\/1klein_cut_Ralph-Feiner-Baukoerper-quer-600x343.jpg 600w, https:\/\/www.constructivealps.net\/wp-content\/uploads\/2022\/04\/1klein_cut_Ralph-Feiner-Baukoerper-quer-800x457.jpg 800w, https:\/\/www.constructivealps.net\/wp-content\/uploads\/2022\/04\/1klein_cut_Ralph-Feiner-Baukoerper-quer-1200x686.jpg 1200w, https:\/\/www.constructivealps.net\/wp-content\/uploads\/2022\/04\/1klein_cut_Ralph-Feiner-Baukoerper-quer.jpg 2000w\" sizes=\"(min-width: 1200px) 25vw, (min-width: 2200px) 100vw, (min-width: 1181px) 473px, (min-width: 1109px) 630px, (min-width: 1037px) 945px, (min-width: 965px) 1037px, \" \/>\n\t\n\n\t\t<div class=\"fusion-rollover\">\n\t<div class=\"fusion-rollover-content\">\n\n\t\t\t\t\t\t\t\t\t\t\t\t\t\t<a class=\"fusion-rollover-link\" href=\"https:\/\/www.constructivealps.net\/sl\/mehrzweckgebaude-flasch\/\">Renovation and extension general purpose building Fl\u00e4sch<\/a>\n\t\t\t\n\t\t\t\t\t\t\t\t\t\t\t\t\t\t\n\t\t\t\t\t\t\t\t\n\t\t\t\t\t\t\t\t\t\t\t\t\t<div class=\"fusion-rollover-sep\"><\/div>\n\t\t\t\t\n\t\t\t\t\t\t\t\t\t\t\t\t\t\t\t\t\t\t<a class=\"fusion-rollover-gallery\" href=\"https:\/\/www.constructivealps.net\/wp-content\/uploads\/2022\/04\/1klein_cut_Ralph-Feiner-Baukoerper-quer.jpg\" data-id=\"10058\" data-rel=\"iLightbox[gallery]\" data-title=\"Mehrzweckgeb\u00e4ude Fl\u00e4sch \u00a9 Ralph Feiner\" data-caption=\"Mehrzweckgeb\u00e4ude Fl\u00e4sch \u00a9 Ralph Feiner\">\n\t\t\t\t\t\tGallery\t\t\t\t\t<\/a>\n\t\t\t\t\t\t\t\t\t\t\t\t\t\t\n\t\t\n\t\t\t\t\t\t\t\t\t\t\t\t<h4 class=\"fusion-rollover-title\">\n\t\t\t\t\t<a class=\"fusion-rollover-title-link\" href=\"https:\/\/www.constructivealps.net\/sl\/mehrzweckgebaude-flasch\/\">\n\t\t\t\t\t\tRenovation and extension general purpose building Fl\u00e4sch\t\t\t\t\t<\/a>\n\t\t\t\t<\/h4>\n\t\t\t\n\t\t\t\t\t\t\t\t\n\t\t\n\t\t\t\t\t\t<a class=\"fusion-link-wrapper\" href=\"https:\/\/www.constructivealps.net\/sl\/mehrzweckgebaude-flasch\/\" aria-label=\"Renovation and extension general purpose building Fl\u00e4sch\"><\/a>\n\t<\/div>\n<\/div>\n\n\t\n<\/div>\n<\/li>\n\t\t\t\n\t\t\t\n\t\t\t\t\t\t\t\t\t\t\t\t\t\t\t\t\t\t\t\t\t\t\t\t\t\t\t\t\t\t\t\t\t\t\t\t\t\t\t\t\t\t\t\t\t\t\t\t\t\t\t\t\t\t\t\t\t\t\t\t\t\t\t\t\t\t\t\t<\/ul>\n\t<\/div>\n\t<div class=\"fusion-post-content-wrapper\" style=\"padding:30px 25px 20px 25px;\"><div class=\"fusion-post-content post-content\"><h2 class=\"blog-shortcode-post-title entry-title\"><a href=\"https:\/\/www.constructivealps.net\/sl\/mehrzweckgebaude-flasch\/\">Renovation and extension general purpose building Fl\u00e4sch<\/a><\/h2><\/div><\/div><div class=\"fusion-clearfix\"><\/div><\/div>\n<\/article>\n<article id=\"blog-1-post-9790\" class=\"fusion-post-grid post-9790 post type-post status-publish format-standard has-post-thumbnail hentry category-priznanja-2022 category-projekti category-projekti22\">\n<div class=\"fusion-post-wrapper\" style=\"background-color:rgba(255,255,255,0);border:1px solid #ebeaea;border-bottom-width:3px;\">\n\n\t\t\t<div class=\"fusion-flexslider flexslider fusion-flexslider-loading fusion-post-slideshow\" style=\"border-color:#ebeaea;\">\n\t\t<ul class=\"slides\">\n\t\t\t\n\t\t\t\t\t\t\t\t\t\t\t\t\t\t<li>\n\n<div  class=\"fusion-image-wrapper\" aria-haspopup=\"true\">\n\t\n\t\n\t\n\t\t\n\t\t\t\t\t<img width=\"1999\" height=\"1143\" src=\"https:\/\/www.constructivealps.net\/wp-content\/uploads\/2022\/04\/cut_1klein_03_inhauser-\u00a9-www.christof-reich.jpg\" class=\"attachment-full size-full wp-post-image\" alt=\"Wohnbau Friedrich-Inhauser-Stra\u00dfe \u00a9 www.christof-reich.com\" srcset=\"https:\/\/www.constructivealps.net\/wp-content\/uploads\/2022\/04\/cut_1klein_03_inhauser-\u00a9-www.christof-reich-200x114.jpg 200w, https:\/\/www.constructivealps.net\/wp-content\/uploads\/2022\/04\/cut_1klein_03_inhauser-\u00a9-www.christof-reich-400x229.jpg 400w, https:\/\/www.constructivealps.net\/wp-content\/uploads\/2022\/04\/cut_1klein_03_inhauser-\u00a9-www.christof-reich-600x343.jpg 600w, https:\/\/www.constructivealps.net\/wp-content\/uploads\/2022\/04\/cut_1klein_03_inhauser-\u00a9-www.christof-reich-800x457.jpg 800w, https:\/\/www.constructivealps.net\/wp-content\/uploads\/2022\/04\/cut_1klein_03_inhauser-\u00a9-www.christof-reich-1200x686.jpg 1200w, https:\/\/www.constructivealps.net\/wp-content\/uploads\/2022\/04\/cut_1klein_03_inhauser-\u00a9-www.christof-reich.jpg 1999w\" sizes=\"(min-width: 1200px) 25vw, (min-width: 2200px) 100vw, (min-width: 1181px) 473px, (min-width: 1109px) 630px, (min-width: 1037px) 945px, (min-width: 965px) 1037px, \" \/>\n\t\n\n\t\t<div class=\"fusion-rollover\">\n\t<div class=\"fusion-rollover-content\">\n\n\t\t\t\t\t\t\t\t\t\t\t\t\t\t<a class=\"fusion-rollover-link\" href=\"https:\/\/www.constructivealps.net\/sl\/wohnbau-friedrich-inhauser-strase\/\">Wohnbau Friedrich-Inhauser-Stra\u00dfe<\/a>\n\t\t\t\n\t\t\t\t\t\t\t\t\t\t\t\t\t\t\n\t\t\t\t\t\t\t\t\n\t\t\t\t\t\t\t\t\t\t\t\t\t<div class=\"fusion-rollover-sep\"><\/div>\n\t\t\t\t\n\t\t\t\t\t\t\t\t\t\t\t\t\t\t\t\t\t\t<a class=\"fusion-rollover-gallery\" href=\"https:\/\/www.constructivealps.net\/wp-content\/uploads\/2022\/04\/cut_1klein_03_inhauser-\u00a9-www.christof-reich.jpg\" data-id=\"9790\" data-rel=\"iLightbox[gallery]\" data-title=\"Wohnbau Friedrich-Inhauser-Stra\u00dfe \u00a9 www.christof-reich.com\" data-caption=\"Wohnbau Friedrich-Inhauser-Stra\u00dfe \u00a9 www.christof-reich.com\">\n\t\t\t\t\t\tGallery\t\t\t\t\t<\/a>\n\t\t\t\t\t\t\t\t\t\t\t\t\t\t\n\t\t\n\t\t\t\t\t\t\t\t\t\t\t\t<h4 class=\"fusion-rollover-title\">\n\t\t\t\t\t<a class=\"fusion-rollover-title-link\" href=\"https:\/\/www.constructivealps.net\/sl\/wohnbau-friedrich-inhauser-strase\/\">\n\t\t\t\t\t\tWohnbau Friedrich-Inhauser-Stra\u00dfe\t\t\t\t\t<\/a>\n\t\t\t\t<\/h4>\n\t\t\t\n\t\t\t\t\t\t\t\t\n\t\t\n\t\t\t\t\t\t<a class=\"fusion-link-wrapper\" href=\"https:\/\/www.constructivealps.net\/sl\/wohnbau-friedrich-inhauser-strase\/\" aria-label=\"Wohnbau Friedrich-Inhauser-Stra\u00dfe\"><\/a>\n\t<\/div>\n<\/div>\n\n\t\n<\/div>\n<\/li>\n\t\t\t\n\t\t\t\n\t\t\t\t\t\t\t\t\t\t\t\t\t\t\t\t\t\t\t\t\t\t\t\t\t\t\t\t\t\t\t\t\t\t\t\t\t\t\t\t\t\t\t\t\t\t\t\t\t\t\t\t\t\t\t\t\t\t\t\t\t\t\t\t\t\t\t\t<\/ul>\n\t<\/div>\n\t<div class=\"fusion-post-content-wrapper\" style=\"padding:30px 25px 20px 25px;\"><div class=\"fusion-post-content post-content\"><h2 class=\"blog-shortcode-post-title entry-title\"><a href=\"https:\/\/www.constructivealps.net\/sl\/wohnbau-friedrich-inhauser-strase\/\">Wohnbau Friedrich-Inhauser-Stra\u00dfe<\/a><\/h2><\/div><\/div><div class=\"fusion-clearfix\"><\/div><\/div>\n<\/article>\n<article id=\"blog-1-post-9762\" class=\"fusion-post-grid post-9762 post type-post status-publish format-standard has-post-thumbnail hentry category-priznanja-2022 category-projekti category-projekti22\">\n<div class=\"fusion-post-wrapper\" style=\"background-color:rgba(255,255,255,0);border:1px solid #ebeaea;border-bottom-width:3px;\">\n\n\t\t\t<div class=\"fusion-flexslider flexslider fusion-flexslider-loading fusion-post-slideshow\" style=\"border-color:#ebeaea;\">\n\t\t<ul class=\"slides\">\n\t\t\t\n\t\t\t\t\t\t\t\t\t\t\t\t\t\t<li>\n\n<div  class=\"fusion-image-wrapper\" aria-haspopup=\"true\">\n\t\n\t\n\t\n\t\t\n\t\t\t\t\t<img width=\"1920\" height=\"1414\" src=\"https:\/\/www.constructivealps.net\/wp-content\/uploads\/2022\/04\/3_MATADOR_03\u00a9Marc-Lins-Photography.jpg\" class=\"attachment-full size-full wp-post-image\" alt=\"MATADOR \u2010 Schulraumprovisorium \u00a9 Marc Lins Photography\" srcset=\"https:\/\/www.constructivealps.net\/wp-content\/uploads\/2022\/04\/3_MATADOR_03\u00a9Marc-Lins-Photography-200x147.jpg 200w, https:\/\/www.constructivealps.net\/wp-content\/uploads\/2022\/04\/3_MATADOR_03\u00a9Marc-Lins-Photography-400x295.jpg 400w, https:\/\/www.constructivealps.net\/wp-content\/uploads\/2022\/04\/3_MATADOR_03\u00a9Marc-Lins-Photography-600x442.jpg 600w, https:\/\/www.constructivealps.net\/wp-content\/uploads\/2022\/04\/3_MATADOR_03\u00a9Marc-Lins-Photography-800x589.jpg 800w, https:\/\/www.constructivealps.net\/wp-content\/uploads\/2022\/04\/3_MATADOR_03\u00a9Marc-Lins-Photography-1200x884.jpg 1200w, https:\/\/www.constructivealps.net\/wp-content\/uploads\/2022\/04\/3_MATADOR_03\u00a9Marc-Lins-Photography.jpg 1920w\" sizes=\"(min-width: 1200px) 25vw, (min-width: 2200px) 100vw, (min-width: 1181px) 473px, (min-width: 1109px) 630px, (min-width: 1037px) 945px, (min-width: 965px) 1037px, \" \/>\n\t\n\n\t\t<div class=\"fusion-rollover\">\n\t<div class=\"fusion-rollover-content\">\n\n\t\t\t\t\t\t\t\t\t\t\t\t\t\t<a class=\"fusion-rollover-link\" href=\"https:\/\/www.constructivealps.net\/sl\/matador-%e2%80%90-schulraumprovisorium\/\">MATADOR \u2010 Temporary school building<\/a>\n\t\t\t\n\t\t\t\t\t\t\t\t\t\t\t\t\t\t\n\t\t\t\t\t\t\t\t\n\t\t\t\t\t\t\t\t\t\t\t\t\t<div class=\"fusion-rollover-sep\"><\/div>\n\t\t\t\t\n\t\t\t\t\t\t\t\t\t\t\t\t\t\t\t\t\t\t<a class=\"fusion-rollover-gallery\" href=\"https:\/\/www.constructivealps.net\/wp-content\/uploads\/2022\/04\/3_MATADOR_03\u00a9Marc-Lins-Photography.jpg\" data-id=\"9762\" data-rel=\"iLightbox[gallery]\" data-title=\"MATADOR \u2010 Schulraumprovisorium \u00a9 Marc Lins Photography\" data-caption=\"MATADOR \u2010 Schulraumprovisorium \u00a9 Marc Lins Photography\">\n\t\t\t\t\t\tGallery\t\t\t\t\t<\/a>\n\t\t\t\t\t\t\t\t\t\t\t\t\t\t\n\t\t\n\t\t\t\t\t\t\t\t\t\t\t\t<h4 class=\"fusion-rollover-title\">\n\t\t\t\t\t<a class=\"fusion-rollover-title-link\" href=\"https:\/\/www.constructivealps.net\/sl\/matador-%e2%80%90-schulraumprovisorium\/\">\n\t\t\t\t\t\tMATADOR \u2010 Temporary school building\t\t\t\t\t<\/a>\n\t\t\t\t<\/h4>\n\t\t\t\n\t\t\t\t\t\t\t\t\n\t\t\n\t\t\t\t\t\t<a class=\"fusion-link-wrapper\" href=\"https:\/\/www.constructivealps.net\/sl\/matador-%e2%80%90-schulraumprovisorium\/\" aria-label=\"MATADOR \u2010 Temporary school building\"><\/a>\n\t<\/div>\n<\/div>\n\n\t\n<\/div>\n<\/li>\n\t\t\t\n\t\t\t\n\t\t\t\t\t\t\t\t\t\t\t\t\t\t\t\t\t\t\t\t\t\t\t\t\t\t\t\t\t\t\t\t\t\t\t\t\t\t\t\t\t\t\t\t\t\t\t\t\t\t\t\t\t\t\t\t\t\t\t\t\t\t\t\t\t\t\t\t<\/ul>\n\t<\/div>\n\t<div class=\"fusion-post-content-wrapper\" style=\"padding:30px 25px 20px 25px;\"><div class=\"fusion-post-content post-content\"><h2 class=\"blog-shortcode-post-title entry-title\"><a href=\"https:\/\/www.constructivealps.net\/sl\/matador-%e2%80%90-schulraumprovisorium\/\">MATADOR \u2010 Temporary school building<\/a><\/h2><\/div><\/div><div class=\"fusion-clearfix\"><\/div><\/div>\n<\/article>\n<article id=\"blog-1-post-9944\" class=\"fusion-post-grid post-9944 post type-post status-publish format-standard has-post-thumbnail hentry category-priznanja-2022 category-projekti category-projekti22\">\n<div class=\"fusion-post-wrapper\" style=\"background-color:rgba(255,255,255,0);border:1px solid #ebeaea;border-bottom-width:3px;\">\n\n\t\t\t<div class=\"fusion-flexslider flexslider fusion-flexslider-loading fusion-post-slideshow\" style=\"border-color:#ebeaea;\">\n\t\t<ul class=\"slides\">\n\t\t\t\n\t\t\t\t\t\t\t\t\t\t\t\t\t\t<li>\n\n<div  class=\"fusion-image-wrapper\" aria-haspopup=\"true\">\n\t\n\t\n\t\n\t\t\n\t\t\t\t\t<img width=\"2000\" height=\"1223\" src=\"https:\/\/www.constructivealps.net\/wp-content\/uploads\/2022\/04\/2klein_cut_Virnik-Karnicar_foto-02.jpg\" class=\"attachment-full size-full wp-post-image\" alt=\"\u0160enkova hi\u0161a \u00a9 Virnik Karni\u010dar\" srcset=\"https:\/\/www.constructivealps.net\/wp-content\/uploads\/2022\/04\/2klein_cut_Virnik-Karnicar_foto-02-200x122.jpg 200w, https:\/\/www.constructivealps.net\/wp-content\/uploads\/2022\/04\/2klein_cut_Virnik-Karnicar_foto-02-400x245.jpg 400w, https:\/\/www.constructivealps.net\/wp-content\/uploads\/2022\/04\/2klein_cut_Virnik-Karnicar_foto-02-600x367.jpg 600w, https:\/\/www.constructivealps.net\/wp-content\/uploads\/2022\/04\/2klein_cut_Virnik-Karnicar_foto-02-800x489.jpg 800w, https:\/\/www.constructivealps.net\/wp-content\/uploads\/2022\/04\/2klein_cut_Virnik-Karnicar_foto-02-1200x734.jpg 1200w, https:\/\/www.constructivealps.net\/wp-content\/uploads\/2022\/04\/2klein_cut_Virnik-Karnicar_foto-02.jpg 2000w\" sizes=\"(min-width: 1200px) 25vw, (min-width: 2200px) 100vw, (min-width: 1181px) 473px, (min-width: 1109px) 630px, (min-width: 1037px) 945px, (min-width: 965px) 1037px, \" \/>\n\t\n\n\t\t<div class=\"fusion-rollover\">\n\t<div class=\"fusion-rollover-content\">\n\n\t\t\t\t\t\t\t\t\t\t\t\t\t\t<a class=\"fusion-rollover-link\" href=\"https:\/\/www.constructivealps.net\/sl\/senkova-hisa\/\">\u0160enkova hi\u0161a<\/a>\n\t\t\t\n\t\t\t\t\t\t\t\t\t\t\t\t\t\t\n\t\t\t\t\t\t\t\t\n\t\t\t\t\t\t\t\t\t\t\t\t\t<div class=\"fusion-rollover-sep\"><\/div>\n\t\t\t\t\n\t\t\t\t\t\t\t\t\t\t\t\t\t\t\t\t\t\t<a class=\"fusion-rollover-gallery\" href=\"https:\/\/www.constructivealps.net\/wp-content\/uploads\/2022\/04\/2klein_cut_Virnik-Karnicar_foto-02.jpg\" data-id=\"9944\" data-rel=\"iLightbox[gallery]\" data-title=\"\u0160enkova hi\u0161a \u00a9 Virnik Karni\u010dar\" data-caption=\"\u0160enkova hi\u0161a \u00a9 Virnik Karni\u010dar\">\n\t\t\t\t\t\tGallery\t\t\t\t\t<\/a>\n\t\t\t\t\t\t\t\t\t\t\t\t\t\t\n\t\t\n\t\t\t\t\t\t\t\t\t\t\t\t<h4 class=\"fusion-rollover-title\">\n\t\t\t\t\t<a class=\"fusion-rollover-title-link\" href=\"https:\/\/www.constructivealps.net\/sl\/senkova-hisa\/\">\n\t\t\t\t\t\t\u0160enkova hi\u0161a\t\t\t\t\t<\/a>\n\t\t\t\t<\/h4>\n\t\t\t\n\t\t\t\t\t\t\t\t\n\t\t\n\t\t\t\t\t\t<a class=\"fusion-link-wrapper\" href=\"https:\/\/www.constructivealps.net\/sl\/senkova-hisa\/\" aria-label=\"\u0160enkova hi\u0161a\"><\/a>\n\t<\/div>\n<\/div>\n\n\t\n<\/div>\n<\/li>\n\t\t\t\n\t\t\t\n\t\t\t\t\t\t\t\t\t\t\t\t\t\t\t\t\t\t\t\t\t\t\t\t\t\t\t\t\t\t\t\t\t\t\t\t\t\t\t\t\t\t\t\t\t\t\t\t\t\t\t\t\t\t\t\t\t\t\t\t\t\t\t\t\t\t\t\t<\/ul>\n\t<\/div>\n\t<div class=\"fusion-post-content-wrapper\" style=\"padding:30px 25px 20px 25px;\"><div class=\"fusion-post-content post-content\"><h2 class=\"blog-shortcode-post-title entry-title\"><a href=\"https:\/\/www.constructivealps.net\/sl\/senkova-hisa\/\">\u0160enkova hi\u0161a<\/a><\/h2><\/div><\/div><div class=\"fusion-clearfix\"><\/div><\/div>\n<\/article>\n<article id=\"blog-1-post-9786\" class=\"fusion-post-grid post-9786 post type-post status-publish format-standard has-post-thumbnail hentry category-priznanja-2022 category-projekti category-projekti22\">\n<div class=\"fusion-post-wrapper\" style=\"background-color:rgba(255,255,255,0);border:1px solid #ebeaea;border-bottom-width:3px;\">\n\n\t\t\t<div class=\"fusion-flexslider flexslider fusion-flexslider-loading fusion-post-slideshow\" style=\"border-color:#ebeaea;\">\n\t\t<ul class=\"slides\">\n\t\t\t\n\t\t\t\t\t\t\t\t\t\t\t\t\t\t<li>\n\n<div  class=\"fusion-image-wrapper\" aria-haspopup=\"true\">\n\t\n\t\n\t\n\t\t\n\t\t\t\t\t<img width=\"2000\" height=\"1334\" src=\"https:\/\/www.constructivealps.net\/wp-content\/uploads\/2022\/04\/1klein_Ernas-Haus_2858_LudescherLutz-Architekten_Foto-E-Ludescher.jpg\" class=\"attachment-full size-full wp-post-image\" alt=\"Ernas Haus am Winderhof \u00a9 Elmar Ludescher\" srcset=\"https:\/\/www.constructivealps.net\/wp-content\/uploads\/2022\/04\/1klein_Ernas-Haus_2858_LudescherLutz-Architekten_Foto-E-Ludescher-200x133.jpg 200w, https:\/\/www.constructivealps.net\/wp-content\/uploads\/2022\/04\/1klein_Ernas-Haus_2858_LudescherLutz-Architekten_Foto-E-Ludescher-400x267.jpg 400w, https:\/\/www.constructivealps.net\/wp-content\/uploads\/2022\/04\/1klein_Ernas-Haus_2858_LudescherLutz-Architekten_Foto-E-Ludescher-600x400.jpg 600w, https:\/\/www.constructivealps.net\/wp-content\/uploads\/2022\/04\/1klein_Ernas-Haus_2858_LudescherLutz-Architekten_Foto-E-Ludescher-800x534.jpg 800w, https:\/\/www.constructivealps.net\/wp-content\/uploads\/2022\/04\/1klein_Ernas-Haus_2858_LudescherLutz-Architekten_Foto-E-Ludescher-1200x800.jpg 1200w, https:\/\/www.constructivealps.net\/wp-content\/uploads\/2022\/04\/1klein_Ernas-Haus_2858_LudescherLutz-Architekten_Foto-E-Ludescher.jpg 2000w\" sizes=\"(min-width: 1200px) 25vw, (min-width: 2200px) 100vw, (min-width: 1181px) 473px, (min-width: 1109px) 630px, (min-width: 1037px) 945px, (min-width: 965px) 1037px, \" \/>\n\t\n\n\t\t<div class=\"fusion-rollover\">\n\t<div class=\"fusion-rollover-content\">\n\n\t\t\t\t\t\t\t\t\t\t\t\t\t\t<a class=\"fusion-rollover-link\" href=\"https:\/\/www.constructivealps.net\/sl\/ernas-haus-am-winderhof\/\">Ernas Haus am Winderhof<\/a>\n\t\t\t\n\t\t\t\t\t\t\t\t\t\t\t\t\t\t\n\t\t\t\t\t\t\t\t\n\t\t\t\t\t\t\t\t\t\t\t\t\t<div class=\"fusion-rollover-sep\"><\/div>\n\t\t\t\t\n\t\t\t\t\t\t\t\t\t\t\t\t\t\t\t\t\t\t<a class=\"fusion-rollover-gallery\" href=\"https:\/\/www.constructivealps.net\/wp-content\/uploads\/2022\/04\/1klein_Ernas-Haus_2858_LudescherLutz-Architekten_Foto-E-Ludescher.jpg\" data-id=\"9786\" data-rel=\"iLightbox[gallery]\" data-title=\"Ernas Haus am Winderhof \u00a9 Elmar Ludescher\" data-caption=\"Ernas Haus am Winderhof \u00a9 Elmar Ludescher\">\n\t\t\t\t\t\tGallery\t\t\t\t\t<\/a>\n\t\t\t\t\t\t\t\t\t\t\t\t\t\t\n\t\t\n\t\t\t\t\t\t\t\t\t\t\t\t<h4 class=\"fusion-rollover-title\">\n\t\t\t\t\t<a class=\"fusion-rollover-title-link\" href=\"https:\/\/www.constructivealps.net\/sl\/ernas-haus-am-winderhof\/\">\n\t\t\t\t\t\tErnas Haus am Winderhof\t\t\t\t\t<\/a>\n\t\t\t\t<\/h4>\n\t\t\t\n\t\t\t\t\t\t\t\t\n\t\t\n\t\t\t\t\t\t<a class=\"fusion-link-wrapper\" href=\"https:\/\/www.constructivealps.net\/sl\/ernas-haus-am-winderhof\/\" aria-label=\"Ernas Haus am Winderhof\"><\/a>\n\t<\/div>\n<\/div>\n\n\t\n<\/div>\n<\/li>\n\t\t\t\n\t\t\t\n\t\t\t\t\t\t\t\t\t\t\t\t\t\t\t\t\t\t\t\t\t\t\t\t\t\t\t\t\t\t\t\t\t\t\t\t\t\t\t\t\t\t\t\t\t\t\t\t\t\t\t\t\t\t\t\t\t\t\t\t\t\t\t\t\t\t\t\t<\/ul>\n\t<\/div>\n\t<div class=\"fusion-post-content-wrapper\" style=\"padding:30px 25px 20px 25px;\"><div class=\"fusion-post-content post-content\"><h2 class=\"blog-shortcode-post-title entry-title\"><a href=\"https:\/\/www.constructivealps.net\/sl\/ernas-haus-am-winderhof\/\">Ernas Haus am Winderhof<\/a><\/h2><\/div><\/div><div class=\"fusion-clearfix\"><\/div><\/div>\n<\/article>\n<div class=\"fusion-clearfix\"><\/div><\/div><\/div><div class=\"fusion-text fusion-text-4\"><h3>Ljubljenec ob\u010dinstva<\/h3>\n<\/div><div class=\"fusion-blog-shortcode fusion-blog-shortcode-2 fusion-blog-archive fusion-blog-layout-grid-wrapper fusion-blog-no fusion-blog-layout-center\"><style type=\"text\/css\">.fusion-blog-shortcode-2 .fusion-blog-layout-grid .fusion-post-grid{padding:5px;}.fusion-blog-shortcode-2 .fusion-posts-container{margin-left: -5px !important; margin-right:-5px !important;}<\/style><div class=\"fusion-posts-container fusion-posts-container-no fusion-no-meta-info fusion-blog-rollover fusion-blog-layout-grid fusion-blog-layout-grid-4 isotope\" data-pages=\"1\" data-grid-col-space=\"10\" style=\"margin: -5px -5px 0;min-height:500px;\"><article id=\"blog-2-post-10200\" class=\"fusion-post-grid post-10200 post type-post status-publish format-standard has-post-thumbnail hentry category-nagrajenci-2022 category-projekti category-projekti22 tag-ljubljenec-obcinstva-22\">\n<div class=\"fusion-post-wrapper\" style=\"background-color:rgba(255,255,255,0);border:1px solid #ebeaea;border-bottom-width:3px;\">\n\n\t\t\t<div class=\"fusion-flexslider flexslider fusion-flexslider-loading fusion-post-slideshow\" style=\"border-color:#ebeaea;\">\n\t\t<ul class=\"slides\">\n\t\t\t\n\t\t\t\t\t\t\t\t\t\t\t\t\t\t<li>\n\n<div  class=\"fusion-image-wrapper\" aria-haspopup=\"true\">\n\t\n\t\n\t\n\t\t\n\t\t\t\t\t<img width=\"2000\" height=\"871\" src=\"https:\/\/www.constructivealps.net\/wp-content\/uploads\/2022\/04\/6klein_cut_Falkenhutte_Zugang-Personal_Schmid.jpg\" class=\"attachment-full size-full wp-post-image\" alt=\"Falkenh\u00fctte \u00a9 Architekturb\u00fcro Rainer Schmid\" srcset=\"https:\/\/www.constructivealps.net\/wp-content\/uploads\/2022\/04\/6klein_cut_Falkenhutte_Zugang-Personal_Schmid-200x87.jpg 200w, https:\/\/www.constructivealps.net\/wp-content\/uploads\/2022\/04\/6klein_cut_Falkenhutte_Zugang-Personal_Schmid-400x174.jpg 400w, https:\/\/www.constructivealps.net\/wp-content\/uploads\/2022\/04\/6klein_cut_Falkenhutte_Zugang-Personal_Schmid-600x261.jpg 600w, https:\/\/www.constructivealps.net\/wp-content\/uploads\/2022\/04\/6klein_cut_Falkenhutte_Zugang-Personal_Schmid-800x348.jpg 800w, https:\/\/www.constructivealps.net\/wp-content\/uploads\/2022\/04\/6klein_cut_Falkenhutte_Zugang-Personal_Schmid-1200x523.jpg 1200w, https:\/\/www.constructivealps.net\/wp-content\/uploads\/2022\/04\/6klein_cut_Falkenhutte_Zugang-Personal_Schmid.jpg 2000w\" sizes=\"(min-width: 1200px) 25vw, (min-width: 2200px) 100vw, (min-width: 1181px) 473px, (min-width: 1109px) 630px, (min-width: 1037px) 945px, (min-width: 965px) 1037px, \" \/>\n\t\n\n\t\t<div class=\"fusion-rollover\">\n\t<div class=\"fusion-rollover-content\">\n\n\t\t\t\t\t\t\t\t\t\t\t\t\t\t<a class=\"fusion-rollover-link\" href=\"https:\/\/www.constructivealps.net\/sl\/generalsanierung-falkenhutte\/\">Generalna prenova ko\u010de Falkenh\u00fctte<\/a>\n\t\t\t\n\t\t\t\t\t\t\t\t\t\t\t\t\t\t\n\t\t\t\t\t\t\t\t\n\t\t\t\t\t\t\t\t\t\t\t\t\t<div class=\"fusion-rollover-sep\"><\/div>\n\t\t\t\t\n\t\t\t\t\t\t\t\t\t\t\t\t\t\t\t\t\t\t<a class=\"fusion-rollover-gallery\" href=\"https:\/\/www.constructivealps.net\/wp-content\/uploads\/2022\/04\/6klein_cut_Falkenhutte_Zugang-Personal_Schmid.jpg\" data-id=\"10200\" data-rel=\"iLightbox[gallery]\" data-title=\"Falkenh\u00fctte \u00a9 Architekturb\u00fcro Rainer Schmid\" data-caption=\"Falkenh\u00fctte \u00a9 Architekturb\u00fcro Rainer Schmid\">\n\t\t\t\t\t\tGallery\t\t\t\t\t<\/a>\n\t\t\t\t\t\t\t\t\t\t\t\t\t\t\n\t\t\n\t\t\t\t\t\t\t\t\t\t\t\t<h4 class=\"fusion-rollover-title\">\n\t\t\t\t\t<a class=\"fusion-rollover-title-link\" href=\"https:\/\/www.constructivealps.net\/sl\/generalsanierung-falkenhutte\/\">\n\t\t\t\t\t\tGeneralna prenova ko\u010de Falkenh\u00fctte\t\t\t\t\t<\/a>\n\t\t\t\t<\/h4>\n\t\t\t\n\t\t\t\t\t\t\t\t\n\t\t\n\t\t\t\t\t\t<a class=\"fusion-link-wrapper\" href=\"https:\/\/www.constructivealps.net\/sl\/generalsanierung-falkenhutte\/\" aria-label=\"Generalna prenova ko\u010de Falkenh\u00fctte\"><\/a>\n\t<\/div>\n<\/div>\n\n\t\n<\/div>\n<\/li>\n\t\t\t\n\t\t\t\n\t\t\t\t\t\t\t\t\t\t\t\t\t\t\t\t\t\t\t\t\t\t\t\t\t\t\t\t\t\t\t\t\t\t\t\t\t\t\t\t\t\t\t\t\t\t\t\t\t\t\t\t\t\t\t\t\t\t\t\t\t\t\t\t\t\t\t\t<\/ul>\n\t<\/div>\n\t<div class=\"fusion-post-content-wrapper\" style=\"padding:30px 25px 20px 25px;\"><div class=\"fusion-post-content post-content\"><h2 class=\"blog-shortcode-post-title entry-title\"><a href=\"https:\/\/www.constructivealps.net\/sl\/generalsanierung-falkenhutte\/\">Generalna prenova ko\u010de Falkenh\u00fctte<\/a><\/h2><\/div><\/div><div class=\"fusion-clearfix\"><\/div><\/div>\n<\/article>\n<div class=\"fusion-clearfix\"><\/div><\/div><\/div><div class=\"fusion-clearfix\"><\/div><\/div><\/div><\/div><\/div><div class=\"fusion-fullwidth fullwidth-box fusion-builder-row-2 hundred-percent-fullwidth non-hundred-percent-height-scrolling fusion-no-large-visibility\" style=\"background-color: rgba(255,255,255,0.5);background-position: center center;background-repeat: no-repeat;padding-top:0%;padding-right:0%;padding-bottom:0%;padding-left:0%;margin-bottom: 0px;margin-top: 0px;border-width: 0px 0px 0px 0px;border-color:#eae9e9;border-style:solid;\" ><div class=\"fusion-builder-row fusion-row\"><div class=\"fusion-layout-column fusion_builder_column fusion-builder-column-1 fusion_builder_column_1_1 1_1 fusion-one-full fusion-column-first fusion-column-last\" style=\"margin-top:0%;margin-bottom:0%;\"><div class=\"fusion-column-wrapper fusion-flex-column-wrapper-legacy\" style=\"background-position:left top;background-repeat:no-repeat;-webkit-background-size:cover;-moz-background-size:cover;-o-background-size:cover;background-size:cover;background-color:#ffffff;padding: 3vh 3% 3% 3%;\"><style type=\"text\/css\"><\/style><div class=\"fusion-title title fusion-title-2 fusion-sep-none fusion-title-center fusion-title-text fusion-title-size-one\" style=\"margin-top:0px;margin-right:0px;margin-bottom:31px;margin-left:0px;\"><h1 class=\"title-heading-center\" style=\"margin:0;color:#000000;\">Nagrajenci 2022<\/h1><\/div><div class=\"fusion-text fusion-text-5\"><p>\u0160vica in Kne\u017eevina Lihten\u0161tajn sta 16. septembra 2022 \u017ee \u0161esti\u010d podelili mednarodno arhitekturno nagrado <em>Konstruktivne Alpe\/Constructive Alps<\/em> za trajnostno gradnjo in prenovo na obmo\u010dju Alp. Strokovna \u017eirija je tokrat pregledala in ocenila 240 prijavljenih projektov iz sedmih alpskih dr\u017eav, enajst izstopajo\u010dih stvaritev alpske arhitekture pa nagradila.<\/p>\n<\/div><div class=\"fusion-text fusion-text-6\"><h3>Nagrajenci<\/h3>\n<\/div><div class=\"fusion-post-slider fusion-flexslider fusion-flexslider-loading flexslider-posts\"><ul class=\"slides\"><li><a href=\"https:\/\/www.constructivealps.net\/sl\/neubau-schulhaus-feld\/\" aria-label=\"Neubau Schulhaus Feld\"><img width=\"2000\" height=\"1236\" class=\"wp-image-9773\" src=\"https:\/\/www.constructivealps.net\/wp-content\/uploads\/2022\/04\/1klein_01_GeorgAerni.jpg\" alt=\"Schulhaus Feld Azmoos \u00a9 Georg Aerni\" srcset=\"https:\/\/www.constructivealps.net\/wp-content\/uploads\/2022\/04\/1klein_01_GeorgAerni-200x124.jpg 200w, https:\/\/www.constructivealps.net\/wp-content\/uploads\/2022\/04\/1klein_01_GeorgAerni-400x247.jpg 400w, https:\/\/www.constructivealps.net\/wp-content\/uploads\/2022\/04\/1klein_01_GeorgAerni-600x371.jpg 600w, https:\/\/www.constructivealps.net\/wp-content\/uploads\/2022\/04\/1klein_01_GeorgAerni-800x494.jpg 800w, https:\/\/www.constructivealps.net\/wp-content\/uploads\/2022\/04\/1klein_01_GeorgAerni-1200x742.jpg 1200w, https:\/\/www.constructivealps.net\/wp-content\/uploads\/2022\/04\/1klein_01_GeorgAerni.jpg 2000w\" sizes=\"(max-width: 1125px) 100vw, 2000px\" \/><\/a><div class=\"slide-excerpt\"><h2><a href=\"https:\/\/www.constructivealps.net\/sl\/neubau-schulhaus-feld\/\">Neubau Schulhaus Feld<\/a><\/h2><\/div><\/li><li><a href=\"https:\/\/www.constructivealps.net\/sl\/generalsanierung-falkenhutte\/\" aria-label=\"Generalna prenova ko\u010de Falkenh\u00fctte\"><img width=\"2000\" height=\"871\" class=\"wp-image-10129\" src=\"https:\/\/www.constructivealps.net\/wp-content\/uploads\/2022\/04\/6klein_cut_Falkenhutte_Zugang-Personal_Schmid.jpg\" alt=\"Falkenh\u00fctte \u00a9 Architekturb\u00fcro Rainer Schmid\" srcset=\"https:\/\/www.constructivealps.net\/wp-content\/uploads\/2022\/04\/6klein_cut_Falkenhutte_Zugang-Personal_Schmid-200x87.jpg 200w, https:\/\/www.constructivealps.net\/wp-content\/uploads\/2022\/04\/6klein_cut_Falkenhutte_Zugang-Personal_Schmid-400x174.jpg 400w, https:\/\/www.constructivealps.net\/wp-content\/uploads\/2022\/04\/6klein_cut_Falkenhutte_Zugang-Personal_Schmid-600x261.jpg 600w, https:\/\/www.constructivealps.net\/wp-content\/uploads\/2022\/04\/6klein_cut_Falkenhutte_Zugang-Personal_Schmid-800x348.jpg 800w, https:\/\/www.constructivealps.net\/wp-content\/uploads\/2022\/04\/6klein_cut_Falkenhutte_Zugang-Personal_Schmid-1200x523.jpg 1200w, https:\/\/www.constructivealps.net\/wp-content\/uploads\/2022\/04\/6klein_cut_Falkenhutte_Zugang-Personal_Schmid.jpg 2000w\" sizes=\"(max-width: 1125px) 100vw, 2000px\" \/><\/a><div class=\"slide-excerpt\"><h2><a href=\"https:\/\/www.constructivealps.net\/sl\/generalsanierung-falkenhutte\/\">Generalna prenova ko\u010de Falkenh\u00fctte<\/a><\/h2><\/div><\/li><li><a href=\"https:\/\/www.constructivealps.net\/sl\/hauptsitz-okofen-frankreich\/\" aria-label=\"Headquarters \u00d6koFEN France\"><img width=\"2047\" height=\"1062\" class=\"wp-image-10261\" src=\"https:\/\/www.constructivealps.net\/wp-content\/uploads\/2022\/04\/8_cut_26-\u00a9-Charly-Broyez.jpg\" alt=\"Si\u00e8ge Social \u00d6koFEN \u00a9 Charly Broyez\" srcset=\"https:\/\/www.constructivealps.net\/wp-content\/uploads\/2022\/04\/8_cut_26-\u00a9-Charly-Broyez-200x104.jpg 200w, https:\/\/www.constructivealps.net\/wp-content\/uploads\/2022\/04\/8_cut_26-\u00a9-Charly-Broyez-400x208.jpg 400w, https:\/\/www.constructivealps.net\/wp-content\/uploads\/2022\/04\/8_cut_26-\u00a9-Charly-Broyez-600x311.jpg 600w, https:\/\/www.constructivealps.net\/wp-content\/uploads\/2022\/04\/8_cut_26-\u00a9-Charly-Broyez-800x415.jpg 800w, https:\/\/www.constructivealps.net\/wp-content\/uploads\/2022\/04\/8_cut_26-\u00a9-Charly-Broyez-1200x623.jpg 1200w, https:\/\/www.constructivealps.net\/wp-content\/uploads\/2022\/04\/8_cut_26-\u00a9-Charly-Broyez.jpg 2047w\" sizes=\"(max-width: 1125px) 100vw, 2047px\" \/><\/a><div class=\"slide-excerpt\"><h2><a href=\"https:\/\/www.constructivealps.net\/sl\/hauptsitz-okofen-frankreich\/\">Headquarters \u00d6koFEN France<\/a><\/h2><\/div><\/li><li><a href=\"https:\/\/www.constructivealps.net\/sl\/wohnuberbauung-ghiringhelli\/\" aria-label=\"Apartment building Ghiringhelli\"><img width=\"2000\" height=\"1049\" class=\"wp-image-10450\" src=\"https:\/\/www.constructivealps.net\/wp-content\/uploads\/2022\/04\/1klein_cut_01Baukorper-_-Ghirnghelli-Bellinzona-Mai-21_\u00a9-Rene-Durr_2-k.jpg\" alt=\"Wohn\u00fcberbauung Ghiringhelli \u00a9 Ren\u00e9 D\u00fcrr\" srcset=\"https:\/\/www.constructivealps.net\/wp-content\/uploads\/2022\/04\/1klein_cut_01Baukorper-_-Ghirnghelli-Bellinzona-Mai-21_\u00a9-Rene-Durr_2-k-200x105.jpg 200w, https:\/\/www.constructivealps.net\/wp-content\/uploads\/2022\/04\/1klein_cut_01Baukorper-_-Ghirnghelli-Bellinzona-Mai-21_\u00a9-Rene-Durr_2-k-400x210.jpg 400w, https:\/\/www.constructivealps.net\/wp-content\/uploads\/2022\/04\/1klein_cut_01Baukorper-_-Ghirnghelli-Bellinzona-Mai-21_\u00a9-Rene-Durr_2-k-600x315.jpg 600w, https:\/\/www.constructivealps.net\/wp-content\/uploads\/2022\/04\/1klein_cut_01Baukorper-_-Ghirnghelli-Bellinzona-Mai-21_\u00a9-Rene-Durr_2-k-800x420.jpg 800w, https:\/\/www.constructivealps.net\/wp-content\/uploads\/2022\/04\/1klein_cut_01Baukorper-_-Ghirnghelli-Bellinzona-Mai-21_\u00a9-Rene-Durr_2-k-1200x629.jpg 1200w, https:\/\/www.constructivealps.net\/wp-content\/uploads\/2022\/04\/1klein_cut_01Baukorper-_-Ghirnghelli-Bellinzona-Mai-21_\u00a9-Rene-Durr_2-k.jpg 2000w\" sizes=\"(max-width: 1125px) 100vw, 2000px\" \/><\/a><div class=\"slide-excerpt\"><h2><a href=\"https:\/\/www.constructivealps.net\/sl\/wohnuberbauung-ghiringhelli\/\">Apartment building Ghiringhelli<\/a><\/h2><\/div><\/li><\/ul><\/div><div class=\"fusion-text fusion-text-7\"><h3>Priznanje<\/h3>\n<\/div><div class=\"fusion-blog-shortcode fusion-blog-shortcode-3 fusion-blog-archive fusion-blog-layout-grid-wrapper fusion-blog-no fusion-blog-layout-center\"><style type=\"text\/css\">.fusion-blog-shortcode-3 .fusion-blog-layout-grid .fusion-post-grid{padding:5px;}.fusion-blog-shortcode-3 .fusion-posts-container{margin-left: -5px !important; margin-right:-5px !important;}<\/style><div class=\"fusion-posts-container fusion-posts-container-no fusion-no-meta-info fusion-blog-rollover fusion-blog-layout-grid fusion-blog-layout-grid-4 isotope fusion-blog-equal-heights\" data-pages=\"1\" data-grid-col-space=\"10\" style=\"margin: -5px -5px 0;min-height:500px;\"><article id=\"blog-3-post-9721\" class=\"fusion-post-grid post-9721 post type-post status-publish format-standard has-post-thumbnail hentry category-priznanja-2022 category-projekti category-projekti22\">\n<div class=\"fusion-post-wrapper\" style=\"background-color:rgba(255,255,255,0);border:1px solid #ebeaea;border-bottom-width:3px;\">\n\n\t\t\t<div class=\"fusion-flexslider flexslider fusion-flexslider-loading fusion-post-slideshow\" style=\"border-color:#ebeaea;\">\n\t\t<ul class=\"slides\">\n\t\t\t\n\t\t\t\t\t\t\t\t\t\t\t\t\t\t<li>\n\n<div  class=\"fusion-image-wrapper\" aria-haspopup=\"true\">\n\t\n\t\n\t\n\t\t\n\t\t\t\t\t<img width=\"1680\" height=\"1120\" src=\"https:\/\/www.constructivealps.net\/wp-content\/uploads\/2022\/04\/1_Alpeggio-a-Petosan_Brambilla-Orsoni-Castiglioni_Foto-Eugenio-Castiglioni_09.jpg\" class=\"attachment-full size-full wp-post-image\" alt=\"Alpeggio Petosan \u00a9 Eugenio Castiglioni\" srcset=\"https:\/\/www.constructivealps.net\/wp-content\/uploads\/2022\/04\/1_Alpeggio-a-Petosan_Brambilla-Orsoni-Castiglioni_Foto-Eugenio-Castiglioni_09-200x133.jpg 200w, https:\/\/www.constructivealps.net\/wp-content\/uploads\/2022\/04\/1_Alpeggio-a-Petosan_Brambilla-Orsoni-Castiglioni_Foto-Eugenio-Castiglioni_09-400x267.jpg 400w, https:\/\/www.constructivealps.net\/wp-content\/uploads\/2022\/04\/1_Alpeggio-a-Petosan_Brambilla-Orsoni-Castiglioni_Foto-Eugenio-Castiglioni_09-600x400.jpg 600w, https:\/\/www.constructivealps.net\/wp-content\/uploads\/2022\/04\/1_Alpeggio-a-Petosan_Brambilla-Orsoni-Castiglioni_Foto-Eugenio-Castiglioni_09-800x533.jpg 800w, https:\/\/www.constructivealps.net\/wp-content\/uploads\/2022\/04\/1_Alpeggio-a-Petosan_Brambilla-Orsoni-Castiglioni_Foto-Eugenio-Castiglioni_09-1200x800.jpg 1200w, https:\/\/www.constructivealps.net\/wp-content\/uploads\/2022\/04\/1_Alpeggio-a-Petosan_Brambilla-Orsoni-Castiglioni_Foto-Eugenio-Castiglioni_09.jpg 1680w\" sizes=\"(min-width: 1200px) 25vw, (min-width: 2200px) 100vw, (min-width: 1181px) 473px, (min-width: 1109px) 630px, (min-width: 1037px) 945px, (min-width: 965px) 1037px, \" \/>\n\t\n\n\t\t<div class=\"fusion-rollover\">\n\t<div class=\"fusion-rollover-content\">\n\n\t\t\t\t\t\t\t\t\t\t\t\t\t\t<a class=\"fusion-rollover-link\" href=\"https:\/\/www.constructivealps.net\/sl\/alpeggio-petosan\/\">Alpine pasture in Petosan<\/a>\n\t\t\t\n\t\t\t\t\t\t\t\t\t\t\t\t\t\t\n\t\t\t\t\t\t\t\t\n\t\t\t\t\t\t\t\t\t\t\t\t\t<div class=\"fusion-rollover-sep\"><\/div>\n\t\t\t\t\n\t\t\t\t\t\t\t\t\t\t\t\t\t\t\t\t\t\t<a class=\"fusion-rollover-gallery\" href=\"https:\/\/www.constructivealps.net\/wp-content\/uploads\/2022\/04\/1_Alpeggio-a-Petosan_Brambilla-Orsoni-Castiglioni_Foto-Eugenio-Castiglioni_09.jpg\" data-id=\"9721\" data-rel=\"iLightbox[gallery]\" data-title=\"Alpeggio Petosan \u00a9 Eugenio Castiglioni\" data-caption=\"Alpeggio Petosan \u00a9 Eugenio Castiglioni\">\n\t\t\t\t\t\tGallery\t\t\t\t\t<\/a>\n\t\t\t\t\t\t\t\t\t\t\t\t\t\t\n\t\t\n\t\t\t\t\t\t\t\t\t\t\t\t<h4 class=\"fusion-rollover-title\">\n\t\t\t\t\t<a class=\"fusion-rollover-title-link\" href=\"https:\/\/www.constructivealps.net\/sl\/alpeggio-petosan\/\">\n\t\t\t\t\t\tAlpine pasture in Petosan\t\t\t\t\t<\/a>\n\t\t\t\t<\/h4>\n\t\t\t\n\t\t\t\t\t\t\t\t\n\t\t\n\t\t\t\t\t\t<a class=\"fusion-link-wrapper\" href=\"https:\/\/www.constructivealps.net\/sl\/alpeggio-petosan\/\" aria-label=\"Alpine pasture in Petosan\"><\/a>\n\t<\/div>\n<\/div>\n\n\t\n<\/div>\n<\/li>\n\t\t\t\n\t\t\t\n\t\t\t\t\t\t\t\t\t\t\t\t\t\t\t\t\t\t\t\t\t\t\t\t\t\t\t\t\t\t\t\t\t\t\t\t\t\t\t\t\t\t\t\t\t\t\t\t\t\t\t\t\t\t\t\t\t\t\t\t\t\t\t\t\t\t\t\t<\/ul>\n\t<\/div>\n\t<div class=\"fusion-post-content-wrapper\" style=\"padding:30px 25px 20px 25px;\"><div class=\"fusion-post-content post-content\"><h2 class=\"blog-shortcode-post-title entry-title\"><a href=\"https:\/\/www.constructivealps.net\/sl\/alpeggio-petosan\/\">Alpine pasture in Petosan<\/a><\/h2><\/div><\/div><div class=\"fusion-clearfix\"><\/div><\/div>\n<\/article>\n<article id=\"blog-3-post-9701\" class=\"fusion-post-grid post-9701 post type-post status-publish format-standard has-post-thumbnail hentry category-priznanja-2022 category-projekti category-projekti22\">\n<div class=\"fusion-post-wrapper\" style=\"background-color:rgba(255,255,255,0);border:1px solid #ebeaea;border-bottom-width:3px;\">\n\n\t\t\t<div class=\"fusion-flexslider flexslider fusion-flexslider-loading fusion-post-slideshow\" style=\"border-color:#ebeaea;\">\n\t\t<ul class=\"slides\">\n\t\t\t\n\t\t\t\t\t\t\t\t\t\t\t\t\t\t<li>\n\n<div  class=\"fusion-image-wrapper\" aria-haspopup=\"true\">\n\t\n\t\n\t\n\t\t\n\t\t\t\t\t<img width=\"1799\" height=\"762\" src=\"https:\/\/www.constructivealps.net\/wp-content\/uploads\/2022\/03\/final_01bRasmusNorlander.jpg\" class=\"attachment-full size-full wp-post-image\" alt=\"\u00a9 Rasmus Norlander\" srcset=\"https:\/\/www.constructivealps.net\/wp-content\/uploads\/2022\/03\/final_01bRasmusNorlander-200x85.jpg 200w, https:\/\/www.constructivealps.net\/wp-content\/uploads\/2022\/03\/final_01bRasmusNorlander-400x169.jpg 400w, https:\/\/www.constructivealps.net\/wp-content\/uploads\/2022\/03\/final_01bRasmusNorlander-600x254.jpg 600w, https:\/\/www.constructivealps.net\/wp-content\/uploads\/2022\/03\/final_01bRasmusNorlander-800x339.jpg 800w, https:\/\/www.constructivealps.net\/wp-content\/uploads\/2022\/03\/final_01bRasmusNorlander-1200x508.jpg 1200w, https:\/\/www.constructivealps.net\/wp-content\/uploads\/2022\/03\/final_01bRasmusNorlander.jpg 1799w\" sizes=\"(min-width: 1200px) 25vw, (min-width: 2200px) 100vw, (min-width: 1181px) 473px, (min-width: 1109px) 630px, (min-width: 1037px) 945px, (min-width: 965px) 1037px, \" \/>\n\t\n\n\t\t<div class=\"fusion-rollover\">\n\t<div class=\"fusion-rollover-content\">\n\n\t\t\t\t\t\t\t\t\t\t\t\t\t\t<a class=\"fusion-rollover-link\" href=\"https:\/\/www.constructivealps.net\/sl\/burohaus-kung\/\">Office building K\u00fcng<\/a>\n\t\t\t\n\t\t\t\t\t\t\t\t\t\t\t\t\t\t\n\t\t\t\t\t\t\t\t\n\t\t\t\t\t\t\t\t\t\t\t\t\t<div class=\"fusion-rollover-sep\"><\/div>\n\t\t\t\t\n\t\t\t\t\t\t\t\t\t\t\t\t\t\t\t\t\t\t<a class=\"fusion-rollover-gallery\" href=\"https:\/\/www.constructivealps.net\/wp-content\/uploads\/2022\/03\/final_01bRasmusNorlander.jpg\" data-id=\"9701\" data-rel=\"iLightbox[gallery]\" data-title=\"final_01bRasmusNorlander\" data-caption=\"\u00a9 Rasmus Norlander\">\n\t\t\t\t\t\tGallery\t\t\t\t\t<\/a>\n\t\t\t\t\t\t\t\t\t\t\t\t\t\t\n\t\t\n\t\t\t\t\t\t\t\t\t\t\t\t<h4 class=\"fusion-rollover-title\">\n\t\t\t\t\t<a class=\"fusion-rollover-title-link\" href=\"https:\/\/www.constructivealps.net\/sl\/burohaus-kung\/\">\n\t\t\t\t\t\tOffice building K\u00fcng\t\t\t\t\t<\/a>\n\t\t\t\t<\/h4>\n\t\t\t\n\t\t\t\t\t\t\t\t\n\t\t\n\t\t\t\t\t\t<a class=\"fusion-link-wrapper\" href=\"https:\/\/www.constructivealps.net\/sl\/burohaus-kung\/\" aria-label=\"Office building K\u00fcng\"><\/a>\n\t<\/div>\n<\/div>\n\n\t\n<\/div>\n<\/li>\n\t\t\t\n\t\t\t\n\t\t\t\t\t\t\t\t\t\t\t\t\t\t\t\t\t\t\t\t\t\t\t\t\t\t\t\t\t\t\t\t\t\t\t\t\t\t\t\t\t\t\t\t\t\t\t\t\t\t\t\t\t\t\t\t\t\t\t\t\t\t\t\t\t\t\t\t<\/ul>\n\t<\/div>\n\t<div class=\"fusion-post-content-wrapper\" style=\"padding:30px 25px 20px 25px;\"><div class=\"fusion-post-content post-content\"><h2 class=\"blog-shortcode-post-title entry-title\"><a href=\"https:\/\/www.constructivealps.net\/sl\/burohaus-kung\/\">Office building K\u00fcng<\/a><\/h2><\/div><\/div><div class=\"fusion-clearfix\"><\/div><\/div>\n<\/article>\n<article id=\"blog-3-post-10058\" class=\"fusion-post-grid post-10058 post type-post status-publish format-standard has-post-thumbnail hentry category-priznanja-2022 category-projekti category-projekti22\">\n<div class=\"fusion-post-wrapper\" style=\"background-color:rgba(255,255,255,0);border:1px solid #ebeaea;border-bottom-width:3px;\">\n\n\t\t\t<div class=\"fusion-flexslider flexslider fusion-flexslider-loading fusion-post-slideshow\" style=\"border-color:#ebeaea;\">\n\t\t<ul class=\"slides\">\n\t\t\t\n\t\t\t\t\t\t\t\t\t\t\t\t\t\t<li>\n\n<div  class=\"fusion-image-wrapper\" aria-haspopup=\"true\">\n\t\n\t\n\t\n\t\t\n\t\t\t\t\t<img width=\"2000\" height=\"1143\" src=\"https:\/\/www.constructivealps.net\/wp-content\/uploads\/2022\/04\/1klein_cut_Ralph-Feiner-Baukoerper-quer.jpg\" class=\"attachment-full size-full wp-post-image\" alt=\"Mehrzweckgeb\u00e4ude Fl\u00e4sch \u00a9 Ralph Feiner\" srcset=\"https:\/\/www.constructivealps.net\/wp-content\/uploads\/2022\/04\/1klein_cut_Ralph-Feiner-Baukoerper-quer-200x114.jpg 200w, https:\/\/www.constructivealps.net\/wp-content\/uploads\/2022\/04\/1klein_cut_Ralph-Feiner-Baukoerper-quer-400x229.jpg 400w, https:\/\/www.constructivealps.net\/wp-content\/uploads\/2022\/04\/1klein_cut_Ralph-Feiner-Baukoerper-quer-600x343.jpg 600w, https:\/\/www.constructivealps.net\/wp-content\/uploads\/2022\/04\/1klein_cut_Ralph-Feiner-Baukoerper-quer-800x457.jpg 800w, https:\/\/www.constructivealps.net\/wp-content\/uploads\/2022\/04\/1klein_cut_Ralph-Feiner-Baukoerper-quer-1200x686.jpg 1200w, https:\/\/www.constructivealps.net\/wp-content\/uploads\/2022\/04\/1klein_cut_Ralph-Feiner-Baukoerper-quer.jpg 2000w\" sizes=\"(min-width: 1200px) 25vw, (min-width: 2200px) 100vw, (min-width: 1181px) 473px, (min-width: 1109px) 630px, (min-width: 1037px) 945px, (min-width: 965px) 1037px, \" \/>\n\t\n\n\t\t<div class=\"fusion-rollover\">\n\t<div class=\"fusion-rollover-content\">\n\n\t\t\t\t\t\t\t\t\t\t\t\t\t\t<a class=\"fusion-rollover-link\" href=\"https:\/\/www.constructivealps.net\/sl\/mehrzweckgebaude-flasch\/\">Renovation and extension general purpose building Fl\u00e4sch<\/a>\n\t\t\t\n\t\t\t\t\t\t\t\t\t\t\t\t\t\t\n\t\t\t\t\t\t\t\t\n\t\t\t\t\t\t\t\t\t\t\t\t\t<div class=\"fusion-rollover-sep\"><\/div>\n\t\t\t\t\n\t\t\t\t\t\t\t\t\t\t\t\t\t\t\t\t\t\t<a class=\"fusion-rollover-gallery\" href=\"https:\/\/www.constructivealps.net\/wp-content\/uploads\/2022\/04\/1klein_cut_Ralph-Feiner-Baukoerper-quer.jpg\" data-id=\"10058\" data-rel=\"iLightbox[gallery]\" data-title=\"Mehrzweckgeb\u00e4ude Fl\u00e4sch \u00a9 Ralph Feiner\" data-caption=\"Mehrzweckgeb\u00e4ude Fl\u00e4sch \u00a9 Ralph Feiner\">\n\t\t\t\t\t\tGallery\t\t\t\t\t<\/a>\n\t\t\t\t\t\t\t\t\t\t\t\t\t\t\n\t\t\n\t\t\t\t\t\t\t\t\t\t\t\t<h4 class=\"fusion-rollover-title\">\n\t\t\t\t\t<a class=\"fusion-rollover-title-link\" href=\"https:\/\/www.constructivealps.net\/sl\/mehrzweckgebaude-flasch\/\">\n\t\t\t\t\t\tRenovation and extension general purpose building Fl\u00e4sch\t\t\t\t\t<\/a>\n\t\t\t\t<\/h4>\n\t\t\t\n\t\t\t\t\t\t\t\t\n\t\t\n\t\t\t\t\t\t<a class=\"fusion-link-wrapper\" href=\"https:\/\/www.constructivealps.net\/sl\/mehrzweckgebaude-flasch\/\" aria-label=\"Renovation and extension general purpose building Fl\u00e4sch\"><\/a>\n\t<\/div>\n<\/div>\n\n\t\n<\/div>\n<\/li>\n\t\t\t\n\t\t\t\n\t\t\t\t\t\t\t\t\t\t\t\t\t\t\t\t\t\t\t\t\t\t\t\t\t\t\t\t\t\t\t\t\t\t\t\t\t\t\t\t\t\t\t\t\t\t\t\t\t\t\t\t\t\t\t\t\t\t\t\t\t\t\t\t\t\t\t\t<\/ul>\n\t<\/div>\n\t<div class=\"fusion-post-content-wrapper\" style=\"padding:30px 25px 20px 25px;\"><div class=\"fusion-post-content post-content\"><h2 class=\"blog-shortcode-post-title entry-title\"><a href=\"https:\/\/www.constructivealps.net\/sl\/mehrzweckgebaude-flasch\/\">Renovation and extension general purpose building Fl\u00e4sch<\/a><\/h2><\/div><\/div><div class=\"fusion-clearfix\"><\/div><\/div>\n<\/article>\n<article id=\"blog-3-post-9790\" class=\"fusion-post-grid post-9790 post type-post status-publish format-standard has-post-thumbnail hentry category-priznanja-2022 category-projekti category-projekti22\">\n<div class=\"fusion-post-wrapper\" style=\"background-color:rgba(255,255,255,0);border:1px solid #ebeaea;border-bottom-width:3px;\">\n\n\t\t\t<div class=\"fusion-flexslider flexslider fusion-flexslider-loading fusion-post-slideshow\" style=\"border-color:#ebeaea;\">\n\t\t<ul class=\"slides\">\n\t\t\t\n\t\t\t\t\t\t\t\t\t\t\t\t\t\t<li>\n\n<div  class=\"fusion-image-wrapper\" aria-haspopup=\"true\">\n\t\n\t\n\t\n\t\t\n\t\t\t\t\t<img width=\"1999\" height=\"1143\" src=\"https:\/\/www.constructivealps.net\/wp-content\/uploads\/2022\/04\/cut_1klein_03_inhauser-\u00a9-www.christof-reich.jpg\" class=\"attachment-full size-full wp-post-image\" alt=\"Wohnbau Friedrich-Inhauser-Stra\u00dfe \u00a9 www.christof-reich.com\" srcset=\"https:\/\/www.constructivealps.net\/wp-content\/uploads\/2022\/04\/cut_1klein_03_inhauser-\u00a9-www.christof-reich-200x114.jpg 200w, https:\/\/www.constructivealps.net\/wp-content\/uploads\/2022\/04\/cut_1klein_03_inhauser-\u00a9-www.christof-reich-400x229.jpg 400w, https:\/\/www.constructivealps.net\/wp-content\/uploads\/2022\/04\/cut_1klein_03_inhauser-\u00a9-www.christof-reich-600x343.jpg 600w, https:\/\/www.constructivealps.net\/wp-content\/uploads\/2022\/04\/cut_1klein_03_inhauser-\u00a9-www.christof-reich-800x457.jpg 800w, https:\/\/www.constructivealps.net\/wp-content\/uploads\/2022\/04\/cut_1klein_03_inhauser-\u00a9-www.christof-reich-1200x686.jpg 1200w, https:\/\/www.constructivealps.net\/wp-content\/uploads\/2022\/04\/cut_1klein_03_inhauser-\u00a9-www.christof-reich.jpg 1999w\" sizes=\"(min-width: 1200px) 25vw, (min-width: 2200px) 100vw, (min-width: 1181px) 473px, (min-width: 1109px) 630px, (min-width: 1037px) 945px, (min-width: 965px) 1037px, \" \/>\n\t\n\n\t\t<div class=\"fusion-rollover\">\n\t<div class=\"fusion-rollover-content\">\n\n\t\t\t\t\t\t\t\t\t\t\t\t\t\t<a class=\"fusion-rollover-link\" href=\"https:\/\/www.constructivealps.net\/sl\/wohnbau-friedrich-inhauser-strase\/\">Wohnbau Friedrich-Inhauser-Stra\u00dfe<\/a>\n\t\t\t\n\t\t\t\t\t\t\t\t\t\t\t\t\t\t\n\t\t\t\t\t\t\t\t\n\t\t\t\t\t\t\t\t\t\t\t\t\t<div class=\"fusion-rollover-sep\"><\/div>\n\t\t\t\t\n\t\t\t\t\t\t\t\t\t\t\t\t\t\t\t\t\t\t<a class=\"fusion-rollover-gallery\" href=\"https:\/\/www.constructivealps.net\/wp-content\/uploads\/2022\/04\/cut_1klein_03_inhauser-\u00a9-www.christof-reich.jpg\" data-id=\"9790\" data-rel=\"iLightbox[gallery]\" data-title=\"Wohnbau Friedrich-Inhauser-Stra\u00dfe \u00a9 www.christof-reich.com\" data-caption=\"Wohnbau Friedrich-Inhauser-Stra\u00dfe \u00a9 www.christof-reich.com\">\n\t\t\t\t\t\tGallery\t\t\t\t\t<\/a>\n\t\t\t\t\t\t\t\t\t\t\t\t\t\t\n\t\t\n\t\t\t\t\t\t\t\t\t\t\t\t<h4 class=\"fusion-rollover-title\">\n\t\t\t\t\t<a class=\"fusion-rollover-title-link\" href=\"https:\/\/www.constructivealps.net\/sl\/wohnbau-friedrich-inhauser-strase\/\">\n\t\t\t\t\t\tWohnbau Friedrich-Inhauser-Stra\u00dfe\t\t\t\t\t<\/a>\n\t\t\t\t<\/h4>\n\t\t\t\n\t\t\t\t\t\t\t\t\n\t\t\n\t\t\t\t\t\t<a class=\"fusion-link-wrapper\" href=\"https:\/\/www.constructivealps.net\/sl\/wohnbau-friedrich-inhauser-strase\/\" aria-label=\"Wohnbau Friedrich-Inhauser-Stra\u00dfe\"><\/a>\n\t<\/div>\n<\/div>\n\n\t\n<\/div>\n<\/li>\n\t\t\t\n\t\t\t\n\t\t\t\t\t\t\t\t\t\t\t\t\t\t\t\t\t\t\t\t\t\t\t\t\t\t\t\t\t\t\t\t\t\t\t\t\t\t\t\t\t\t\t\t\t\t\t\t\t\t\t\t\t\t\t\t\t\t\t\t\t\t\t\t\t\t\t\t<\/ul>\n\t<\/div>\n\t<div class=\"fusion-post-content-wrapper\" style=\"padding:30px 25px 20px 25px;\"><div class=\"fusion-post-content post-content\"><h2 class=\"blog-shortcode-post-title entry-title\"><a href=\"https:\/\/www.constructivealps.net\/sl\/wohnbau-friedrich-inhauser-strase\/\">Wohnbau Friedrich-Inhauser-Stra\u00dfe<\/a><\/h2><\/div><\/div><div class=\"fusion-clearfix\"><\/div><\/div>\n<\/article>\n<article id=\"blog-3-post-9762\" class=\"fusion-post-grid post-9762 post type-post status-publish format-standard has-post-thumbnail hentry category-priznanja-2022 category-projekti category-projekti22\">\n<div class=\"fusion-post-wrapper\" style=\"background-color:rgba(255,255,255,0);border:1px solid #ebeaea;border-bottom-width:3px;\">\n\n\t\t\t<div class=\"fusion-flexslider flexslider fusion-flexslider-loading fusion-post-slideshow\" style=\"border-color:#ebeaea;\">\n\t\t<ul class=\"slides\">\n\t\t\t\n\t\t\t\t\t\t\t\t\t\t\t\t\t\t<li>\n\n<div  class=\"fusion-image-wrapper\" aria-haspopup=\"true\">\n\t\n\t\n\t\n\t\t\n\t\t\t\t\t<img width=\"1920\" height=\"1414\" src=\"https:\/\/www.constructivealps.net\/wp-content\/uploads\/2022\/04\/3_MATADOR_03\u00a9Marc-Lins-Photography.jpg\" class=\"attachment-full size-full wp-post-image\" alt=\"MATADOR \u2010 Schulraumprovisorium \u00a9 Marc Lins Photography\" srcset=\"https:\/\/www.constructivealps.net\/wp-content\/uploads\/2022\/04\/3_MATADOR_03\u00a9Marc-Lins-Photography-200x147.jpg 200w, https:\/\/www.constructivealps.net\/wp-content\/uploads\/2022\/04\/3_MATADOR_03\u00a9Marc-Lins-Photography-400x295.jpg 400w, https:\/\/www.constructivealps.net\/wp-content\/uploads\/2022\/04\/3_MATADOR_03\u00a9Marc-Lins-Photography-600x442.jpg 600w, https:\/\/www.constructivealps.net\/wp-content\/uploads\/2022\/04\/3_MATADOR_03\u00a9Marc-Lins-Photography-800x589.jpg 800w, https:\/\/www.constructivealps.net\/wp-content\/uploads\/2022\/04\/3_MATADOR_03\u00a9Marc-Lins-Photography-1200x884.jpg 1200w, https:\/\/www.constructivealps.net\/wp-content\/uploads\/2022\/04\/3_MATADOR_03\u00a9Marc-Lins-Photography.jpg 1920w\" sizes=\"(min-width: 1200px) 25vw, (min-width: 2200px) 100vw, (min-width: 1181px) 473px, (min-width: 1109px) 630px, (min-width: 1037px) 945px, (min-width: 965px) 1037px, \" \/>\n\t\n\n\t\t<div class=\"fusion-rollover\">\n\t<div class=\"fusion-rollover-content\">\n\n\t\t\t\t\t\t\t\t\t\t\t\t\t\t<a class=\"fusion-rollover-link\" href=\"https:\/\/www.constructivealps.net\/sl\/matador-%e2%80%90-schulraumprovisorium\/\">MATADOR \u2010 Temporary school building<\/a>\n\t\t\t\n\t\t\t\t\t\t\t\t\t\t\t\t\t\t\n\t\t\t\t\t\t\t\t\n\t\t\t\t\t\t\t\t\t\t\t\t\t<div class=\"fusion-rollover-sep\"><\/div>\n\t\t\t\t\n\t\t\t\t\t\t\t\t\t\t\t\t\t\t\t\t\t\t<a class=\"fusion-rollover-gallery\" href=\"https:\/\/www.constructivealps.net\/wp-content\/uploads\/2022\/04\/3_MATADOR_03\u00a9Marc-Lins-Photography.jpg\" data-id=\"9762\" data-rel=\"iLightbox[gallery]\" data-title=\"MATADOR \u2010 Schulraumprovisorium \u00a9 Marc Lins Photography\" data-caption=\"MATADOR \u2010 Schulraumprovisorium \u00a9 Marc Lins Photography\">\n\t\t\t\t\t\tGallery\t\t\t\t\t<\/a>\n\t\t\t\t\t\t\t\t\t\t\t\t\t\t\n\t\t\n\t\t\t\t\t\t\t\t\t\t\t\t<h4 class=\"fusion-rollover-title\">\n\t\t\t\t\t<a class=\"fusion-rollover-title-link\" href=\"https:\/\/www.constructivealps.net\/sl\/matador-%e2%80%90-schulraumprovisorium\/\">\n\t\t\t\t\t\tMATADOR \u2010 Temporary school building\t\t\t\t\t<\/a>\n\t\t\t\t<\/h4>\n\t\t\t\n\t\t\t\t\t\t\t\t\n\t\t\n\t\t\t\t\t\t<a class=\"fusion-link-wrapper\" href=\"https:\/\/www.constructivealps.net\/sl\/matador-%e2%80%90-schulraumprovisorium\/\" aria-label=\"MATADOR \u2010 Temporary school building\"><\/a>\n\t<\/div>\n<\/div>\n\n\t\n<\/div>\n<\/li>\n\t\t\t\n\t\t\t\n\t\t\t\t\t\t\t\t\t\t\t\t\t\t\t\t\t\t\t\t\t\t\t\t\t\t\t\t\t\t\t\t\t\t\t\t\t\t\t\t\t\t\t\t\t\t\t\t\t\t\t\t\t\t\t\t\t\t\t\t\t\t\t\t\t\t\t\t<\/ul>\n\t<\/div>\n\t<div class=\"fusion-post-content-wrapper\" style=\"padding:30px 25px 20px 25px;\"><div class=\"fusion-post-content post-content\"><h2 class=\"blog-shortcode-post-title entry-title\"><a href=\"https:\/\/www.constructivealps.net\/sl\/matador-%e2%80%90-schulraumprovisorium\/\">MATADOR \u2010 Temporary school building<\/a><\/h2><\/div><\/div><div class=\"fusion-clearfix\"><\/div><\/div>\n<\/article>\n<article id=\"blog-3-post-9944\" class=\"fusion-post-grid post-9944 post type-post status-publish format-standard has-post-thumbnail hentry category-priznanja-2022 category-projekti category-projekti22\">\n<div class=\"fusion-post-wrapper\" style=\"background-color:rgba(255,255,255,0);border:1px solid #ebeaea;border-bottom-width:3px;\">\n\n\t\t\t<div class=\"fusion-flexslider flexslider fusion-flexslider-loading fusion-post-slideshow\" style=\"border-color:#ebeaea;\">\n\t\t<ul class=\"slides\">\n\t\t\t\n\t\t\t\t\t\t\t\t\t\t\t\t\t\t<li>\n\n<div  class=\"fusion-image-wrapper\" aria-haspopup=\"true\">\n\t\n\t\n\t\n\t\t\n\t\t\t\t\t<img width=\"2000\" height=\"1223\" src=\"https:\/\/www.constructivealps.net\/wp-content\/uploads\/2022\/04\/2klein_cut_Virnik-Karnicar_foto-02.jpg\" class=\"attachment-full size-full wp-post-image\" alt=\"\u0160enkova hi\u0161a \u00a9 Virnik Karni\u010dar\" srcset=\"https:\/\/www.constructivealps.net\/wp-content\/uploads\/2022\/04\/2klein_cut_Virnik-Karnicar_foto-02-200x122.jpg 200w, https:\/\/www.constructivealps.net\/wp-content\/uploads\/2022\/04\/2klein_cut_Virnik-Karnicar_foto-02-400x245.jpg 400w, https:\/\/www.constructivealps.net\/wp-content\/uploads\/2022\/04\/2klein_cut_Virnik-Karnicar_foto-02-600x367.jpg 600w, https:\/\/www.constructivealps.net\/wp-content\/uploads\/2022\/04\/2klein_cut_Virnik-Karnicar_foto-02-800x489.jpg 800w, https:\/\/www.constructivealps.net\/wp-content\/uploads\/2022\/04\/2klein_cut_Virnik-Karnicar_foto-02-1200x734.jpg 1200w, https:\/\/www.constructivealps.net\/wp-content\/uploads\/2022\/04\/2klein_cut_Virnik-Karnicar_foto-02.jpg 2000w\" sizes=\"(min-width: 1200px) 25vw, (min-width: 2200px) 100vw, (min-width: 1181px) 473px, (min-width: 1109px) 630px, (min-width: 1037px) 945px, (min-width: 965px) 1037px, \" \/>\n\t\n\n\t\t<div class=\"fusion-rollover\">\n\t<div class=\"fusion-rollover-content\">\n\n\t\t\t\t\t\t\t\t\t\t\t\t\t\t<a class=\"fusion-rollover-link\" href=\"https:\/\/www.constructivealps.net\/sl\/senkova-hisa\/\">\u0160enkova hi\u0161a<\/a>\n\t\t\t\n\t\t\t\t\t\t\t\t\t\t\t\t\t\t\n\t\t\t\t\t\t\t\t\n\t\t\t\t\t\t\t\t\t\t\t\t\t<div class=\"fusion-rollover-sep\"><\/div>\n\t\t\t\t\n\t\t\t\t\t\t\t\t\t\t\t\t\t\t\t\t\t\t<a class=\"fusion-rollover-gallery\" href=\"https:\/\/www.constructivealps.net\/wp-content\/uploads\/2022\/04\/2klein_cut_Virnik-Karnicar_foto-02.jpg\" data-id=\"9944\" data-rel=\"iLightbox[gallery]\" data-title=\"\u0160enkova hi\u0161a \u00a9 Virnik Karni\u010dar\" data-caption=\"\u0160enkova hi\u0161a \u00a9 Virnik Karni\u010dar\">\n\t\t\t\t\t\tGallery\t\t\t\t\t<\/a>\n\t\t\t\t\t\t\t\t\t\t\t\t\t\t\n\t\t\n\t\t\t\t\t\t\t\t\t\t\t\t<h4 class=\"fusion-rollover-title\">\n\t\t\t\t\t<a class=\"fusion-rollover-title-link\" href=\"https:\/\/www.constructivealps.net\/sl\/senkova-hisa\/\">\n\t\t\t\t\t\t\u0160enkova hi\u0161a\t\t\t\t\t<\/a>\n\t\t\t\t<\/h4>\n\t\t\t\n\t\t\t\t\t\t\t\t\n\t\t\n\t\t\t\t\t\t<a class=\"fusion-link-wrapper\" href=\"https:\/\/www.constructivealps.net\/sl\/senkova-hisa\/\" aria-label=\"\u0160enkova hi\u0161a\"><\/a>\n\t<\/div>\n<\/div>\n\n\t\n<\/div>\n<\/li>\n\t\t\t\n\t\t\t\n\t\t\t\t\t\t\t\t\t\t\t\t\t\t\t\t\t\t\t\t\t\t\t\t\t\t\t\t\t\t\t\t\t\t\t\t\t\t\t\t\t\t\t\t\t\t\t\t\t\t\t\t\t\t\t\t\t\t\t\t\t\t\t\t\t\t\t\t<\/ul>\n\t<\/div>\n\t<div class=\"fusion-post-content-wrapper\" style=\"padding:30px 25px 20px 25px;\"><div class=\"fusion-post-content post-content\"><h2 class=\"blog-shortcode-post-title entry-title\"><a href=\"https:\/\/www.constructivealps.net\/sl\/senkova-hisa\/\">\u0160enkova hi\u0161a<\/a><\/h2><\/div><\/div><div class=\"fusion-clearfix\"><\/div><\/div>\n<\/article>\n<article id=\"blog-3-post-9786\" class=\"fusion-post-grid post-9786 post type-post status-publish format-standard has-post-thumbnail hentry category-priznanja-2022 category-projekti category-projekti22\">\n<div class=\"fusion-post-wrapper\" style=\"background-color:rgba(255,255,255,0);border:1px solid #ebeaea;border-bottom-width:3px;\">\n\n\t\t\t<div class=\"fusion-flexslider flexslider fusion-flexslider-loading fusion-post-slideshow\" style=\"border-color:#ebeaea;\">\n\t\t<ul class=\"slides\">\n\t\t\t\n\t\t\t\t\t\t\t\t\t\t\t\t\t\t<li>\n\n<div  class=\"fusion-image-wrapper\" aria-haspopup=\"true\">\n\t\n\t\n\t\n\t\t\n\t\t\t\t\t<img width=\"2000\" height=\"1334\" src=\"https:\/\/www.constructivealps.net\/wp-content\/uploads\/2022\/04\/1klein_Ernas-Haus_2858_LudescherLutz-Architekten_Foto-E-Ludescher.jpg\" class=\"attachment-full size-full wp-post-image\" alt=\"Ernas Haus am Winderhof \u00a9 Elmar Ludescher\" srcset=\"https:\/\/www.constructivealps.net\/wp-content\/uploads\/2022\/04\/1klein_Ernas-Haus_2858_LudescherLutz-Architekten_Foto-E-Ludescher-200x133.jpg 200w, https:\/\/www.constructivealps.net\/wp-content\/uploads\/2022\/04\/1klein_Ernas-Haus_2858_LudescherLutz-Architekten_Foto-E-Ludescher-400x267.jpg 400w, https:\/\/www.constructivealps.net\/wp-content\/uploads\/2022\/04\/1klein_Ernas-Haus_2858_LudescherLutz-Architekten_Foto-E-Ludescher-600x400.jpg 600w, https:\/\/www.constructivealps.net\/wp-content\/uploads\/2022\/04\/1klein_Ernas-Haus_2858_LudescherLutz-Architekten_Foto-E-Ludescher-800x534.jpg 800w, https:\/\/www.constructivealps.net\/wp-content\/uploads\/2022\/04\/1klein_Ernas-Haus_2858_LudescherLutz-Architekten_Foto-E-Ludescher-1200x800.jpg 1200w, https:\/\/www.constructivealps.net\/wp-content\/uploads\/2022\/04\/1klein_Ernas-Haus_2858_LudescherLutz-Architekten_Foto-E-Ludescher.jpg 2000w\" sizes=\"(min-width: 1200px) 25vw, (min-width: 2200px) 100vw, (min-width: 1181px) 473px, (min-width: 1109px) 630px, (min-width: 1037px) 945px, (min-width: 965px) 1037px, \" \/>\n\t\n\n\t\t<div class=\"fusion-rollover\">\n\t<div class=\"fusion-rollover-content\">\n\n\t\t\t\t\t\t\t\t\t\t\t\t\t\t<a class=\"fusion-rollover-link\" href=\"https:\/\/www.constructivealps.net\/sl\/ernas-haus-am-winderhof\/\">Ernas Haus am Winderhof<\/a>\n\t\t\t\n\t\t\t\t\t\t\t\t\t\t\t\t\t\t\n\t\t\t\t\t\t\t\t\n\t\t\t\t\t\t\t\t\t\t\t\t\t<div class=\"fusion-rollover-sep\"><\/div>\n\t\t\t\t\n\t\t\t\t\t\t\t\t\t\t\t\t\t\t\t\t\t\t<a class=\"fusion-rollover-gallery\" href=\"https:\/\/www.constructivealps.net\/wp-content\/uploads\/2022\/04\/1klein_Ernas-Haus_2858_LudescherLutz-Architekten_Foto-E-Ludescher.jpg\" data-id=\"9786\" data-rel=\"iLightbox[gallery]\" data-title=\"Ernas Haus am Winderhof \u00a9 Elmar Ludescher\" data-caption=\"Ernas Haus am Winderhof \u00a9 Elmar Ludescher\">\n\t\t\t\t\t\tGallery\t\t\t\t\t<\/a>\n\t\t\t\t\t\t\t\t\t\t\t\t\t\t\n\t\t\n\t\t\t\t\t\t\t\t\t\t\t\t<h4 class=\"fusion-rollover-title\">\n\t\t\t\t\t<a class=\"fusion-rollover-title-link\" href=\"https:\/\/www.constructivealps.net\/sl\/ernas-haus-am-winderhof\/\">\n\t\t\t\t\t\tErnas Haus am Winderhof\t\t\t\t\t<\/a>\n\t\t\t\t<\/h4>\n\t\t\t\n\t\t\t\t\t\t\t\t\n\t\t\n\t\t\t\t\t\t<a class=\"fusion-link-wrapper\" href=\"https:\/\/www.constructivealps.net\/sl\/ernas-haus-am-winderhof\/\" aria-label=\"Ernas Haus am Winderhof\"><\/a>\n\t<\/div>\n<\/div>\n\n\t\n<\/div>\n<\/li>\n\t\t\t\n\t\t\t\n\t\t\t\t\t\t\t\t\t\t\t\t\t\t\t\t\t\t\t\t\t\t\t\t\t\t\t\t\t\t\t\t\t\t\t\t\t\t\t\t\t\t\t\t\t\t\t\t\t\t\t\t\t\t\t\t\t\t\t\t\t\t\t\t\t\t\t\t<\/ul>\n\t<\/div>\n\t<div class=\"fusion-post-content-wrapper\" style=\"padding:30px 25px 20px 25px;\"><div class=\"fusion-post-content post-content\"><h2 class=\"blog-shortcode-post-title entry-title\"><a href=\"https:\/\/www.constructivealps.net\/sl\/ernas-haus-am-winderhof\/\">Ernas Haus am Winderhof<\/a><\/h2><\/div><\/div><div class=\"fusion-clearfix\"><\/div><\/div>\n<\/article>\n<div class=\"fusion-clearfix\"><\/div><\/div><\/div><div class=\"fusion-text fusion-text-8\"><h3>Ljubljenec ob\u010dinstva<\/h3>\n<\/div><div class=\"fusion-blog-shortcode fusion-blog-shortcode-4 fusion-blog-archive fusion-blog-layout-grid-wrapper fusion-blog-no fusion-blog-layout-center\"><style type=\"text\/css\">.fusion-blog-shortcode-4 .fusion-blog-layout-grid .fusion-post-grid{padding:5px;}.fusion-blog-shortcode-4 .fusion-posts-container{margin-left: -5px !important; margin-right:-5px !important;}<\/style><div class=\"fusion-posts-container fusion-posts-container-no fusion-no-meta-info fusion-blog-rollover fusion-blog-layout-grid fusion-blog-layout-grid-4 isotope\" data-pages=\"1\" data-grid-col-space=\"10\" style=\"margin: -5px -5px 0;min-height:500px;\"><article id=\"blog-4-post-10200\" class=\"fusion-post-grid post-10200 post type-post status-publish format-standard has-post-thumbnail hentry category-nagrajenci-2022 category-projekti category-projekti22 tag-ljubljenec-obcinstva-22\">\n<div class=\"fusion-post-wrapper\" style=\"background-color:rgba(255,255,255,0);border:1px solid #ebeaea;border-bottom-width:3px;\">\n\n\t\t\t<div class=\"fusion-flexslider flexslider fusion-flexslider-loading fusion-post-slideshow\" style=\"border-color:#ebeaea;\">\n\t\t<ul class=\"slides\">\n\t\t\t\n\t\t\t\t\t\t\t\t\t\t\t\t\t\t<li>\n\n<div  class=\"fusion-image-wrapper\" aria-haspopup=\"true\">\n\t\n\t\n\t\n\t\t\n\t\t\t\t\t<img width=\"2000\" height=\"871\" src=\"https:\/\/www.constructivealps.net\/wp-content\/uploads\/2022\/04\/6klein_cut_Falkenhutte_Zugang-Personal_Schmid.jpg\" class=\"attachment-full size-full wp-post-image\" alt=\"Falkenh\u00fctte \u00a9 Architekturb\u00fcro Rainer Schmid\" srcset=\"https:\/\/www.constructivealps.net\/wp-content\/uploads\/2022\/04\/6klein_cut_Falkenhutte_Zugang-Personal_Schmid-200x87.jpg 200w, https:\/\/www.constructivealps.net\/wp-content\/uploads\/2022\/04\/6klein_cut_Falkenhutte_Zugang-Personal_Schmid-400x174.jpg 400w, https:\/\/www.constructivealps.net\/wp-content\/uploads\/2022\/04\/6klein_cut_Falkenhutte_Zugang-Personal_Schmid-600x261.jpg 600w, https:\/\/www.constructivealps.net\/wp-content\/uploads\/2022\/04\/6klein_cut_Falkenhutte_Zugang-Personal_Schmid-800x348.jpg 800w, https:\/\/www.constructivealps.net\/wp-content\/uploads\/2022\/04\/6klein_cut_Falkenhutte_Zugang-Personal_Schmid-1200x523.jpg 1200w, https:\/\/www.constructivealps.net\/wp-content\/uploads\/2022\/04\/6klein_cut_Falkenhutte_Zugang-Personal_Schmid.jpg 2000w\" sizes=\"(min-width: 1200px) 25vw, (min-width: 2200px) 100vw, (min-width: 1181px) 473px, (min-width: 1109px) 630px, (min-width: 1037px) 945px, (min-width: 965px) 1037px, \" \/>\n\t\n\n\t\t<div class=\"fusion-rollover\">\n\t<div class=\"fusion-rollover-content\">\n\n\t\t\t\t\t\t\t\t\t\t\t\t\t\t<a class=\"fusion-rollover-link\" href=\"https:\/\/www.constructivealps.net\/sl\/generalsanierung-falkenhutte\/\">Generalna prenova ko\u010de Falkenh\u00fctte<\/a>\n\t\t\t\n\t\t\t\t\t\t\t\t\t\t\t\t\t\t\n\t\t\t\t\t\t\t\t\n\t\t\t\t\t\t\t\t\t\t\t\t\t<div class=\"fusion-rollover-sep\"><\/div>\n\t\t\t\t\n\t\t\t\t\t\t\t\t\t\t\t\t\t\t\t\t\t\t<a class=\"fusion-rollover-gallery\" href=\"https:\/\/www.constructivealps.net\/wp-content\/uploads\/2022\/04\/6klein_cut_Falkenhutte_Zugang-Personal_Schmid.jpg\" data-id=\"10200\" data-rel=\"iLightbox[gallery]\" data-title=\"Falkenh\u00fctte \u00a9 Architekturb\u00fcro Rainer Schmid\" data-caption=\"Falkenh\u00fctte \u00a9 Architekturb\u00fcro Rainer Schmid\">\n\t\t\t\t\t\tGallery\t\t\t\t\t<\/a>\n\t\t\t\t\t\t\t\t\t\t\t\t\t\t\n\t\t\n\t\t\t\t\t\t\t\t\t\t\t\t<h4 class=\"fusion-rollover-title\">\n\t\t\t\t\t<a class=\"fusion-rollover-title-link\" href=\"https:\/\/www.constructivealps.net\/sl\/generalsanierung-falkenhutte\/\">\n\t\t\t\t\t\tGeneralna prenova ko\u010de Falkenh\u00fctte\t\t\t\t\t<\/a>\n\t\t\t\t<\/h4>\n\t\t\t\n\t\t\t\t\t\t\t\t\n\t\t\n\t\t\t\t\t\t<a class=\"fusion-link-wrapper\" href=\"https:\/\/www.constructivealps.net\/sl\/generalsanierung-falkenhutte\/\" aria-label=\"Generalna prenova ko\u010de Falkenh\u00fctte\"><\/a>\n\t<\/div>\n<\/div>\n\n\t\n<\/div>\n<\/li>\n\t\t\t\n\t\t\t\n\t\t\t\t\t\t\t\t\t\t\t\t\t\t\t\t\t\t\t\t\t\t\t\t\t\t\t\t\t\t\t\t\t\t\t\t\t\t\t\t\t\t\t\t\t\t\t\t\t\t\t\t\t\t\t\t\t\t\t\t\t\t\t\t\t\t\t\t<\/ul>\n\t<\/div>\n\t<div class=\"fusion-post-content-wrapper\" style=\"padding:30px 25px 20px 25px;\"><div class=\"fusion-post-content post-content\"><h2 class=\"blog-shortcode-post-title entry-title\"><a href=\"https:\/\/www.constructivealps.net\/sl\/generalsanierung-falkenhutte\/\">Generalna prenova ko\u010de Falkenh\u00fctte<\/a><\/h2><\/div><\/div><div class=\"fusion-clearfix\"><\/div><\/div>\n<\/article>\n<div class=\"fusion-clearfix\"><\/div><\/div><\/div><div class=\"fusion-clearfix\"><\/div><\/div><\/div><\/div><\/div>\n<\/p>\n","protected":false},"excerpt":{"rendered":"","protected":false},"author":1,"featured_media":0,"parent":0,"menu_order":0,"comment_status":"closed","ping_status":"closed","template":"100-width.php","meta":[],"yoast_head":"<!-- This site is optimized with the Yoast SEO plugin v16.1.1 - https:\/\/yoast.com\/wordpress\/plugins\/seo\/ -->\n<title>Nagrajenci 2022 | Constructive Alps<\/title>\n<link rel=\"canonical\" href=\"https:\/\/www.constructivealps.net\/sl\/nagrajenci-2022\/\" \/>\n<meta property=\"og:locale\" content=\"sl_SI\" \/>\n<meta property=\"og:type\" content=\"article\" \/>\n<meta property=\"og:title\" content=\"Nagrajenci 2022 | Constructive Alps\" \/>\n<meta property=\"og:url\" content=\"https:\/\/www.constructivealps.net\/sl\/nagrajenci-2022\/\" \/>\n<meta property=\"og:site_name\" content=\"Constructive Alps\" \/>\n<meta property=\"article:publisher\" content=\"https:\/\/web.facebook.com\/ConstructiveAlps\/\" \/>\n<meta property=\"article:modified_time\" content=\"2022-09-18T06:56:37+00:00\" \/>\n<meta name=\"twitter:card\" content=\"summary_large_image\" \/>\n<meta name=\"twitter:label1\" content=\"Est. reading time\">\n\t<meta name=\"twitter:data1\" content=\"5 minut\">\n<script type=\"application\/ld+json\" class=\"yoast-schema-graph\">{\"@context\":\"https:\/\/schema.org\",\"@graph\":[{\"@type\":\"Organization\",\"@id\":\"https:\/\/www.constructivealps.net\/#organization\",\"name\":\"Constructive Alps\",\"url\":\"https:\/\/www.constructivealps.net\/\",\"sameAs\":[\"https:\/\/web.facebook.com\/ConstructiveAlps\/\",\"https:\/\/instagram.com\/constructivealps\/\",\"https:\/\/www.pinterest.de\/ConstructiveA\/\"],\"logo\":{\"@type\":\"ImageObject\",\"@id\":\"https:\/\/www.constructivealps.net\/#logo\",\"inLanguage\":\"sl-SI\",\"url\":null,\"contentUrl\":null,\"width\":null,\"height\":null,\"caption\":\"Constructive Alps\"},\"image\":{\"@id\":\"https:\/\/www.constructivealps.net\/#logo\"}},{\"@type\":\"WebSite\",\"@id\":\"https:\/\/www.constructivealps.net\/#website\",\"url\":\"https:\/\/www.constructivealps.net\/\",\"name\":\"Constructive Alps\",\"description\":\"Internationaler Preis f\\u00fcr nachhaltiges Sanieren und Bauen in den Alpen\",\"publisher\":{\"@id\":\"https:\/\/www.constructivealps.net\/#organization\"},\"potentialAction\":[{\"@type\":\"SearchAction\",\"target\":\"https:\/\/www.constructivealps.net\/?s={search_term_string}\",\"query-input\":\"required name=search_term_string\"}],\"inLanguage\":\"sl-SI\"},{\"@type\":\"WebPage\",\"@id\":\"https:\/\/www.constructivealps.net\/sl\/nagrajenci-2022\/#webpage\",\"url\":\"https:\/\/www.constructivealps.net\/sl\/nagrajenci-2022\/\",\"name\":\"Nagrajenci 2022 | Constructive Alps\",\"isPartOf\":{\"@id\":\"https:\/\/www.constructivealps.net\/#website\"},\"datePublished\":\"2020-11-06T16:33:14+00:00\",\"dateModified\":\"2022-09-18T06:56:37+00:00\",\"breadcrumb\":{\"@id\":\"https:\/\/www.constructivealps.net\/sl\/nagrajenci-2022\/#breadcrumb\"},\"inLanguage\":\"sl-SI\",\"potentialAction\":[{\"@type\":\"ReadAction\",\"target\":[\"https:\/\/www.constructivealps.net\/sl\/nagrajenci-2022\/\"]}]},{\"@type\":\"BreadcrumbList\",\"@id\":\"https:\/\/www.constructivealps.net\/sl\/nagrajenci-2022\/#breadcrumb\",\"itemListElement\":[{\"@type\":\"ListItem\",\"position\":1,\"item\":{\"@type\":\"WebPage\",\"@id\":\"https:\/\/www.constructivealps.net\/sl\/\",\"url\":\"https:\/\/www.constructivealps.net\/sl\/\",\"name\":\"Startseite\"}},{\"@type\":\"ListItem\",\"position\":2,\"item\":{\"@type\":\"WebPage\",\"@id\":\"https:\/\/www.constructivealps.net\/sl\/nagrajenci-2022\/\",\"url\":\"https:\/\/www.constructivealps.net\/sl\/nagrajenci-2022\/\",\"name\":\"Nagrajenci 2022\"}}]}]}<\/script>\n<!-- \/ Yoast SEO plugin. -->","_links":{"self":[{"href":"https:\/\/www.constructivealps.net\/sl\/wp-json\/wp\/v2\/pages\/7383"}],"collection":[{"href":"https:\/\/www.constructivealps.net\/sl\/wp-json\/wp\/v2\/pages"}],"about":[{"href":"https:\/\/www.constructivealps.net\/sl\/wp-json\/wp\/v2\/types\/page"}],"author":[{"embeddable":true,"href":"https:\/\/www.constructivealps.net\/sl\/wp-json\/wp\/v2\/users\/1"}],"replies":[{"embeddable":true,"href":"https:\/\/www.constructivealps.net\/sl\/wp-json\/wp\/v2\/comments?post=7383"}],"version-history":[{"count":12,"href":"https:\/\/www.constructivealps.net\/sl\/wp-json\/wp\/v2\/pages\/7383\/revisions"}],"predecessor-version":[{"id":11277,"href":"https:\/\/www.constructivealps.net\/sl\/wp-json\/wp\/v2\/pages\/7383\/revisions\/11277"}],"wp:attachment":[{"href":"https:\/\/www.constructivealps.net\/sl\/wp-json\/wp\/v2\/media?parent=7383"}],"curies":[{"name":"wp","href":"https:\/\/api.w.org\/{rel}","templated":true}]}}